{"id":8092,"date":"2024-02-16T09:37:50","date_gmt":"2024-02-16T08:37:50","guid":{"rendered":"https:\/\/clinicavilaparc.es\/aesthetik-der-nase\/"},"modified":"2025-05-02T11:08:59","modified_gmt":"2025-05-02T09:08:59","slug":"aesthetik-der-nase","status":"publish","type":"page","link":"https:\/\/clinicavilaparc.es\/de\/aesthetische-medizin-ibiza\/gesichtsbehandlung\/nase\/","title":{"rendered":"\u00c4STHETIK DER NASE"},"content":{"rendered":"\t\t<div data-elementor-type=\"wp-page\" data-elementor-id=\"8092\" class=\"elementor elementor-8092 elementor-4331\" data-elementor-post-type=\"page\">\n\t\t\t\t<div class=\"elementor-element elementor-element-780e51a e-con-full e-flex e-con e-parent\" data-id=\"780e51a\" data-element_type=\"container\" data-e-type=\"container\">\n\t\t\t\t<div class=\"elementor-element elementor-element-cdaab2b elementor-widget elementor-widget-template\" data-id=\"cdaab2b\" data-element_type=\"widget\" data-e-type=\"widget\" data-widget_type=\"template.default\">\n\t\t\t\t<div class=\"elementor-widget-container\">\n\t\t\t\t\t\t\t<div class=\"elementor-template\">\n\t\t\t\t\t<div data-elementor-type=\"section\" data-elementor-id=\"8144\" class=\"elementor elementor-8144 elementor-7373 elementor-7373\" data-elementor-post-type=\"elementor_library\">\n\t\t\t<div class=\"elementor-element elementor-element-7cacb54 e-con-full elementor-hidden-tablet elementor-hidden-mobile e-flex e-con e-parent\" data-id=\"7cacb54\" data-element_type=\"container\" data-e-type=\"container\">\n\t\t<div class=\"elementor-element elementor-element-b3f8438 e-con-full e-flex e-con e-child\" data-id=\"b3f8438\" data-element_type=\"container\" data-e-type=\"container\">\n\t\t\t\t<div class=\"elementor-element elementor-element-8f2e8e8 elementor-widget elementor-widget-html\" data-id=\"8f2e8e8\" data-element_type=\"widget\" data-e-type=\"widget\" data-widget_type=\"html.default\">\n\t\t\t\t<div class=\"elementor-widget-container\">\n\t\t\t\t\t<script>\r\njQuery(document).ready(function($){\r\n    $('#link-medicina-estetica-corporal').hover(function(){\r\n            $('#header-tratamientos-faciales').addClass('contenido-oculto');\r\n            $('#header-medicina-estetica-corporal').removeClass('contenido-oculto');\r\n            $('#link-medicina-estetica-corporal').css(\"text-decoration\", \"underline\").css(\"text-underline-offset\", \"5px\");\r\n            $('#link-tratamientos-faciales').css(\"text-decoration\", \"none\").css(\"text-underline-offset\", \"0px\");\r\n    });\r\n    $('#link-tratamientos-faciales').hover(function(){\r\n            $('#header-medicina-estetica-corporal').addClass('contenido-oculto');\r\n            $('#header-tratamientos-faciales').removeClass('contenido-oculto');\r\n            $('#link-tratamientos-faciales').css(\"text-decoration\", \"underline\").css(\"text-underline-offset\", \"5px\");\r\n            $('#link-medicina-estetica-corporal').css(\"text-decoration\", \"none\").css(\"text-underline-offset\", \"0px\");\r\n    });\r\n});\r\n<\/script>\t\t\t\t<\/div>\n\t\t\t\t<\/div>\n\t\t<div class=\"elementor-element elementor-element-1378ea8 e-con-full e-flex e-con e-child\" data-id=\"1378ea8\" data-element_type=\"container\" data-e-type=\"container\">\n\t\t\t\t<div class=\"elementor-element elementor-element-e155afb elementor-widget__width-auto elementor-widget elementor-widget-heading\" data-id=\"e155afb\" data-element_type=\"widget\" data-e-type=\"widget\" id=\"link-tratamientos-faciales\" data-widget_type=\"heading.default\">\n\t\t\t\t<div class=\"elementor-widget-container\">\n\t\t\t\t\t<span class=\"elementor-heading-title elementor-size-default\"><a href=\"\/de\/aesthetische-medizin-ibiza\/gesichtsbehandlung\/\">GESICHTSBEHANDLUNGEN <i class=\"jet-dropdown-arrow fa fa-angle-down\"><\/i><\/a><\/span>\t\t\t\t<\/div>\n\t\t\t\t<\/div>\n\t\t\t\t<div class=\"elementor-element elementor-element-d2c6cf7 elementor-widget__width-auto elementor-widget elementor-widget-heading\" data-id=\"d2c6cf7\" data-element_type=\"widget\" data-e-type=\"widget\" id=\"link-medicina-estetica-corporal\" data-widget_type=\"heading.default\">\n\t\t\t\t<div class=\"elementor-widget-container\">\n\t\t\t\t\t<span class=\"elementor-heading-title elementor-size-default\"><a href=\"\/de\/aesthetische-medizin-ibiza\/koerper\/\">\u00c4STHETISCHE K\u00d6RPERMEDIZIN <i class=\"jet-dropdown-arrow fa fa-angle-down\"><\/i><\/a><\/span>\t\t\t\t<\/div>\n\t\t\t\t<\/div>\n\t\t\t\t<\/div>\n\t\t<div class=\"elementor-element elementor-element-6ac74ab e-con-full contenido-oculto e-flex e-con e-child\" data-id=\"6ac74ab\" data-element_type=\"container\" data-e-type=\"container\" id=\"header-tratamientos-faciales\" data-settings=\"{&quot;background_background&quot;:&quot;classic&quot;}\">\n\t\t\t\t<div class=\"elementor-element elementor-element-ceab141 elementor-widget__width-initial elementor-widget-mobile__width-inherit elementor-position-top elementor-widget elementor-widget-image-box\" data-id=\"ceab141\" data-element_type=\"widget\" data-e-type=\"widget\" data-widget_type=\"image-box.default\">\n\t\t\t\t<div class=\"elementor-widget-container\">\n\t\t\t\t\t<div class=\"elementor-image-box-wrapper\"><figure class=\"elementor-image-box-img\"><a href=\"\/de\/aesthetische-medizin-ibiza\/gesichtsbehandlung\/falten-entfernen\/\" tabindex=\"-1\"><img fetchpriority=\"high\" decoding=\"async\" width=\"513\" height=\"342\" src=\"https:\/\/clinicavilaparc.es\/wp-content\/uploads\/2024\/11\/eliminar-arrugas-ibiza2.jpg\" class=\"attachment-full size-full wp-image-7374\" alt=\"\" srcset=\"https:\/\/clinicavilaparc.es\/wp-content\/uploads\/2024\/11\/eliminar-arrugas-ibiza2.jpg 513w, https:\/\/clinicavilaparc.es\/wp-content\/uploads\/2024\/11\/eliminar-arrugas-ibiza2-300x200.jpg 300w\" sizes=\"(max-width: 513px) 100vw, 513px\" \/><\/a><\/figure><div class=\"elementor-image-box-content\"><p class=\"elementor-image-box-title\"><a href=\"\/de\/aesthetische-medizin-ibiza\/gesichtsbehandlung\/falten-entfernen\/\">Faltenentfernung<\/a><\/p><\/div><\/div>\t\t\t\t<\/div>\n\t\t\t\t<\/div>\n\t\t\t\t<div class=\"elementor-element elementor-element-519fa97 elementor-widget__width-initial elementor-widget-mobile__width-inherit elementor-position-top elementor-widget elementor-widget-image-box\" data-id=\"519fa97\" data-element_type=\"widget\" data-e-type=\"widget\" data-widget_type=\"image-box.default\">\n\t\t\t\t<div class=\"elementor-widget-container\">\n\t\t\t\t\t<div class=\"elementor-image-box-wrapper\"><figure class=\"elementor-image-box-img\"><a href=\"\/de\/aesthetische-medizin-ibiza\/gesichtsbehandlung\/hautflecken-entfernen\/\" tabindex=\"-1\"><img decoding=\"async\" width=\"513\" height=\"342\" src=\"https:\/\/clinicavilaparc.es\/wp-content\/uploads\/2024\/07\/manchas-piel-ibiza.jpg\" class=\"attachment-full size-full wp-image-4607\" alt=\"\" srcset=\"https:\/\/clinicavilaparc.es\/wp-content\/uploads\/2024\/07\/manchas-piel-ibiza.jpg 513w, https:\/\/clinicavilaparc.es\/wp-content\/uploads\/2024\/07\/manchas-piel-ibiza-300x200.jpg 300w\" sizes=\"(max-width: 513px) 100vw, 513px\" \/><\/a><\/figure><div class=\"elementor-image-box-content\"><p class=\"elementor-image-box-title\"><a href=\"\/de\/aesthetische-medizin-ibiza\/gesichtsbehandlung\/hautflecken-entfernen\/\">Hautflecken Entfernen<\/a><\/p><\/div><\/div>\t\t\t\t<\/div>\n\t\t\t\t<\/div>\n\t\t\t\t<div class=\"elementor-element elementor-element-2b7aa2a elementor-widget__width-initial elementor-widget-mobile__width-inherit elementor-position-top elementor-widget elementor-widget-image-box\" data-id=\"2b7aa2a\" data-element_type=\"widget\" data-e-type=\"widget\" data-widget_type=\"image-box.default\">\n\t\t\t\t<div class=\"elementor-widget-container\">\n\t\t\t\t\t<div class=\"elementor-image-box-wrapper\"><figure class=\"elementor-image-box-img\"><a href=\"\/de\/aesthetische-medizin-ibiza\/gesichtsbehandlung\/lippenvergroesserung\/\" tabindex=\"-1\"><img decoding=\"async\" width=\"513\" height=\"342\" src=\"https:\/\/clinicavilaparc.es\/wp-content\/uploads\/2024\/07\/aumento-labios-ibiza3.jpg\" class=\"attachment-full size-full wp-image-5015\" alt=\"\" srcset=\"https:\/\/clinicavilaparc.es\/wp-content\/uploads\/2024\/07\/aumento-labios-ibiza3.jpg 513w, https:\/\/clinicavilaparc.es\/wp-content\/uploads\/2024\/07\/aumento-labios-ibiza3-300x200.jpg 300w\" sizes=\"(max-width: 513px) 100vw, 513px\" \/><\/a><\/figure><div class=\"elementor-image-box-content\"><p class=\"elementor-image-box-title\"><a href=\"\/de\/aesthetische-medizin-ibiza\/gesichtsbehandlung\/lippenvergroesserung\/\">Lippenvergr\u00f6\u00dferung<\/a><\/p><\/div><\/div>\t\t\t\t<\/div>\n\t\t\t\t<\/div>\n\t\t\t\t<div class=\"elementor-element elementor-element-5b5cc6a elementor-widget__width-initial elementor-widget-mobile__width-inherit elementor-position-top elementor-widget elementor-widget-image-box\" data-id=\"5b5cc6a\" data-element_type=\"widget\" data-e-type=\"widget\" data-widget_type=\"image-box.default\">\n\t\t\t\t<div class=\"elementor-widget-container\">\n\t\t\t\t\t<div class=\"elementor-image-box-wrapper\"><figure class=\"elementor-image-box-img\"><a href=\"\/de\/aesthetische-medizin-ibiza\/gesichtsbehandlung\/nase\/\" tabindex=\"-1\"><img loading=\"lazy\" decoding=\"async\" width=\"513\" height=\"342\" src=\"https:\/\/clinicavilaparc.es\/wp-content\/uploads\/2024\/07\/estetica-nariz-ibiza.jpg\" class=\"attachment-full size-full wp-image-5019\" alt=\"\" srcset=\"https:\/\/clinicavilaparc.es\/wp-content\/uploads\/2024\/07\/estetica-nariz-ibiza.jpg 513w, https:\/\/clinicavilaparc.es\/wp-content\/uploads\/2024\/07\/estetica-nariz-ibiza-300x200.jpg 300w\" sizes=\"(max-width: 513px) 100vw, 513px\" \/><\/a><\/figure><div class=\"elementor-image-box-content\"><p class=\"elementor-image-box-title\"><a href=\"\/de\/aesthetische-medizin-ibiza\/gesichtsbehandlung\/nase\/\">\u00c4STHETIK DER NASE<\/a><\/p><\/div><\/div>\t\t\t\t<\/div>\n\t\t\t\t<\/div>\n\t\t\t\t<div class=\"elementor-element elementor-element-f299a41 elementor-widget__width-initial elementor-widget-mobile__width-inherit elementor-position-top elementor-widget elementor-widget-image-box\" data-id=\"f299a41\" data-element_type=\"widget\" data-e-type=\"widget\" data-widget_type=\"image-box.default\">\n\t\t\t\t<div class=\"elementor-widget-container\">\n\t\t\t\t\t<div class=\"elementor-image-box-wrapper\"><figure class=\"elementor-image-box-img\"><a href=\"\/de\/aesthetische-medizin-ibiza\/gesichtsbehandlung\/fett-am-hals-entfernen\/\" tabindex=\"-1\"><img loading=\"lazy\" decoding=\"async\" width=\"513\" height=\"342\" src=\"https:\/\/clinicavilaparc.es\/wp-content\/uploads\/2024\/07\/grasa-cuello-ibiza.jpg\" class=\"attachment-full size-full wp-image-5188\" alt=\"\" srcset=\"https:\/\/clinicavilaparc.es\/wp-content\/uploads\/2024\/07\/grasa-cuello-ibiza.jpg 513w, https:\/\/clinicavilaparc.es\/wp-content\/uploads\/2024\/07\/grasa-cuello-ibiza-300x200.jpg 300w\" sizes=\"(max-width: 513px) 100vw, 513px\" \/><\/a><\/figure><div class=\"elementor-image-box-content\"><p class=\"elementor-image-box-title\"><a href=\"\/de\/aesthetische-medizin-ibiza\/gesichtsbehandlung\/fett-am-hals-entfernen\/\">Fettentfernung Am Hals<\/a><\/p><\/div><\/div>\t\t\t\t<\/div>\n\t\t\t\t<\/div>\n\t\t\t\t<div class=\"elementor-element elementor-element-2bedf49 elementor-widget__width-initial elementor-widget-mobile__width-inherit elementor-position-top elementor-widget elementor-widget-image-box\" data-id=\"2bedf49\" data-element_type=\"widget\" data-e-type=\"widget\" data-widget_type=\"image-box.default\">\n\t\t\t\t<div class=\"elementor-widget-container\">\n\t\t\t\t\t<div class=\"elementor-image-box-wrapper\"><figure class=\"elementor-image-box-img\"><a href=\"\/de\/aesthetische-medizin-ibiza\/gesichtsbehandlung\/hydratation\/\" tabindex=\"-1\"><img loading=\"lazy\" decoding=\"async\" width=\"513\" height=\"342\" src=\"https:\/\/clinicavilaparc.es\/wp-content\/uploads\/2024\/07\/hidratacion-facial-ibiza.jpg\" class=\"attachment-full size-full wp-image-5027\" alt=\"\" srcset=\"https:\/\/clinicavilaparc.es\/wp-content\/uploads\/2024\/07\/hidratacion-facial-ibiza.jpg 513w, https:\/\/clinicavilaparc.es\/wp-content\/uploads\/2024\/07\/hidratacion-facial-ibiza-300x200.jpg 300w\" sizes=\"(max-width: 513px) 100vw, 513px\" \/><\/a><\/figure><div class=\"elementor-image-box-content\"><p class=\"elementor-image-box-title\"><a href=\"\/de\/aesthetische-medizin-ibiza\/gesichtsbehandlung\/hydratation\/\">Gesichtshydratation<\/a><\/p><\/div><\/div>\t\t\t\t<\/div>\n\t\t\t\t<\/div>\n\t\t\t\t<div class=\"elementor-element elementor-element-d998f69 elementor-widget__width-initial elementor-widget-mobile__width-inherit elementor-position-top elementor-widget elementor-widget-image-box\" data-id=\"d998f69\" data-element_type=\"widget\" data-e-type=\"widget\" data-widget_type=\"image-box.default\">\n\t\t\t\t<div class=\"elementor-widget-container\">\n\t\t\t\t\t<div class=\"elementor-image-box-wrapper\"><figure class=\"elementor-image-box-img\"><a href=\"\/de\/aesthetische-medizin-ibiza\/gesichtsbehandlung\/gesichtsverjungung\/\" tabindex=\"-1\"><img loading=\"lazy\" decoding=\"async\" width=\"513\" height=\"342\" src=\"https:\/\/clinicavilaparc.es\/wp-content\/uploads\/2024\/07\/rejuvenecimiento-facial-ibiza.jpg\" class=\"attachment-full size-full wp-image-5031\" alt=\"\" srcset=\"https:\/\/clinicavilaparc.es\/wp-content\/uploads\/2024\/07\/rejuvenecimiento-facial-ibiza.jpg 513w, https:\/\/clinicavilaparc.es\/wp-content\/uploads\/2024\/07\/rejuvenecimiento-facial-ibiza-300x200.jpg 300w\" sizes=\"(max-width: 513px) 100vw, 513px\" \/><\/a><\/figure><div class=\"elementor-image-box-content\"><p class=\"elementor-image-box-title\"><a href=\"\/de\/aesthetische-medizin-ibiza\/gesichtsbehandlung\/gesichtsverjungung\/\">gesichtsverj\u00fcngung <\/a><\/p><\/div><\/div>\t\t\t\t<\/div>\n\t\t\t\t<\/div>\n\t\t\t\t<div class=\"elementor-element elementor-element-b925d06 elementor-widget__width-initial elementor-widget-mobile__width-inherit elementor-position-top elementor-widget elementor-widget-image-box\" data-id=\"b925d06\" data-element_type=\"widget\" data-e-type=\"widget\" data-widget_type=\"image-box.default\">\n\t\t\t\t<div class=\"elementor-widget-container\">\n\t\t\t\t\t<div class=\"elementor-image-box-wrapper\"><figure class=\"elementor-image-box-img\"><a href=\"\/de\/aesthetische-medizin-ibiza\/gesichtsbehandlun\/aknebehandlungeng\/\" tabindex=\"-1\"><img loading=\"lazy\" decoding=\"async\" width=\"513\" height=\"342\" src=\"https:\/\/clinicavilaparc.es\/wp-content\/uploads\/2024\/07\/acne-ibiza.jpg\" class=\"attachment-full size-full wp-image-5035\" alt=\"\" srcset=\"https:\/\/clinicavilaparc.es\/wp-content\/uploads\/2024\/07\/acne-ibiza.jpg 513w, https:\/\/clinicavilaparc.es\/wp-content\/uploads\/2024\/07\/acne-ibiza-300x200.jpg 300w\" sizes=\"(max-width: 513px) 100vw, 513px\" \/><\/a><\/figure><div class=\"elementor-image-box-content\"><p class=\"elementor-image-box-title\"><a href=\"\/de\/aesthetische-medizin-ibiza\/gesichtsbehandlun\/aknebehandlungeng\/\">Aknebehandlungeng<\/a><\/p><\/div><\/div>\t\t\t\t<\/div>\n\t\t\t\t<\/div>\n\t\t\t\t<\/div>\n\t\t<div class=\"elementor-element elementor-element-648c009 e-con-full contenido-oculto e-flex e-con e-child\" data-id=\"648c009\" data-element_type=\"container\" data-e-type=\"container\" id=\"header-medicina-estetica-corporal\" data-settings=\"{&quot;background_background&quot;:&quot;classic&quot;}\">\n\t\t\t\t<div class=\"elementor-element elementor-element-934a93d elementor-position-top elementor-widget elementor-widget-image-box\" data-id=\"934a93d\" data-element_type=\"widget\" data-e-type=\"widget\" data-widget_type=\"image-box.default\">\n\t\t\t\t<div class=\"elementor-widget-container\">\n\t\t\t\t\t<div class=\"elementor-image-box-wrapper\"><figure class=\"elementor-image-box-img\"><a href=\"\/de\/aesthetische-medizin-ibiza\/koerper\/volumen-reduzierung\/\" tabindex=\"-1\"><img loading=\"lazy\" decoding=\"async\" width=\"513\" height=\"342\" src=\"https:\/\/clinicavilaparc.es\/wp-content\/uploads\/2024\/07\/bajar-volumen-ibiza-1.jpg\" class=\"attachment-full size-full wp-image-5288\" alt=\"\" srcset=\"https:\/\/clinicavilaparc.es\/wp-content\/uploads\/2024\/07\/bajar-volumen-ibiza-1.jpg 513w, https:\/\/clinicavilaparc.es\/wp-content\/uploads\/2024\/07\/bajar-volumen-ibiza-1-300x200.jpg 300w\" sizes=\"(max-width: 513px) 100vw, 513px\" \/><\/a><\/figure><div class=\"elementor-image-box-content\"><p class=\"elementor-image-box-title\"><a href=\"\/de\/aesthetische-medizin-ibiza\/koerper\/volumen-reduzierung\/\">Lautst\u00e4rke verringern<\/a><\/p><\/div><\/div>\t\t\t\t<\/div>\n\t\t\t\t<\/div>\n\t\t\t\t<div class=\"elementor-element elementor-element-0c515cb elementor-position-top elementor-widget elementor-widget-image-box\" data-id=\"0c515cb\" data-element_type=\"widget\" data-e-type=\"widget\" data-widget_type=\"image-box.default\">\n\t\t\t\t<div class=\"elementor-widget-container\">\n\t\t\t\t\t<div class=\"elementor-image-box-wrapper\"><figure class=\"elementor-image-box-img\"><a href=\"\/de\/aesthetische-medizin-ibiza\/koerper\/krampfadern-entfernen\/\" tabindex=\"-1\"><img loading=\"lazy\" decoding=\"async\" width=\"513\" height=\"342\" src=\"https:\/\/clinicavilaparc.es\/wp-content\/uploads\/2024\/07\/eliminar-varices-ibiza.jpg\" class=\"attachment-full size-full wp-image-5292\" alt=\"\" srcset=\"https:\/\/clinicavilaparc.es\/wp-content\/uploads\/2024\/07\/eliminar-varices-ibiza.jpg 513w, https:\/\/clinicavilaparc.es\/wp-content\/uploads\/2024\/07\/eliminar-varices-ibiza-300x200.jpg 300w\" sizes=\"(max-width: 513px) 100vw, 513px\" \/><\/a><\/figure><div class=\"elementor-image-box-content\"><p class=\"elementor-image-box-title\"><a href=\"\/de\/aesthetische-medizin-ibiza\/koerper\/krampfadern-entfernen\/\">Entfernung Von Krampfadern<\/a><\/p><\/div><\/div>\t\t\t\t<\/div>\n\t\t\t\t<\/div>\n\t\t\t\t<div class=\"elementor-element elementor-element-b7a5e5b elementor-position-top elementor-widget elementor-widget-image-box\" data-id=\"b7a5e5b\" data-element_type=\"widget\" data-e-type=\"widget\" data-widget_type=\"image-box.default\">\n\t\t\t\t<div class=\"elementor-widget-container\">\n\t\t\t\t\t<div class=\"elementor-image-box-wrapper\"><figure class=\"elementor-image-box-img\"><a href=\"\/de\/aesthetische-medizin-ibiza\/koerper\/warzen-entfernen\/\" tabindex=\"-1\"><img loading=\"lazy\" decoding=\"async\" width=\"513\" height=\"342\" src=\"https:\/\/clinicavilaparc.es\/wp-content\/uploads\/2024\/11\/eliminar-verrugas-corporal-ibiza.jpg\" class=\"attachment-full size-full wp-image-7375\" alt=\"\" srcset=\"https:\/\/clinicavilaparc.es\/wp-content\/uploads\/2024\/11\/eliminar-verrugas-corporal-ibiza.jpg 513w, https:\/\/clinicavilaparc.es\/wp-content\/uploads\/2024\/11\/eliminar-verrugas-corporal-ibiza-300x200.jpg 300w\" sizes=\"(max-width: 513px) 100vw, 513px\" \/><\/a><\/figure><div class=\"elementor-image-box-content\"><p class=\"elementor-image-box-title\"><a href=\"\/de\/aesthetische-medizin-ibiza\/koerper\/warzen-entfernen\/\">Warzenentfernung<\/a><\/p><\/div><\/div>\t\t\t\t<\/div>\n\t\t\t\t<\/div>\n\t\t\t\t<div class=\"elementor-element elementor-element-d664285 elementor-position-top elementor-widget elementor-widget-image-box\" data-id=\"d664285\" data-element_type=\"widget\" data-e-type=\"widget\" data-widget_type=\"image-box.default\">\n\t\t\t\t<div class=\"elementor-widget-container\">\n\t\t\t\t\t<div class=\"elementor-image-box-wrapper\"><figure class=\"elementor-image-box-img\"><a href=\"\/de\/aesthetische-medizin-ibiza\/koerper\/schlaffheit\/\" tabindex=\"-1\"><img loading=\"lazy\" decoding=\"async\" width=\"513\" height=\"342\" src=\"https:\/\/clinicavilaparc.es\/wp-content\/uploads\/2024\/07\/flacidez-corportal-1.jpg\" class=\"attachment-full size-full wp-image-5296\" alt=\"\" srcset=\"https:\/\/clinicavilaparc.es\/wp-content\/uploads\/2024\/07\/flacidez-corportal-1.jpg 513w, https:\/\/clinicavilaparc.es\/wp-content\/uploads\/2024\/07\/flacidez-corportal-1-300x200.jpg 300w\" sizes=\"(max-width: 513px) 100vw, 513px\" \/><\/a><\/figure><div class=\"elementor-image-box-content\"><p class=\"elementor-image-box-title\"><a href=\"\/de\/aesthetische-medizin-ibiza\/koerper\/schlaffheit\/\">Schlaffer K\u00f6rper Behandlung<\/a><\/p><\/div><\/div>\t\t\t\t<\/div>\n\t\t\t\t<\/div>\n\t\t\t\t<div class=\"elementor-element elementor-element-2e86690 elementor-position-top elementor-widget elementor-widget-image-box\" data-id=\"2e86690\" data-element_type=\"widget\" data-e-type=\"widget\" data-widget_type=\"image-box.default\">\n\t\t\t\t<div class=\"elementor-widget-container\">\n\t\t\t\t\t<div class=\"elementor-image-box-wrapper\"><figure class=\"elementor-image-box-img\"><a href=\"\/de\/aesthetische-medizin-ibiza\/koerper\/lokales-fett\/\" tabindex=\"-1\"><img loading=\"lazy\" decoding=\"async\" width=\"513\" height=\"342\" src=\"https:\/\/clinicavilaparc.es\/wp-content\/uploads\/2024\/07\/grasa-localizada-ibiza.jpg\" class=\"attachment-full size-full wp-image-5300\" alt=\"\" srcset=\"https:\/\/clinicavilaparc.es\/wp-content\/uploads\/2024\/07\/grasa-localizada-ibiza.jpg 513w, https:\/\/clinicavilaparc.es\/wp-content\/uploads\/2024\/07\/grasa-localizada-ibiza-300x200.jpg 300w\" sizes=\"(max-width: 513px) 100vw, 513px\" \/><\/a><\/figure><div class=\"elementor-image-box-content\"><p class=\"elementor-image-box-title\"><a href=\"\/de\/aesthetische-medizin-ibiza\/koerper\/lokales-fett\/\">Fettansammlungen<\/a><\/p><\/div><\/div>\t\t\t\t<\/div>\n\t\t\t\t<\/div>\n\t\t\t\t<div class=\"elementor-element elementor-element-3907b4c elementor-position-top elementor-widget elementor-widget-image-box\" data-id=\"3907b4c\" data-element_type=\"widget\" data-e-type=\"widget\" data-widget_type=\"image-box.default\">\n\t\t\t\t<div class=\"elementor-widget-container\">\n\t\t\t\t\t<div class=\"elementor-image-box-wrapper\"><figure class=\"elementor-image-box-img\"><a href=\"\/de\/aesthetische-medizin-ibiza\/koerper\/ausschnittsverjungung\/\" tabindex=\"-1\"><img loading=\"lazy\" decoding=\"async\" width=\"513\" height=\"342\" src=\"https:\/\/clinicavilaparc.es\/wp-content\/uploads\/2024\/07\/rejuvenecimiento-escote-ibiza-1.jpg\" class=\"attachment-full size-full wp-image-5304\" alt=\"\" srcset=\"https:\/\/clinicavilaparc.es\/wp-content\/uploads\/2024\/07\/rejuvenecimiento-escote-ibiza-1.jpg 513w, https:\/\/clinicavilaparc.es\/wp-content\/uploads\/2024\/07\/rejuvenecimiento-escote-ibiza-1-300x200.jpg 300w\" sizes=\"(max-width: 513px) 100vw, 513px\" \/><\/a><\/figure><div class=\"elementor-image-box-content\"><p class=\"elementor-image-box-title\"><a href=\"\/de\/aesthetische-medizin-ibiza\/koerper\/ausschnittsverjungung\/\">Ausschnittsverjungung<\/a><\/p><\/div><\/div>\t\t\t\t<\/div>\n\t\t\t\t<\/div>\n\t\t\t\t<div class=\"elementor-element elementor-element-21987c8 elementor-position-top elementor-widget elementor-widget-image-box\" data-id=\"21987c8\" data-element_type=\"widget\" data-e-type=\"widget\" data-widget_type=\"image-box.default\">\n\t\t\t\t<div class=\"elementor-widget-container\">\n\t\t\t\t\t<div class=\"elementor-image-box-wrapper\"><figure class=\"elementor-image-box-img\"><a href=\"\/de\/aesthetische-medizin-ibiza\/koerper\/uebergewicht\/\" tabindex=\"-1\"><img loading=\"lazy\" decoding=\"async\" width=\"513\" height=\"342\" src=\"https:\/\/clinicavilaparc.es\/wp-content\/uploads\/2024\/07\/sobrepeso-ibiza-1.jpg\" class=\"attachment-full size-full wp-image-5308\" alt=\"\" srcset=\"https:\/\/clinicavilaparc.es\/wp-content\/uploads\/2024\/07\/sobrepeso-ibiza-1.jpg 513w, https:\/\/clinicavilaparc.es\/wp-content\/uploads\/2024\/07\/sobrepeso-ibiza-1-300x200.jpg 300w\" sizes=\"(max-width: 513px) 100vw, 513px\" \/><\/a><\/figure><div class=\"elementor-image-box-content\"><p class=\"elementor-image-box-title\"><a href=\"\/de\/aesthetische-medizin-ibiza\/koerper\/uebergewicht\/\">\u00dcbergewichtsbehandlung<\/a><\/p><\/div><\/div>\t\t\t\t<\/div>\n\t\t\t\t<\/div>\n\t\t\t\t<div class=\"elementor-element elementor-element-0034edf elementor-position-top elementor-widget elementor-widget-image-box\" data-id=\"0034edf\" data-element_type=\"widget\" data-e-type=\"widget\" data-widget_type=\"image-box.default\">\n\t\t\t\t<div class=\"elementor-widget-container\">\n\t\t\t\t\t<div class=\"elementor-image-box-wrapper\"><figure class=\"elementor-image-box-img\"><a href=\"\/de\/aesthetische-medizin-ibiza\/koerper\/cellulite-entfernen\/\" tabindex=\"-1\"><img loading=\"lazy\" decoding=\"async\" width=\"513\" height=\"342\" src=\"https:\/\/clinicavilaparc.es\/wp-content\/uploads\/2024\/08\/eliminar-celulitis-ibiza.jpg\" class=\"attachment-full size-full wp-image-5324\" alt=\"\" srcset=\"https:\/\/clinicavilaparc.es\/wp-content\/uploads\/2024\/08\/eliminar-celulitis-ibiza.jpg 513w, https:\/\/clinicavilaparc.es\/wp-content\/uploads\/2024\/08\/eliminar-celulitis-ibiza-300x200.jpg 300w\" sizes=\"(max-width: 513px) 100vw, 513px\" \/><\/a><\/figure><div class=\"elementor-image-box-content\"><p class=\"elementor-image-box-title\"><a href=\"\/de\/aesthetische-medizin-ibiza\/koerper\/cellulite-entfernen\/\">Behandlungen Zur Zellulitisentfernung<\/a><\/p><\/div><\/div>\t\t\t\t<\/div>\n\t\t\t\t<\/div>\n\t\t\t\t<div class=\"elementor-element elementor-element-bf29292 elementor-position-top elementor-widget elementor-widget-image-box\" data-id=\"bf29292\" data-element_type=\"widget\" data-e-type=\"widget\" data-widget_type=\"image-box.default\">\n\t\t\t\t<div class=\"elementor-widget-container\">\n\t\t\t\t\t<div class=\"elementor-image-box-wrapper\"><figure class=\"elementor-image-box-img\"><a href=\"\/de\/aesthetische-medizin-ibiza\/koerper\/laser-haarentfernung\/\" tabindex=\"-1\"><img loading=\"lazy\" decoding=\"async\" width=\"513\" height=\"342\" src=\"https:\/\/clinicavilaparc.es\/wp-content\/uploads\/2024\/08\/depilacion-laser-ibiza.jpg\" class=\"attachment-full size-full wp-image-5328\" alt=\"\" srcset=\"https:\/\/clinicavilaparc.es\/wp-content\/uploads\/2024\/08\/depilacion-laser-ibiza.jpg 513w, https:\/\/clinicavilaparc.es\/wp-content\/uploads\/2024\/08\/depilacion-laser-ibiza-300x200.jpg 300w\" sizes=\"(max-width: 513px) 100vw, 513px\" \/><\/a><\/figure><div class=\"elementor-image-box-content\"><p class=\"elementor-image-box-title\"><a href=\"\/de\/aesthetische-medizin-ibiza\/koerper\/laser-haarentfernung\/\">Laserdepilation F\u00fcr Frauen<\/a><\/p><\/div><\/div>\t\t\t\t<\/div>\n\t\t\t\t<\/div>\n\t\t\t\t<\/div>\n\t\t\t\t<\/div>\n\t\t\t\t<\/div>\n\t\t\t\t<\/div>\n\t\t\t\t<\/div>\n\t\t\t\t\t\t<\/div>\n\t\t\t\t<\/div>\n\t\t\t\t<\/div>\n\t\t<div class=\"elementor-element elementor-element-504b5a64 e-flex e-con-boxed e-con e-parent\" data-id=\"504b5a64\" data-element_type=\"container\" data-e-type=\"container\" data-settings=\"{&quot;background_background&quot;:&quot;classic&quot;}\">\n\t\t\t\t\t<div class=\"e-con-inner\">\n\t\t<div class=\"elementor-element elementor-element-40df903b e-con-full e-flex e-con e-child\" data-id=\"40df903b\" data-element_type=\"container\" data-e-type=\"container\">\n\t\t\t\t<div class=\"elementor-element elementor-element-796a75a7 elementor-widget elementor-widget-heading\" data-id=\"796a75a7\" data-element_type=\"widget\" data-e-type=\"widget\" data-widget_type=\"heading.default\">\n\t\t\t\t<div class=\"elementor-widget-container\">\n\t\t\t\t\t<h1 class=\"elementor-heading-title elementor-size-default\">\u00c4STHETIK DER NASE<\/h1>\t\t\t\t<\/div>\n\t\t\t\t<\/div>\n\t\t\t\t<div class=\"elementor-element elementor-element-a6b0c4a elementor-widget-divider--view-line elementor-invisible elementor-widget elementor-widget-divider\" data-id=\"a6b0c4a\" data-element_type=\"widget\" data-e-type=\"widget\" data-settings=\"{&quot;_animation&quot;:&quot;bounceInLeft&quot;}\" data-widget_type=\"divider.default\">\n\t\t\t\t<div class=\"elementor-widget-container\">\n\t\t\t\t\t\t\t<div class=\"elementor-divider\">\n\t\t\t<span class=\"elementor-divider-separator\">\n\t\t\t\t\t\t<\/span>\n\t\t<\/div>\n\t\t\t\t\t\t<\/div>\n\t\t\t\t<\/div>\n\t\t\t\t<div class=\"elementor-element elementor-element-e320c7c elementor-widget elementor-widget-template\" data-id=\"e320c7c\" data-element_type=\"widget\" data-e-type=\"widget\" data-widget_type=\"template.default\">\n\t\t\t\t<div class=\"elementor-widget-container\">\n\t\t\t\t\t\t\t<div class=\"elementor-template\">\n\t\t\t\t\t<div data-elementor-type=\"section\" data-elementor-id=\"10309\" class=\"elementor elementor-10309 elementor-10163 elementor-10163\" data-elementor-post-type=\"elementor_library\">\n\t\t\t<div class=\"elementor-element elementor-element-59d29fd e-con-full e-flex e-con e-child\" data-id=\"59d29fd\" data-element_type=\"container\" data-e-type=\"container\">\n\t\t<div class=\"elementor-element elementor-element-fb09c87 e-con-full e-flex e-con e-child\" data-id=\"fb09c87\" data-element_type=\"container\" data-e-type=\"container\" data-settings=\"{&quot;background_background&quot;:&quot;gradient&quot;}\">\n\t\t\t\t<div class=\"elementor-element elementor-element-3fe6c33 elementor-widget elementor-widget-heading\" data-id=\"3fe6c33\" data-element_type=\"widget\" data-e-type=\"widget\" data-widget_type=\"heading.default\">\n\t\t\t\t<div class=\"elementor-widget-container\">\n\t\t\t\t\t<h3 class=\"elementor-heading-title elementor-size-default\">Termintelefon<\/h3>\t\t\t\t<\/div>\n\t\t\t\t<\/div>\n\t\t\t\t<div class=\"elementor-element elementor-element-843c088 elementor-position-inline-start elementor-view-stacked elementor-shape-circle elementor-mobile-position-block-start elementor-widget elementor-widget-icon-box\" data-id=\"843c088\" data-element_type=\"widget\" data-e-type=\"widget\" data-widget_type=\"icon-box.default\">\n\t\t\t\t<div class=\"elementor-widget-container\">\n\t\t\t\t\t\t\t<div class=\"elementor-icon-box-wrapper\">\n\n\t\t\t\t\t\t<div class=\"elementor-icon-box-icon\">\n\t\t\t\t<a href=\"tel:+34971302354\" class=\"elementor-icon\" tabindex=\"-1\" aria-label=\"971 30 23 54\">\n\t\t\t\t<i aria-hidden=\"true\" class=\"fas fa-phone\"><\/i>\t\t\t\t<\/a>\n\t\t\t<\/div>\n\t\t\t\n\t\t\t\t\t\t<div class=\"elementor-icon-box-content\">\n\n\t\t\t\t\t\t\t\t\t<h4 class=\"elementor-icon-box-title\">\n\t\t\t\t\t\t<a href=\"tel:+34971302354\" >\n\t\t\t\t\t\t\t971 30 23 54\t\t\t\t\t\t<\/a>\n\t\t\t\t\t<\/h4>\n\t\t\t\t\n\t\t\t\t\n\t\t\t<\/div>\n\t\t\t\n\t\t<\/div>\n\t\t\t\t\t\t<\/div>\n\t\t\t\t<\/div>\n\t\t\t\t<div class=\"elementor-element elementor-element-c1d42ef elementor-align-center elementor-widget elementor-widget-button\" data-id=\"c1d42ef\" data-element_type=\"widget\" data-e-type=\"widget\" data-widget_type=\"button.default\">\n\t\t\t\t<div class=\"elementor-widget-container\">\n\t\t\t\t\t\t\t\t\t<div class=\"elementor-button-wrapper\">\n\t\t\t\t\t<a class=\"elementor-button elementor-button-link elementor-size-sm\" href=\"https:\/\/portalpaciente.grupopoliclinica.es:4443\/\" target=\"_blank\" rel=\"noopener\">\n\t\t\t\t\t\t<span class=\"elementor-button-content-wrapper\">\n\t\t\t\t\t\t\t\t\t<span class=\"elementor-button-text\">Patientenportal<\/span>\n\t\t\t\t\t<\/span>\n\t\t\t\t\t<\/a>\n\t\t\t\t<\/div>\n\t\t\t\t\t\t\t\t<\/div>\n\t\t\t\t<\/div>\n\t\t\t\t<\/div>\n\t\t<div class=\"elementor-element elementor-element-55f3b42 e-con-full e-flex e-con e-child\" data-id=\"55f3b42\" data-element_type=\"container\" data-e-type=\"container\" data-settings=\"{&quot;background_background&quot;:&quot;classic&quot;}\">\n\t\t\t\t<div class=\"elementor-element elementor-element-e1969ae elementor-widget elementor-widget-heading\" data-id=\"e1969ae\" data-element_type=\"widget\" data-e-type=\"widget\" data-widget_type=\"heading.default\">\n\t\t\t\t<div class=\"elementor-widget-container\">\n\t\t\t\t\t<h2 class=\"elementor-heading-title elementor-size-default\">Vila Parc Schedule<\/h2>\t\t\t\t<\/div>\n\t\t\t\t<\/div>\n\t\t<div class=\"elementor-element elementor-element-1f43ed5 elementor-hidden-tablet e-con-full e-flex e-con e-child\" data-id=\"1f43ed5\" data-element_type=\"container\" data-e-type=\"container\" data-settings=\"{&quot;background_background&quot;:&quot;classic&quot;}\">\n\t\t<div class=\"elementor-element elementor-element-9be752c e-con-full e-flex e-con e-child\" data-id=\"9be752c\" data-element_type=\"container\" data-e-type=\"container\">\n\t\t\t\t<div class=\"elementor-element elementor-element-8f6d6e1 elementor-widget elementor-widget-text-editor\" data-id=\"8f6d6e1\" data-element_type=\"widget\" data-e-type=\"widget\" data-widget_type=\"text-editor.default\">\n\t\t\t\t<div class=\"elementor-widget-container\">\n\t\t\t\t\t\t\t\t\t<p>Montag bis Freitag<\/p>\t\t\t\t\t\t\t\t<\/div>\n\t\t\t\t<\/div>\n\t\t\t\t<div class=\"elementor-element elementor-element-3c0b7c5 elementor-widget elementor-widget-text-editor\" data-id=\"3c0b7c5\" data-element_type=\"widget\" data-e-type=\"widget\" data-widget_type=\"text-editor.default\">\n\t\t\t\t<div class=\"elementor-widget-container\">\n\t\t\t\t\t\t\t\t\t<p>Saturday<\/p>\t\t\t\t\t\t\t\t<\/div>\n\t\t\t\t<\/div>\n\t\t\t\t<div class=\"elementor-element elementor-element-577b43c elementor-widget elementor-widget-text-editor\" data-id=\"577b43c\" data-element_type=\"widget\" data-e-type=\"widget\" data-widget_type=\"text-editor.default\">\n\t\t\t\t<div class=\"elementor-widget-container\">\n\t\t\t\t\t\t\t\t\t<p>Sunday<\/p>\n\t\t\t\t\t\t\t\t<\/div>\n\t\t\t\t<\/div>\n\t\t\t\t<\/div>\n\t\t<div class=\"elementor-element elementor-element-bdb72da e-con-full e-flex e-con e-child\" data-id=\"bdb72da\" data-element_type=\"container\" data-e-type=\"container\">\n\t\t\t\t<div class=\"elementor-element elementor-element-e90e5a0 elementor-widget elementor-widget-text-editor\" data-id=\"e90e5a0\" data-element_type=\"widget\" data-e-type=\"widget\" data-widget_type=\"text-editor.default\">\n\t\t\t\t<div class=\"elementor-widget-container\">\n\t\t\t\t\t\t\t\t\t<p>8.00 \u2013 21.00<\/p>\t\t\t\t\t\t\t\t<\/div>\n\t\t\t\t<\/div>\n\t\t\t\t<div class=\"elementor-element elementor-element-d75b830 elementor-widget elementor-widget-text-editor\" data-id=\"d75b830\" data-element_type=\"widget\" data-e-type=\"widget\" data-widget_type=\"text-editor.default\">\n\t\t\t\t<div class=\"elementor-widget-container\">\n\t\t\t\t\t\t\t\t\t<p>Geschlossen<\/p>\n\t\t\t\t\t\t\t\t<\/div>\n\t\t\t\t<\/div>\n\t\t\t\t<div class=\"elementor-element elementor-element-1f30ae4 elementor-widget elementor-widget-text-editor\" data-id=\"1f30ae4\" data-element_type=\"widget\" data-e-type=\"widget\" data-widget_type=\"text-editor.default\">\n\t\t\t\t<div class=\"elementor-widget-container\">\n\t\t\t\t\t\t\t\t\t<p>Geschlossen<\/p>\n\t\t\t\t\t\t\t\t<\/div>\n\t\t\t\t<\/div>\n\t\t\t\t<\/div>\n\t\t\t\t<\/div>\n\t\t\t\t<\/div>\n\t\t<div class=\"elementor-element elementor-element-3045b7f e-con-full e-flex e-con e-child\" data-id=\"3045b7f\" data-element_type=\"container\" data-e-type=\"container\" data-settings=\"{&quot;background_background&quot;:&quot;classic&quot;}\">\n\t\t\t\t<div class=\"elementor-element elementor-element-bf1a2f2 elementor-widget elementor-widget-heading\" data-id=\"bf1a2f2\" data-element_type=\"widget\" data-e-type=\"widget\" data-widget_type=\"heading.default\">\n\t\t\t\t<div class=\"elementor-widget-container\">\n\t\t\t\t\t<h2 class=\"elementor-heading-title elementor-size-default\">Notaufnahme Schedule<\/h2>\t\t\t\t<\/div>\n\t\t\t\t<\/div>\n\t\t<div class=\"elementor-element elementor-element-11a6513 e-con-full e-flex e-con e-child\" data-id=\"11a6513\" data-element_type=\"container\" data-e-type=\"container\" data-settings=\"{&quot;background_background&quot;:&quot;classic&quot;}\">\n\t\t<div class=\"elementor-element elementor-element-50055df e-con-full e-flex e-con e-child\" data-id=\"50055df\" data-element_type=\"container\" data-e-type=\"container\">\n\t\t\t\t<div class=\"elementor-element elementor-element-5596fc2 elementor-widget elementor-widget-text-editor\" data-id=\"5596fc2\" data-element_type=\"widget\" data-e-type=\"widget\" data-widget_type=\"text-editor.default\">\n\t\t\t\t<div class=\"elementor-widget-container\">\n\t\t\t\t\t\t\t\t\t<p>Montag bis Samstags<\/p>\t\t\t\t\t\t\t\t<\/div>\n\t\t\t\t<\/div>\n\t\t\t\t<div class=\"elementor-element elementor-element-9f0dad4 elementor-widget elementor-widget-text-editor\" data-id=\"9f0dad4\" data-element_type=\"widget\" data-e-type=\"widget\" data-widget_type=\"text-editor.default\">\n\t\t\t\t<div class=\"elementor-widget-container\">\n\t\t\t\t\t\t\t\t\t<p>Sonntags<\/p>\t\t\t\t\t\t\t\t<\/div>\n\t\t\t\t<\/div>\n\t\t\t\t<\/div>\n\t\t<div class=\"elementor-element elementor-element-7ab0114 e-con-full e-flex e-con e-child\" data-id=\"7ab0114\" data-element_type=\"container\" data-e-type=\"container\">\n\t\t\t\t<div class=\"elementor-element elementor-element-fcfe3cc elementor-widget elementor-widget-text-editor\" data-id=\"fcfe3cc\" data-element_type=\"widget\" data-e-type=\"widget\" data-widget_type=\"text-editor.default\">\n\t\t\t\t<div class=\"elementor-widget-container\">\n\t\t\t\t\t\t\t\t\t<p>9.00 \u2013 20.30<\/p>\t\t\t\t\t\t\t\t<\/div>\n\t\t\t\t<\/div>\n\t\t\t\t<div class=\"elementor-element elementor-element-a83eabb elementor-widget elementor-widget-text-editor\" data-id=\"a83eabb\" data-element_type=\"widget\" data-e-type=\"widget\" data-widget_type=\"text-editor.default\">\n\t\t\t\t<div class=\"elementor-widget-container\">\n\t\t\t\t\t\t\t\t\t<p>Geschlossen<\/p>\t\t\t\t\t\t\t\t<\/div>\n\t\t\t\t<\/div>\n\t\t\t\t<\/div>\n\t\t\t\t<\/div>\n\t\t\t\t<\/div>\n\t\t\t\t<\/div>\n\t\t\t\t<\/div>\n\t\t\t\t<\/div>\n\t\t\t\t\t\t<\/div>\n\t\t\t\t<\/div>\n\t\t\t\t<\/div>\n\t\t\t\t\t<\/div>\n\t\t\t\t<\/div>\n\t\t<div class=\"elementor-element elementor-element-cc7926d e-flex e-con-boxed e-con e-parent\" data-id=\"cc7926d\" data-element_type=\"container\" data-e-type=\"container\" data-settings=\"{&quot;background_background&quot;:&quot;classic&quot;}\">\n\t\t\t\t\t<div class=\"e-con-inner\">\n\t\t<div class=\"elementor-element elementor-element-f32f662 e-con-full e-flex e-con e-child\" data-id=\"f32f662\" data-element_type=\"container\" data-e-type=\"container\">\n\t\t\t\t<div class=\"elementor-element elementor-element-64b620b elementor-widget elementor-widget-heading\" data-id=\"64b620b\" data-element_type=\"widget\" data-e-type=\"widget\" data-widget_type=\"heading.default\">\n\t\t\t\t<div class=\"elementor-widget-container\">\n\t\t\t\t\t<h2 class=\"elementor-heading-title elementor-size-default\">DIE PERFEKTE NASE: LASSEN SIE SICH IN UNSERER SCH\u00d6NHEITSKLINIK DIE PERFEKTE NASE MODELLIEREN!<\/h2>\t\t\t\t<\/div>\n\t\t\t\t<\/div>\n\t\t\t\t<div class=\"elementor-element elementor-element-caf756b elementor-icon-list--layout-inline elementor-list-item-link-full_width elementor-widget elementor-widget-icon-list\" data-id=\"caf756b\" data-element_type=\"widget\" data-e-type=\"widget\" data-widget_type=\"icon-list.default\">\n\t\t\t\t<div class=\"elementor-widget-container\">\n\t\t\t\t\t\t\t<ul class=\"elementor-icon-list-items elementor-inline-items\">\n\t\t\t\t\t\t\t<li class=\"elementor-icon-list-item elementor-inline-item\">\n\t\t\t\t\t\t\t\t\t\t\t<a href=\"https:\/\/clinicavilaparc.es\/de\/\">\n\n\t\t\t\t\t\t\t\t\t\t\t<span class=\"elementor-icon-list-text\">Startseite<\/span>\n\t\t\t\t\t\t\t\t\t\t\t<\/a>\n\t\t\t\t\t\t\t\t\t<\/li>\n\t\t\t\t\t\t\t\t<li class=\"elementor-icon-list-item elementor-inline-item\">\n\t\t\t\t\t\t\t\t\t\t\t<a href=\"https:\/\/clinicavilaparc.es\/de\/aesthetische-medizin-ibiza\/\">\n\n\t\t\t\t\t\t\t\t\t\t\t\t<span class=\"elementor-icon-list-icon\">\n\t\t\t\t\t\t\t<i aria-hidden=\"true\" class=\"fas fa-chevron-right\"><\/i>\t\t\t\t\t\t<\/span>\n\t\t\t\t\t\t\t\t\t\t<span class=\"elementor-icon-list-text\">Aesthetische medizin<\/span>\n\t\t\t\t\t\t\t\t\t\t\t<\/a>\n\t\t\t\t\t\t\t\t\t<\/li>\n\t\t\t\t\t\t\t\t<li class=\"elementor-icon-list-item elementor-inline-item\">\n\t\t\t\t\t\t\t\t\t\t\t<a href=\"\/aesthetische-medizin-ibiza\/gesichtsbehandlung\/lippenvergroesserung\/\">\n\n\t\t\t\t\t\t\t\t\t\t\t\t<span class=\"elementor-icon-list-icon\">\n\t\t\t\t\t\t\t<i aria-hidden=\"true\" class=\"fas fa-chevron-right\"><\/i>\t\t\t\t\t\t<\/span>\n\t\t\t\t\t\t\t\t\t\t<span class=\"elementor-icon-list-text\">gesichtsbehandlung<\/span>\n\t\t\t\t\t\t\t\t\t\t\t<\/a>\n\t\t\t\t\t\t\t\t\t<\/li>\n\t\t\t\t\t\t\t\t<li class=\"elementor-icon-list-item elementor-inline-item\">\n\t\t\t\t\t\t\t\t\t\t\t<span class=\"elementor-icon-list-icon\">\n\t\t\t\t\t\t\t<i aria-hidden=\"true\" class=\"fas fa-chevron-right\"><\/i>\t\t\t\t\t\t<\/span>\n\t\t\t\t\t\t\t\t\t\t<span class=\"elementor-icon-list-text\">NASE <\/span>\n\t\t\t\t\t\t\t\t\t<\/li>\n\t\t\t\t\t\t<\/ul>\n\t\t\t\t\t\t<\/div>\n\t\t\t\t<\/div>\n\t\t\t\t<\/div>\n\t\t\t\t\t<\/div>\n\t\t\t\t<\/div>\n\t\t<div class=\"elementor-element elementor-element-9eec85e e-flex e-con-boxed e-con e-parent\" data-id=\"9eec85e\" data-element_type=\"container\" data-e-type=\"container\">\n\t\t\t\t\t<div class=\"e-con-inner\">\n\t\t<div class=\"elementor-element elementor-element-1e607b6 e-con-full e-flex e-con e-child\" data-id=\"1e607b6\" data-element_type=\"container\" data-e-type=\"container\">\n\t\t\t\t<div class=\"elementor-element elementor-element-c44d428 elementor-widget elementor-widget-text-editor\" data-id=\"c44d428\" data-element_type=\"widget\" data-e-type=\"widget\" data-widget_type=\"text-editor.default\">\n\t\t\t\t<div class=\"elementor-widget-container\">\n\t\t\t\t\t\t\t\t\t<p>Eine sch\u00f6ne Nase zu haben ist sehr wichtig, wenn man ein Aussehen entsprechend der\u00a0<strong>Sch\u00f6nheitsideale<\/strong>haben m\u00f6chte. . Ihre Form und Merkmale sollten mit dem \u00fcbrigen Gesicht verschmelzen, um eins<strong>ch\u00f6nes und harmonisches Aussehen<\/strong>zu haben. Fehlbildungen der Nase k\u00f6nnen das Aussehen in gro\u00dfem Ma\u00dfe beeinflussen und sind daneben auch noch eine Ursache f\u00fcr\u00a0<strong>Atmungs- und Gesundheitsprobleme.<\/strong> Die Nase geh\u00f6rt zu den K\u00f6rperteilen, die am meisten operiert werden sollen, weil sie Probleme des Selbstwertgef\u00fchls oder der Selbstwahrnehmung verursacht.. Zum Gl\u00fcck kann man heute Fehler der Nase durch einen Besuch eines Zentrums f\u00fcr plastische Chirurgie, wie z. B. <a href=\"http:\/\/clinicavilaparc.es\">Clinica Vila Parc<\/a>\u00a0korrigieren.<\/p>\n\t\t\t\t\t\t\t\t<\/div>\n\t\t\t\t<\/div>\n\t\t\t\t<div class=\"elementor-element elementor-element-6973d16 elementor-widget elementor-widget-heading\" data-id=\"6973d16\" data-element_type=\"widget\" data-e-type=\"widget\" data-widget_type=\"heading.default\">\n\t\t\t\t<div class=\"elementor-widget-container\">\n\t\t\t\t\t<h2 class=\"elementor-heading-title elementor-size-default\">RHINOMODELLIERUNG UND RHINOPLASTIK<\/h2>\t\t\t\t<\/div>\n\t\t\t\t<\/div>\n\t\t\t\t<div class=\"elementor-element elementor-element-bc045c2 elementor-widget elementor-widget-text-editor\" data-id=\"bc045c2\" data-element_type=\"widget\" data-e-type=\"widget\" data-widget_type=\"text-editor.default\">\n\t\t\t\t<div class=\"elementor-widget-container\">\n\t\t\t\t\t\t\t\t\t<p>\u00c4sthetische Ver\u00e4nderungen der Nase werden traditionell \u00fcber eine Rhinoplastik durchgef\u00fchrt, auch wenn heute die Option einer Rhinomodellierung besteht. Eine\u00a0<strong>Rhinoplastik ist ein chirurgischer und invasiver Eingriff<\/strong>mit einigen Risiken. Die Nachsorge kann lang und schmerzhaft sein. Daher wird sie vor allem bei Gesundheitsproblemen und nicht bei reinen \u00e4sthetischen Problemen eingesetzt oder um die Form der Nase in gro\u00dfem Ma\u00dfe zu \u00e4ndern. Ihr Hauptvorteil ist, dass man mit ihr<strong>alle Fehlbildungen der Nase korrigieren<\/strong>kann, egal, ob sie aus \u00e4sthetischen Gr\u00fcnden oder wegen eines gesundheitlichen Problems, wie z. B. nach einem Unfall, bei Atemproblemen oder durch Schnarchen, stammen.<\/p>\n<p>Eine\u00a0<strong>Sch\u00f6nheitsbehandlung der Nase ohne Operation<\/strong>\u00a0oder eine\u00a0<strong>Rhinoplastik ohne Operation<\/strong>\u00a0kennt man als\u00a0<strong>Rhinomodellierung.<\/strong>\u00a0Es handelt sich um eine nicht invasive, sehr sichere und schnelle Behandlung fast ohne Nebenwirkungen. Mit dieser Technik muss man nicht in den Operationssaal mit seinen Risiken, wie die Narkose und die Beschwerden der Nachsorge. Logischerweise ist die Erholungsphase viel k\u00fcrzer und man hat deutlich weniger Beschwerden. Au\u00dferdem sieht man die Ergebnisse sofort und sie sind viel nat\u00fcrlicher als die einer Operation.<\/p>\n\t\t\t\t\t\t\t\t<\/div>\n\t\t\t\t<\/div>\n\t\t<div class=\"elementor-element elementor-element-880004b e-con-full e-flex e-con e-child\" data-id=\"880004b\" data-element_type=\"container\" data-e-type=\"container\">\n\t\t<div class=\"elementor-element elementor-element-25d2162 e-con-full e-flex e-con e-child\" data-id=\"25d2162\" data-element_type=\"container\" data-e-type=\"container\">\n\t\t\t\t<div class=\"elementor-element elementor-element-2939af0 elementor-widget elementor-widget-heading\" data-id=\"2939af0\" data-element_type=\"widget\" data-e-type=\"widget\" data-widget_type=\"heading.default\">\n\t\t\t\t<div class=\"elementor-widget-container\">\n\t\t\t\t\t<h2 class=\"elementor-heading-title elementor-size-default\">WIE FUNKTIONIERT EINE RHINOMODELLIERUNG?<\/h2>\t\t\t\t<\/div>\n\t\t\t\t<\/div>\n\t\t\t\t<div class=\"elementor-element elementor-element-1e3ee02 elementor-widget elementor-widget-text-editor\" data-id=\"1e3ee02\" data-element_type=\"widget\" data-e-type=\"widget\" data-widget_type=\"text-editor.default\">\n\t\t\t\t<div class=\"elementor-widget-container\">\n\t\t\t\t\t\t\t\t\t<p>Durch den Einsatz spezieller Produkte an strategischen Punkten erm\u00f6glicht die Rhinomodellierung die \u00c4nderung einiger Winkel der Nase ohne eine Operation.<\/p>\n<p>Das erreicht man mit Gesichtsf\u00fcllungen, also mit Infiltrationen von Produkten, die der K\u00f6rper aufnimmt. Normalerweise werden Hyalurons\u00e4ure oder Hydroxylapatit und auch Produkte zur<a class=\"broken_link\" href=\"https:\/\/clinicavilaparc.es\/eliminar-arrugas\/\">Reduzierung<\/a>von Falten und Mimikfalten oder volumenspendende Produkte eingesetzt . Mit Gesichtsf\u00fcllungen lassen sich die Winkel der Nase definieren. Das funktioniert sowohl bei der Front, als auch beim \u00dcbergang zu den Lippen, wodurch das Gesicht ein neues Aussehen erh\u00e4lt.<\/p>\n\t\t\t\t\t\t\t\t<\/div>\n\t\t\t\t<\/div>\n\t\t\t\t<\/div>\n\t\t<div class=\"elementor-element elementor-element-6a2016b e-con-full e-flex e-con e-child\" data-id=\"6a2016b\" data-element_type=\"container\" data-e-type=\"container\">\n\t\t\t\t<div class=\"elementor-element elementor-element-aadb71b elementor-widget elementor-widget-image\" data-id=\"aadb71b\" data-element_type=\"widget\" data-e-type=\"widget\" data-widget_type=\"image.default\">\n\t\t\t\t<div class=\"elementor-widget-container\">\n\t\t\t\t\t\t\t\t\t\t\t\t\t\t\t<img loading=\"lazy\" decoding=\"async\" width=\"294\" height=\"220\" src=\"https:\/\/clinicavilaparc.es\/wp-content\/uploads\/2024\/07\/RINOPLASTIA.jpg\" class=\"attachment-large size-large wp-image-5123\" alt=\"\" \/>\t\t\t\t\t\t\t\t\t\t\t\t\t\t\t<\/div>\n\t\t\t\t<\/div>\n\t\t\t\t<\/div>\n\t\t\t\t<\/div>\n\t\t<div class=\"elementor-element elementor-element-ff81027 e-con-full e-flex e-con e-child\" data-id=\"ff81027\" data-element_type=\"container\" data-e-type=\"container\">\n\t\t<div class=\"elementor-element elementor-element-e0dd156 e-con-full e-flex e-con e-child\" data-id=\"e0dd156\" data-element_type=\"container\" data-e-type=\"container\">\n\t\t\t\t<div class=\"elementor-element elementor-element-fa6213c elementor-widget elementor-widget-heading\" data-id=\"fa6213c\" data-element_type=\"widget\" data-e-type=\"widget\" data-widget_type=\"heading.default\">\n\t\t\t\t<div class=\"elementor-widget-container\">\n\t\t\t\t\t<h2 class=\"elementor-heading-title elementor-size-default\">WANN WIRD EINE RHINOMODELLIERUNG EMPFOHLEN?<\/h2>\t\t\t\t<\/div>\n\t\t\t\t<\/div>\n\t\t\t\t<div class=\"elementor-element elementor-element-72523ed elementor-widget elementor-widget-text-editor\" data-id=\"72523ed\" data-element_type=\"widget\" data-e-type=\"widget\" data-widget_type=\"text-editor.default\">\n\t\t\t\t<div class=\"elementor-widget-container\">\n\t\t\t\t\t\t\t\t\t<div class=\"elementor-column elementor-col-66 elementor-inner-column elementor-element elementor-element-1a682b1\" data-id=\"1a682b1\" data-element_type=\"column\">\n<div class=\"elementor-widget-wrap elementor-element-populated\">\n<div class=\"elementor-element elementor-element-c8b4bb9 elementor-widget elementor-widget-text-editor\" data-id=\"c8b4bb9\" data-element_type=\"widget\" data-widget_type=\"text-editor.default\">\n<div class=\"elementor-widget-container\">\n<p>Mit dieser Technik lassen sich kleinere Fehler korrigieren und man kann das Aussehen der Nase an die individuellen Gesichtsz\u00fcge jeder Person anpassen. Man sollte aber bedenken, dass jede Technik zur Ver\u00e4nderung des Aussehens der Nase ohne Operation nicht eingesetzt werden kann, sofern schwere Probleme bestehen, die eine Operation erfordern. Man kann sie auch nicht verwenden, um die Nase zu verkleinern, weil Gesichtsf\u00fcllungen verwendet werden.<\/p>\n<p>Sie eignet sich allerdings ideal zur Korrektur von Nasenwinkeln, einer gebogenen Nasenscheidewand oder einer versunkenen Nasenspitze. Man erzielt auch hervorragende Ergebnisse bei der Verl\u00e4ngerung der Nase oder f\u00fcr mehr Volumen oder zur Entfernung eines stark gebogenen Nasenr\u00fcckens, zur Definierung der Nasenspitze oder Korrektur von leichten Fehlbildungen. Im Allgemeinen lassen sich etwa 80% aller \u00e4sthetischen Probleme der Nase mit einer Rhinomodellierung l\u00f6sen.<\/p>\n<\/div>\n<\/div>\n<\/div>\n<\/div>\n<div class=\"elementor-column elementor-col-33 elementor-inner-column elementor-element elementor-element-0d1643b\" data-id=\"0d1643b\" data-element_type=\"column\">\n<div class=\"elementor-widget-wrap elementor-element-populated\">\n<div class=\"elementor-element elementor-element-e25aac4 elementor-widget elementor-widget-image\" data-id=\"e25aac4\" data-element_type=\"widget\" data-widget_type=\"image.default\"><\/div>\n<\/div>\n<\/div>\n\t\t\t\t\t\t\t\t<\/div>\n\t\t\t\t<\/div>\n\t\t\t\t<\/div>\n\t\t<div class=\"elementor-element elementor-element-2665575 e-con-full e-flex e-con e-child\" data-id=\"2665575\" data-element_type=\"container\" data-e-type=\"container\">\n\t\t\t\t<div class=\"elementor-element elementor-element-ae44c5f elementor-widget elementor-widget-image\" data-id=\"ae44c5f\" data-element_type=\"widget\" data-e-type=\"widget\" data-widget_type=\"image.default\">\n\t\t\t\t<div class=\"elementor-widget-container\">\n\t\t\t\t\t\t\t\t\t\t\t\t\t\t\t<img loading=\"lazy\" decoding=\"async\" width=\"292\" height=\"219\" src=\"https:\/\/clinicavilaparc.es\/wp-content\/uploads\/2024\/07\/rinomodelacion.jpg\" class=\"attachment-large size-large wp-image-5127\" alt=\"\" \/>\t\t\t\t\t\t\t\t\t\t\t\t\t\t\t<\/div>\n\t\t\t\t<\/div>\n\t\t\t\t<\/div>\n\t\t\t\t<\/div>\n\t\t<div class=\"elementor-element elementor-element-c31317b e-con-full e-flex e-con e-child\" data-id=\"c31317b\" data-element_type=\"container\" data-e-type=\"container\">\n\t\t<div class=\"elementor-element elementor-element-323a823 e-con-full e-flex e-con e-child\" data-id=\"323a823\" data-element_type=\"container\" data-e-type=\"container\">\n\t\t\t\t<div class=\"elementor-element elementor-element-875880e elementor-widget elementor-widget-heading\" data-id=\"875880e\" data-element_type=\"widget\" data-e-type=\"widget\" data-widget_type=\"heading.default\">\n\t\t\t\t<div class=\"elementor-widget-container\">\n\t\t\t\t\t<h2 class=\"elementor-heading-title elementor-size-default\">VORTEILE EINER RHINOMODELLIERUNG<\/h2>\t\t\t\t<\/div>\n\t\t\t\t<\/div>\n\t\t\t\t<div class=\"elementor-element elementor-element-d5b0d6c elementor-widget elementor-widget-text-editor\" data-id=\"d5b0d6c\" data-element_type=\"widget\" data-e-type=\"widget\" data-widget_type=\"text-editor.default\">\n\t\t\t\t<div class=\"elementor-widget-container\">\n\t\t\t\t\t\t\t\t\t<p>Rhinomodellierungen haben sich in den letzten Jahren stark weiterentwickelt. Anfangs lie\u00dfen sich nur tempor\u00e4re Ergebnisse in beschr\u00e4nktem Ma\u00df erzielen, aber heute k\u00f6nnen viele Ergebnisse von Dauer sein.<\/p>\n<p>Der Hauptvorteil einer sch\u00f6neren Nase ohne Operation liegt logischerweise darin, dass man die Operation, die Narkose und die damit verbundenen Risiken vermeidet. Ebenso vermeidet eine Rhinomodellierung die Beschwerden nach der Operation, denn diese Technik ist kaum invasiv und erfordert keinen Krankenhausaufenthalt. Sie m\u00fcssen nach der Behandlung nur einige Vorsichtsma\u00dfnahmen einhalten, wie z. B. einige Tage lang kein Sport treiben oder andere Aktivit\u00e4ten ausf\u00fchren, die der Nase schaden k\u00f6nnten. Das Verfahren ist sehr sicher und ist sehr schnell und die Ergebnisse sind sofort sichtbar. Ebenso erzielen Sie, wie bereits erw\u00e4hnt, nat\u00fcrlicher aussehende Ergebnisse ohne Narben im Gesicht. Abschlie\u00dfend muss man noch erw\u00e4hnen, dass es sich um eine viel preisg\u00fcnstigere plastische Behandlung handelt, als eine Rhinoplastik.<\/p>\n<p>Sie sollten sich auf jeden Fall in die H\u00e4nde von Experten begeben und genau die Physiognomie des Gesichts analysieren, bevor Sie eine Rhinoplastik oder eine Rhinomodellierung durchf\u00fchren lassen, denn beide Techniken ver\u00e4ndern das Aussehen und das Ausdrucksverm\u00f6gen betr\u00e4chtlich, was sich auch im Selbstwertgef\u00fchl und der Selbstwahrnehmung des Patienten widerspiegelt.<\/p>\n\t\t\t\t\t\t\t\t<\/div>\n\t\t\t\t<\/div>\n\t\t\t\t<\/div>\n\t\t<div class=\"elementor-element elementor-element-b0c4ddc e-con-full e-flex e-con e-child\" data-id=\"b0c4ddc\" data-element_type=\"container\" data-e-type=\"container\">\n\t\t\t\t<div class=\"elementor-element elementor-element-1d516af elementor-widget elementor-widget-image\" data-id=\"1d516af\" data-element_type=\"widget\" data-e-type=\"widget\" data-widget_type=\"image.default\">\n\t\t\t\t<div class=\"elementor-widget-container\">\n\t\t\t\t\t\t\t\t\t\t\t\t\t\t\t<img loading=\"lazy\" decoding=\"async\" width=\"209\" height=\"314\" src=\"https:\/\/clinicavilaparc.es\/wp-content\/uploads\/2024\/07\/estetica-rinoplastia.jpg\" class=\"attachment-large size-large wp-image-5131\" alt=\"\" srcset=\"https:\/\/clinicavilaparc.es\/wp-content\/uploads\/2024\/07\/estetica-rinoplastia.jpg 209w, https:\/\/clinicavilaparc.es\/wp-content\/uploads\/2024\/07\/estetica-rinoplastia-200x300.jpg 200w\" sizes=\"(max-width: 209px) 100vw, 209px\" \/>\t\t\t\t\t\t\t\t\t\t\t\t\t\t\t<\/div>\n\t\t\t\t<\/div>\n\t\t\t\t<\/div>\n\t\t\t\t<\/div>\n\t\t\t\t<\/div>\n\t\t\t\t\t<\/div>\n\t\t\t\t<\/div>\n\t\t<div class=\"elementor-element elementor-element-337b2182 e-flex e-con-boxed e-con e-parent\" data-id=\"337b2182\" data-element_type=\"container\" data-e-type=\"container\">\n\t\t\t\t\t<div class=\"e-con-inner\">\n\t\t<div class=\"elementor-element elementor-element-2fb2caf5 e-con-full e-flex e-con e-child\" data-id=\"2fb2caf5\" data-element_type=\"container\" data-e-type=\"container\">\n\t\t\t\t<div class=\"elementor-element elementor-element-1e424c4c elementor-widget elementor-widget-heading\" data-id=\"1e424c4c\" data-element_type=\"widget\" data-e-type=\"widget\" data-widget_type=\"heading.default\">\n\t\t\t\t<div class=\"elementor-widget-container\">\n\t\t\t\t\t<h2 class=\"elementor-heading-title elementor-size-default\">Das k\u00f6nnte Sie auch interessieren<\/h2>\t\t\t\t<\/div>\n\t\t\t\t<\/div>\n\t\t<div class=\"elementor-element elementor-element-78ee81c8 e-con-full e-flex e-con e-child\" data-id=\"78ee81c8\" data-element_type=\"container\" data-e-type=\"container\">\n\t\t<div class=\"elementor-element elementor-element-1c23eb1b e-con-full e-flex e-con e-child\" data-id=\"1c23eb1b\" data-element_type=\"container\" data-e-type=\"container\">\n\t\t\t\t<div class=\"elementor-element elementor-element-2455f60e elementor-widget elementor-widget-heading\" data-id=\"2455f60e\" data-element_type=\"widget\" data-e-type=\"widget\" data-widget_type=\"heading.default\">\n\t\t\t\t<div class=\"elementor-widget-container\">\n\t\t\t\t\t<h3 class=\"elementor-heading-title elementor-size-default\">Verkehrseinheit<\/h3>\t\t\t\t<\/div>\n\t\t\t\t<\/div>\n\t\t\t\t<div class=\"elementor-element elementor-element-26e0c65a elementor-widget elementor-widget-text-editor\" data-id=\"26e0c65a\" data-element_type=\"widget\" data-e-type=\"widget\" data-widget_type=\"text-editor.default\">\n\t\t\t\t<div class=\"elementor-widget-container\">\n\t\t\t\t\t\t\t\t\t<p>Die Verkehrsabteilung verf\u00fcgt \u00fcber ein hochqualifiziertes Team, das verkehrsbedingte Verletzungen behandelt.<\/p>\n\t\t\t\t\t\t\t\t<\/div>\n\t\t\t\t<\/div>\n\t\t\t\t<div class=\"elementor-element elementor-element-61ce94b1 elementor-align-justify elementor-widget elementor-widget-button\" data-id=\"61ce94b1\" data-element_type=\"widget\" data-e-type=\"widget\" data-widget_type=\"button.default\">\n\t\t\t\t<div class=\"elementor-widget-container\">\n\t\t\t\t\t\t\t\t\t<div class=\"elementor-button-wrapper\">\n\t\t\t\t\t<a class=\"elementor-button elementor-button-link elementor-size-sm\" href=\"\/de\/verkehrsunfall-verkehr-einheit-ibiza\/\">\n\t\t\t\t\t\t<span class=\"elementor-button-content-wrapper\">\n\t\t\t\t\t\t\t\t\t<span class=\"elementor-button-text\">Weitere Informationen zur Kategorie<\/span>\n\t\t\t\t\t<\/span>\n\t\t\t\t\t<\/a>\n\t\t\t\t<\/div>\n\t\t\t\t\t\t\t\t<\/div>\n\t\t\t\t<\/div>\n\t\t\t\t<\/div>\n\t\t<div class=\"elementor-element elementor-element-346809e9 e-con-full e-flex e-con e-child\" data-id=\"346809e9\" data-element_type=\"container\" data-e-type=\"container\">\n\t\t\t\t<div class=\"elementor-element elementor-element-38565369 elementor-widget elementor-widget-heading\" data-id=\"38565369\" data-element_type=\"widget\" data-e-type=\"widget\" data-widget_type=\"heading.default\">\n\t\t\t\t<div class=\"elementor-widget-container\">\n\t\t\t\t\t<h3 class=\"elementor-heading-title elementor-size-default\">Allgemeinmedizin<\/h3>\t\t\t\t<\/div>\n\t\t\t\t<\/div>\n\t\t\t\t<div class=\"elementor-element elementor-element-5b72d752 elementor-widget elementor-widget-text-editor\" data-id=\"5b72d752\" data-element_type=\"widget\" data-e-type=\"widget\" data-widget_type=\"text-editor.default\">\n\t\t\t\t<div class=\"elementor-widget-container\">\n\t\t\t\t\t\t\t\t\t<p>Das Fachgebiet der Allgemeinmedizin ist auf die allgemeine Diagnostik und Behandlung spezialisiert.<\/p>\n\t\t\t\t\t\t\t\t<\/div>\n\t\t\t\t<\/div>\n\t\t\t\t<div class=\"elementor-element elementor-element-3894a047 elementor-align-justify elementor-widget elementor-widget-button\" data-id=\"3894a047\" data-element_type=\"widget\" data-e-type=\"widget\" data-widget_type=\"button.default\">\n\t\t\t\t<div class=\"elementor-widget-container\">\n\t\t\t\t\t\t\t\t\t<div class=\"elementor-button-wrapper\">\n\t\t\t\t\t<a class=\"elementor-button elementor-button-link elementor-size-sm\" href=\"\/de\/medizin-allgemein-ibiza\/\">\n\t\t\t\t\t\t<span class=\"elementor-button-content-wrapper\">\n\t\t\t\t\t\t\t\t\t<span class=\"elementor-button-text\">Weitere Informationen zur Kategorie<\/span>\n\t\t\t\t\t<\/span>\n\t\t\t\t\t<\/a>\n\t\t\t\t<\/div>\n\t\t\t\t\t\t\t\t<\/div>\n\t\t\t\t<\/div>\n\t\t\t\t<\/div>\n\t\t<div class=\"elementor-element elementor-element-38ef6039 e-con-full e-flex e-con e-child\" data-id=\"38ef6039\" data-element_type=\"container\" data-e-type=\"container\">\n\t\t\t\t<div class=\"elementor-element elementor-element-631dd0e2 elementor-widget elementor-widget-heading\" data-id=\"631dd0e2\" data-element_type=\"widget\" data-e-type=\"widget\" data-widget_type=\"heading.default\">\n\t\t\t\t<div class=\"elementor-widget-container\">\n\t\t\t\t\t<h3 class=\"elementor-heading-title elementor-size-default\">Neurochirurgie<\/h3>\t\t\t\t<\/div>\n\t\t\t\t<\/div>\n\t\t\t\t<div class=\"elementor-element elementor-element-b328e16 elementor-widget elementor-widget-text-editor\" data-id=\"b328e16\" data-element_type=\"widget\" data-e-type=\"widget\" data-widget_type=\"text-editor.default\">\n\t\t\t\t<div class=\"elementor-widget-container\">\n\t\t\t\t\t\t\t\t\t<p>Behandlung von neurologischen Problemen, einschlie\u00dflich Kopfschmerzen, Krankheiten und Konsultationen.<\/p>\n\t\t\t\t\t\t\t\t<\/div>\n\t\t\t\t<\/div>\n\t\t\t\t<div class=\"elementor-element elementor-element-306a1cc8 elementor-align-justify elementor-widget elementor-widget-button\" data-id=\"306a1cc8\" data-element_type=\"widget\" data-e-type=\"widget\" data-widget_type=\"button.default\">\n\t\t\t\t<div class=\"elementor-widget-container\">\n\t\t\t\t\t\t\t\t\t<div class=\"elementor-button-wrapper\">\n\t\t\t\t\t<a class=\"elementor-button elementor-button-link elementor-size-sm\" href=\"\/de\/neurochirurgie-ibiza\/\">\n\t\t\t\t\t\t<span class=\"elementor-button-content-wrapper\">\n\t\t\t\t\t\t\t\t\t<span class=\"elementor-button-text\">Weitere Informationen zur Kategorie<\/span>\n\t\t\t\t\t<\/span>\n\t\t\t\t\t<\/a>\n\t\t\t\t<\/div>\n\t\t\t\t\t\t\t\t<\/div>\n\t\t\t\t<\/div>\n\t\t\t\t<\/div>\n\t\t<div class=\"elementor-element elementor-element-42ec1e7d e-con-full e-flex e-con e-child\" data-id=\"42ec1e7d\" data-element_type=\"container\" data-e-type=\"container\">\n\t\t\t\t<div class=\"elementor-element elementor-element-607c00a1 elementor-widget elementor-widget-heading\" data-id=\"607c00a1\" data-element_type=\"widget\" data-e-type=\"widget\" data-widget_type=\"heading.default\">\n\t\t\t\t<div class=\"elementor-widget-container\">\n\t\t\t\t\t<h3 class=\"elementor-heading-title elementor-size-default\">Gyn\u00e4kologie<\/h3>\t\t\t\t<\/div>\n\t\t\t\t<\/div>\n\t\t\t\t<div class=\"elementor-element elementor-element-bb9ed03 elementor-widget elementor-widget-text-editor\" data-id=\"bb9ed03\" data-element_type=\"widget\" data-e-type=\"widget\" data-widget_type=\"text-editor.default\">\n\t\t\t\t<div class=\"elementor-widget-container\">\n\t\t\t\t\t\t\t\t\t<p>Beratungsdienste, einschlie\u00dflich regelm\u00e4\u00dfiger gyn\u00e4kologischer Untersuchungen, Behandlungen von Fortpflanzungsproblemen usw.<\/p>\n\t\t\t\t\t\t\t\t<\/div>\n\t\t\t\t<\/div>\n\t\t\t\t<div class=\"elementor-element elementor-element-ed67690 elementor-align-justify elementor-widget elementor-widget-button\" data-id=\"ed67690\" data-element_type=\"widget\" data-e-type=\"widget\" data-widget_type=\"button.default\">\n\t\t\t\t<div class=\"elementor-widget-container\">\n\t\t\t\t\t\t\t\t\t<div class=\"elementor-button-wrapper\">\n\t\t\t\t\t<a class=\"elementor-button elementor-button-link elementor-size-sm\" href=\"https:\/\/clinicavilaparc.es\/de\/gynakologie-ibiza\/\">\n\t\t\t\t\t\t<span class=\"elementor-button-content-wrapper\">\n\t\t\t\t\t\t\t\t\t<span class=\"elementor-button-text\">Weitere Informationen zur Kategorie<\/span>\n\t\t\t\t\t<\/span>\n\t\t\t\t\t<\/a>\n\t\t\t\t<\/div>\n\t\t\t\t\t\t\t\t<\/div>\n\t\t\t\t<\/div>\n\t\t\t\t<\/div>\n\t\t\t\t<\/div>\n\t\t\t\t<\/div>\n\t\t\t\t\t<\/div>\n\t\t\t\t<\/div>\n\t\t\t\t<\/div>\n\t\t","protected":false},"excerpt":{"rendered":"<p>DIE PERFEKTE NASE: LASSEN SIE SICH IN UNSERER SCH\u00d6NHEITSKLINIK DIE PERFEKTE NASE MODELLIEREN! Startseite Aesthetische medizin gesichtsbehandlung NASE Eine sch\u00f6ne Nase zu haben ist sehr wichtig, wenn man ein Aussehen entsprechend der\u00a0Sch\u00f6nheitsidealehaben m\u00f6chte. . Ihre Form und Merkmale sollten mit dem \u00fcbrigen Gesicht verschmelzen, um einsch\u00f6nes und harmonisches Aussehenzu haben. Fehlbildungen der Nase k\u00f6nnen das [&hellip;]<\/p>\n","protected":false},"author":3,"featured_media":0,"parent":0,"menu_order":0,"comment_status":"closed","ping_status":"closed","template":"","meta":{"site-sidebar-layout":"default","site-content-layout":"","ast-site-content-layout":"default","site-content-style":"default","site-sidebar-style":"default","ast-global-header-display":"","ast-banner-title-visibility":"","ast-main-header-display":"","ast-hfb-above-header-display":"","ast-hfb-below-header-display":"","ast-hfb-mobile-header-display":"","site-post-title":"","ast-breadcrumbs-content":"","ast-featured-img":"","footer-sml-layout":"","ast-disable-related-posts":"","theme-transparent-header-meta":"","adv-header-id-meta":"","stick-header-meta":"","header-above-stick-meta":"","header-main-stick-meta":"","header-below-stick-meta":"","astra-migrate-meta-layouts":"default","ast-page-background-enabled":"default","ast-page-background-meta":{"desktop":{"background-color":"var(--ast-global-color-4)","background-image":"","background-repeat":"repeat","background-position":"center center","background-size":"auto","background-attachment":"scroll","background-type":"","background-media":"","overlay-type":"","overlay-color":"","overlay-opacity":"","overlay-gradient":""},"tablet":{"background-color":"","background-image":"","background-repeat":"repeat","background-position":"center center","background-size":"auto","background-attachment":"scroll","background-type":"","background-media":"","overlay-type":"","overlay-color":"","overlay-opacity":"","overlay-gradient":""},"mobile":{"background-color":"","background-image":"","background-repeat":"repeat","background-position":"center center","background-size":"auto","background-attachment":"scroll","background-type":"","background-media":"","overlay-type":"","overlay-color":"","overlay-opacity":"","overlay-gradient":""}},"ast-content-background-meta":{"desktop":{"background-color":"var(--ast-global-color-5)","background-image":"","background-repeat":"repeat","background-position":"center center","background-size":"auto","background-attachment":"scroll","background-type":"","background-media":"","overlay-type":"","overlay-color":"","overlay-opacity":"","overlay-gradient":""},"tablet":{"background-color":"var(--ast-global-color-5)","background-image":"","background-repeat":"repeat","background-position":"center center","background-size":"auto","background-attachment":"scroll","background-type":"","background-media":"","overlay-type":"","overlay-color":"","overlay-opacity":"","overlay-gradient":""},"mobile":{"background-color":"var(--ast-global-color-5)","background-image":"","background-repeat":"repeat","background-position":"center center","background-size":"auto","background-attachment":"scroll","background-type":"","background-media":"","overlay-type":"","overlay-color":"","overlay-opacity":"","overlay-gradient":""}},"footnotes":""},"class_list":["post-8092","page","type-page","status-publish","hentry"],"_links":{"self":[{"href":"https:\/\/clinicavilaparc.es\/de\/wp-json\/wp\/v2\/pages\/8092","targetHints":{"allow":["GET"]}}],"collection":[{"href":"https:\/\/clinicavilaparc.es\/de\/wp-json\/wp\/v2\/pages"}],"about":[{"href":"https:\/\/clinicavilaparc.es\/de\/wp-json\/wp\/v2\/types\/page"}],"author":[{"embeddable":true,"href":"https:\/\/clinicavilaparc.es\/de\/wp-json\/wp\/v2\/users\/3"}],"replies":[{"embeddable":true,"href":"https:\/\/clinicavilaparc.es\/de\/wp-json\/wp\/v2\/comments?post=8092"}],"version-history":[{"count":0,"href":"https:\/\/clinicavilaparc.es\/de\/wp-json\/wp\/v2\/pages\/8092\/revisions"}],"wp:attachment":[{"href":"https:\/\/clinicavilaparc.es\/de\/wp-json\/wp\/v2\/media?parent=8092"}],"curies":[{"name":"wp","href":"https:\/\/api.w.org\/{rel}","templated":true}]}}