{"id":8090,"date":"2025-03-26T12:14:06","date_gmt":"2025-03-26T11:14:06","guid":{"rendered":"https:\/\/clinicavilaparc.es\/aknebehandlungen\/"},"modified":"2025-05-02T11:09:34","modified_gmt":"2025-05-02T09:09:34","slug":"aknebehandlungen","status":"publish","type":"page","link":"https:\/\/clinicavilaparc.es\/de\/aesthetische-medizin-ibiza\/gesichtsbehandlun\/aknebehandlungeng\/","title":{"rendered":"AKNEBEHANDLUNGEN"},"content":{"rendered":"\t\t<div data-elementor-type=\"wp-page\" data-elementor-id=\"8090\" class=\"elementor elementor-8090 elementor-4338\" data-elementor-post-type=\"page\">\n\t\t\t\t<div class=\"elementor-element elementor-element-36af2b2 e-con-full e-flex e-con e-parent\" data-id=\"36af2b2\" data-element_type=\"container\" data-e-type=\"container\">\n\t\t\t\t<div class=\"elementor-element elementor-element-fc917b3 elementor-widget elementor-widget-template\" data-id=\"fc917b3\" data-element_type=\"widget\" data-e-type=\"widget\" data-widget_type=\"template.default\">\n\t\t\t\t<div class=\"elementor-widget-container\">\n\t\t\t\t\t\t\t<div class=\"elementor-template\">\n\t\t\t\t\t<div data-elementor-type=\"section\" data-elementor-id=\"8144\" class=\"elementor elementor-8144 elementor-7373 elementor-7373\" data-elementor-post-type=\"elementor_library\">\n\t\t\t<div class=\"elementor-element elementor-element-7cacb54 e-con-full elementor-hidden-tablet elementor-hidden-mobile e-flex e-con e-parent\" data-id=\"7cacb54\" data-element_type=\"container\" data-e-type=\"container\">\n\t\t<div class=\"elementor-element elementor-element-b3f8438 e-con-full e-flex e-con e-child\" data-id=\"b3f8438\" data-element_type=\"container\" data-e-type=\"container\">\n\t\t\t\t<div class=\"elementor-element elementor-element-8f2e8e8 elementor-widget elementor-widget-html\" data-id=\"8f2e8e8\" data-element_type=\"widget\" data-e-type=\"widget\" data-widget_type=\"html.default\">\n\t\t\t\t<div class=\"elementor-widget-container\">\n\t\t\t\t\t<script>\r\njQuery(document).ready(function($){\r\n    $('#link-medicina-estetica-corporal').hover(function(){\r\n            $('#header-tratamientos-faciales').addClass('contenido-oculto');\r\n            $('#header-medicina-estetica-corporal').removeClass('contenido-oculto');\r\n            $('#link-medicina-estetica-corporal').css(\"text-decoration\", \"underline\").css(\"text-underline-offset\", \"5px\");\r\n            $('#link-tratamientos-faciales').css(\"text-decoration\", \"none\").css(\"text-underline-offset\", \"0px\");\r\n    });\r\n    $('#link-tratamientos-faciales').hover(function(){\r\n            $('#header-medicina-estetica-corporal').addClass('contenido-oculto');\r\n            $('#header-tratamientos-faciales').removeClass('contenido-oculto');\r\n            $('#link-tratamientos-faciales').css(\"text-decoration\", \"underline\").css(\"text-underline-offset\", \"5px\");\r\n            $('#link-medicina-estetica-corporal').css(\"text-decoration\", \"none\").css(\"text-underline-offset\", \"0px\");\r\n    });\r\n});\r\n<\/script>\t\t\t\t<\/div>\n\t\t\t\t<\/div>\n\t\t<div class=\"elementor-element elementor-element-1378ea8 e-con-full e-flex e-con e-child\" data-id=\"1378ea8\" data-element_type=\"container\" data-e-type=\"container\">\n\t\t\t\t<div class=\"elementor-element elementor-element-e155afb elementor-widget__width-auto elementor-widget elementor-widget-heading\" data-id=\"e155afb\" data-element_type=\"widget\" data-e-type=\"widget\" id=\"link-tratamientos-faciales\" data-widget_type=\"heading.default\">\n\t\t\t\t<div class=\"elementor-widget-container\">\n\t\t\t\t\t<span class=\"elementor-heading-title elementor-size-default\"><a href=\"\/de\/aesthetische-medizin-ibiza\/gesichtsbehandlung\/\">GESICHTSBEHANDLUNGEN <i class=\"jet-dropdown-arrow fa fa-angle-down\"><\/i><\/a><\/span>\t\t\t\t<\/div>\n\t\t\t\t<\/div>\n\t\t\t\t<div class=\"elementor-element elementor-element-d2c6cf7 elementor-widget__width-auto elementor-widget elementor-widget-heading\" data-id=\"d2c6cf7\" data-element_type=\"widget\" data-e-type=\"widget\" id=\"link-medicina-estetica-corporal\" data-widget_type=\"heading.default\">\n\t\t\t\t<div class=\"elementor-widget-container\">\n\t\t\t\t\t<span class=\"elementor-heading-title elementor-size-default\"><a href=\"\/de\/aesthetische-medizin-ibiza\/koerper\/\">\u00c4STHETISCHE K\u00d6RPERMEDIZIN <i class=\"jet-dropdown-arrow fa fa-angle-down\"><\/i><\/a><\/span>\t\t\t\t<\/div>\n\t\t\t\t<\/div>\n\t\t\t\t<\/div>\n\t\t<div class=\"elementor-element elementor-element-6ac74ab e-con-full contenido-oculto e-flex e-con e-child\" data-id=\"6ac74ab\" data-element_type=\"container\" data-e-type=\"container\" id=\"header-tratamientos-faciales\" data-settings=\"{&quot;background_background&quot;:&quot;classic&quot;}\">\n\t\t\t\t<div class=\"elementor-element elementor-element-ceab141 elementor-widget__width-initial elementor-widget-mobile__width-inherit elementor-position-top elementor-widget elementor-widget-image-box\" data-id=\"ceab141\" data-element_type=\"widget\" data-e-type=\"widget\" data-widget_type=\"image-box.default\">\n\t\t\t\t<div class=\"elementor-widget-container\">\n\t\t\t\t\t<div class=\"elementor-image-box-wrapper\"><figure class=\"elementor-image-box-img\"><a href=\"\/de\/aesthetische-medizin-ibiza\/gesichtsbehandlung\/falten-entfernen\/\" tabindex=\"-1\"><img fetchpriority=\"high\" decoding=\"async\" width=\"513\" height=\"342\" src=\"https:\/\/clinicavilaparc.es\/wp-content\/uploads\/2024\/11\/eliminar-arrugas-ibiza2.jpg\" class=\"attachment-full size-full wp-image-7374\" alt=\"\" srcset=\"https:\/\/clinicavilaparc.es\/wp-content\/uploads\/2024\/11\/eliminar-arrugas-ibiza2.jpg 513w, https:\/\/clinicavilaparc.es\/wp-content\/uploads\/2024\/11\/eliminar-arrugas-ibiza2-300x200.jpg 300w\" sizes=\"(max-width: 513px) 100vw, 513px\" \/><\/a><\/figure><div class=\"elementor-image-box-content\"><p class=\"elementor-image-box-title\"><a href=\"\/de\/aesthetische-medizin-ibiza\/gesichtsbehandlung\/falten-entfernen\/\">Faltenentfernung<\/a><\/p><\/div><\/div>\t\t\t\t<\/div>\n\t\t\t\t<\/div>\n\t\t\t\t<div class=\"elementor-element elementor-element-519fa97 elementor-widget__width-initial elementor-widget-mobile__width-inherit elementor-position-top elementor-widget elementor-widget-image-box\" data-id=\"519fa97\" data-element_type=\"widget\" data-e-type=\"widget\" data-widget_type=\"image-box.default\">\n\t\t\t\t<div class=\"elementor-widget-container\">\n\t\t\t\t\t<div class=\"elementor-image-box-wrapper\"><figure class=\"elementor-image-box-img\"><a href=\"\/de\/aesthetische-medizin-ibiza\/gesichtsbehandlung\/hautflecken-entfernen\/\" tabindex=\"-1\"><img decoding=\"async\" width=\"513\" height=\"342\" src=\"https:\/\/clinicavilaparc.es\/wp-content\/uploads\/2024\/07\/manchas-piel-ibiza.jpg\" class=\"attachment-full size-full wp-image-4607\" alt=\"\" srcset=\"https:\/\/clinicavilaparc.es\/wp-content\/uploads\/2024\/07\/manchas-piel-ibiza.jpg 513w, https:\/\/clinicavilaparc.es\/wp-content\/uploads\/2024\/07\/manchas-piel-ibiza-300x200.jpg 300w\" sizes=\"(max-width: 513px) 100vw, 513px\" \/><\/a><\/figure><div class=\"elementor-image-box-content\"><p class=\"elementor-image-box-title\"><a href=\"\/de\/aesthetische-medizin-ibiza\/gesichtsbehandlung\/hautflecken-entfernen\/\">Hautflecken Entfernen<\/a><\/p><\/div><\/div>\t\t\t\t<\/div>\n\t\t\t\t<\/div>\n\t\t\t\t<div class=\"elementor-element elementor-element-2b7aa2a elementor-widget__width-initial elementor-widget-mobile__width-inherit elementor-position-top elementor-widget elementor-widget-image-box\" data-id=\"2b7aa2a\" data-element_type=\"widget\" data-e-type=\"widget\" data-widget_type=\"image-box.default\">\n\t\t\t\t<div class=\"elementor-widget-container\">\n\t\t\t\t\t<div class=\"elementor-image-box-wrapper\"><figure class=\"elementor-image-box-img\"><a href=\"\/de\/aesthetische-medizin-ibiza\/gesichtsbehandlung\/lippenvergroesserung\/\" tabindex=\"-1\"><img decoding=\"async\" width=\"513\" height=\"342\" src=\"https:\/\/clinicavilaparc.es\/wp-content\/uploads\/2024\/07\/aumento-labios-ibiza3.jpg\" class=\"attachment-full size-full wp-image-5015\" alt=\"\" srcset=\"https:\/\/clinicavilaparc.es\/wp-content\/uploads\/2024\/07\/aumento-labios-ibiza3.jpg 513w, https:\/\/clinicavilaparc.es\/wp-content\/uploads\/2024\/07\/aumento-labios-ibiza3-300x200.jpg 300w\" sizes=\"(max-width: 513px) 100vw, 513px\" \/><\/a><\/figure><div class=\"elementor-image-box-content\"><p class=\"elementor-image-box-title\"><a href=\"\/de\/aesthetische-medizin-ibiza\/gesichtsbehandlung\/lippenvergroesserung\/\">Lippenvergr\u00f6\u00dferung<\/a><\/p><\/div><\/div>\t\t\t\t<\/div>\n\t\t\t\t<\/div>\n\t\t\t\t<div class=\"elementor-element elementor-element-5b5cc6a elementor-widget__width-initial elementor-widget-mobile__width-inherit elementor-position-top elementor-widget elementor-widget-image-box\" data-id=\"5b5cc6a\" data-element_type=\"widget\" data-e-type=\"widget\" data-widget_type=\"image-box.default\">\n\t\t\t\t<div class=\"elementor-widget-container\">\n\t\t\t\t\t<div class=\"elementor-image-box-wrapper\"><figure class=\"elementor-image-box-img\"><a href=\"\/de\/aesthetische-medizin-ibiza\/gesichtsbehandlung\/nase\/\" tabindex=\"-1\"><img loading=\"lazy\" decoding=\"async\" width=\"513\" height=\"342\" src=\"https:\/\/clinicavilaparc.es\/wp-content\/uploads\/2024\/07\/estetica-nariz-ibiza.jpg\" class=\"attachment-full size-full wp-image-5019\" alt=\"\" srcset=\"https:\/\/clinicavilaparc.es\/wp-content\/uploads\/2024\/07\/estetica-nariz-ibiza.jpg 513w, https:\/\/clinicavilaparc.es\/wp-content\/uploads\/2024\/07\/estetica-nariz-ibiza-300x200.jpg 300w\" sizes=\"(max-width: 513px) 100vw, 513px\" \/><\/a><\/figure><div class=\"elementor-image-box-content\"><p class=\"elementor-image-box-title\"><a href=\"\/de\/aesthetische-medizin-ibiza\/gesichtsbehandlung\/nase\/\">\u00c4STHETIK DER NASE<\/a><\/p><\/div><\/div>\t\t\t\t<\/div>\n\t\t\t\t<\/div>\n\t\t\t\t<div class=\"elementor-element elementor-element-f299a41 elementor-widget__width-initial elementor-widget-mobile__width-inherit elementor-position-top elementor-widget elementor-widget-image-box\" data-id=\"f299a41\" data-element_type=\"widget\" data-e-type=\"widget\" data-widget_type=\"image-box.default\">\n\t\t\t\t<div class=\"elementor-widget-container\">\n\t\t\t\t\t<div class=\"elementor-image-box-wrapper\"><figure class=\"elementor-image-box-img\"><a href=\"\/de\/aesthetische-medizin-ibiza\/gesichtsbehandlung\/fett-am-hals-entfernen\/\" tabindex=\"-1\"><img loading=\"lazy\" decoding=\"async\" width=\"513\" height=\"342\" src=\"https:\/\/clinicavilaparc.es\/wp-content\/uploads\/2024\/07\/grasa-cuello-ibiza.jpg\" class=\"attachment-full size-full wp-image-5188\" alt=\"\" srcset=\"https:\/\/clinicavilaparc.es\/wp-content\/uploads\/2024\/07\/grasa-cuello-ibiza.jpg 513w, https:\/\/clinicavilaparc.es\/wp-content\/uploads\/2024\/07\/grasa-cuello-ibiza-300x200.jpg 300w\" sizes=\"(max-width: 513px) 100vw, 513px\" \/><\/a><\/figure><div class=\"elementor-image-box-content\"><p class=\"elementor-image-box-title\"><a href=\"\/de\/aesthetische-medizin-ibiza\/gesichtsbehandlung\/fett-am-hals-entfernen\/\">Fettentfernung Am Hals<\/a><\/p><\/div><\/div>\t\t\t\t<\/div>\n\t\t\t\t<\/div>\n\t\t\t\t<div class=\"elementor-element elementor-element-2bedf49 elementor-widget__width-initial elementor-widget-mobile__width-inherit elementor-position-top elementor-widget elementor-widget-image-box\" data-id=\"2bedf49\" data-element_type=\"widget\" data-e-type=\"widget\" data-widget_type=\"image-box.default\">\n\t\t\t\t<div class=\"elementor-widget-container\">\n\t\t\t\t\t<div class=\"elementor-image-box-wrapper\"><figure class=\"elementor-image-box-img\"><a href=\"\/de\/aesthetische-medizin-ibiza\/gesichtsbehandlung\/hydratation\/\" tabindex=\"-1\"><img loading=\"lazy\" decoding=\"async\" width=\"513\" height=\"342\" src=\"https:\/\/clinicavilaparc.es\/wp-content\/uploads\/2024\/07\/hidratacion-facial-ibiza.jpg\" class=\"attachment-full size-full wp-image-5027\" alt=\"\" srcset=\"https:\/\/clinicavilaparc.es\/wp-content\/uploads\/2024\/07\/hidratacion-facial-ibiza.jpg 513w, https:\/\/clinicavilaparc.es\/wp-content\/uploads\/2024\/07\/hidratacion-facial-ibiza-300x200.jpg 300w\" sizes=\"(max-width: 513px) 100vw, 513px\" \/><\/a><\/figure><div class=\"elementor-image-box-content\"><p class=\"elementor-image-box-title\"><a href=\"\/de\/aesthetische-medizin-ibiza\/gesichtsbehandlung\/hydratation\/\">Gesichtshydratation<\/a><\/p><\/div><\/div>\t\t\t\t<\/div>\n\t\t\t\t<\/div>\n\t\t\t\t<div class=\"elementor-element elementor-element-d998f69 elementor-widget__width-initial elementor-widget-mobile__width-inherit elementor-position-top elementor-widget elementor-widget-image-box\" data-id=\"d998f69\" data-element_type=\"widget\" data-e-type=\"widget\" data-widget_type=\"image-box.default\">\n\t\t\t\t<div class=\"elementor-widget-container\">\n\t\t\t\t\t<div class=\"elementor-image-box-wrapper\"><figure class=\"elementor-image-box-img\"><a href=\"\/de\/aesthetische-medizin-ibiza\/gesichtsbehandlung\/gesichtsverjungung\/\" tabindex=\"-1\"><img loading=\"lazy\" decoding=\"async\" width=\"513\" height=\"342\" src=\"https:\/\/clinicavilaparc.es\/wp-content\/uploads\/2024\/07\/rejuvenecimiento-facial-ibiza.jpg\" class=\"attachment-full size-full wp-image-5031\" alt=\"\" srcset=\"https:\/\/clinicavilaparc.es\/wp-content\/uploads\/2024\/07\/rejuvenecimiento-facial-ibiza.jpg 513w, https:\/\/clinicavilaparc.es\/wp-content\/uploads\/2024\/07\/rejuvenecimiento-facial-ibiza-300x200.jpg 300w\" sizes=\"(max-width: 513px) 100vw, 513px\" \/><\/a><\/figure><div class=\"elementor-image-box-content\"><p class=\"elementor-image-box-title\"><a href=\"\/de\/aesthetische-medizin-ibiza\/gesichtsbehandlung\/gesichtsverjungung\/\">gesichtsverj\u00fcngung <\/a><\/p><\/div><\/div>\t\t\t\t<\/div>\n\t\t\t\t<\/div>\n\t\t\t\t<div class=\"elementor-element elementor-element-b925d06 elementor-widget__width-initial elementor-widget-mobile__width-inherit elementor-position-top elementor-widget elementor-widget-image-box\" data-id=\"b925d06\" data-element_type=\"widget\" data-e-type=\"widget\" data-widget_type=\"image-box.default\">\n\t\t\t\t<div class=\"elementor-widget-container\">\n\t\t\t\t\t<div class=\"elementor-image-box-wrapper\"><figure class=\"elementor-image-box-img\"><a href=\"\/de\/aesthetische-medizin-ibiza\/gesichtsbehandlun\/aknebehandlungeng\/\" tabindex=\"-1\"><img loading=\"lazy\" decoding=\"async\" width=\"513\" height=\"342\" src=\"https:\/\/clinicavilaparc.es\/wp-content\/uploads\/2024\/07\/acne-ibiza.jpg\" class=\"attachment-full size-full wp-image-5035\" alt=\"\" srcset=\"https:\/\/clinicavilaparc.es\/wp-content\/uploads\/2024\/07\/acne-ibiza.jpg 513w, https:\/\/clinicavilaparc.es\/wp-content\/uploads\/2024\/07\/acne-ibiza-300x200.jpg 300w\" sizes=\"(max-width: 513px) 100vw, 513px\" \/><\/a><\/figure><div class=\"elementor-image-box-content\"><p class=\"elementor-image-box-title\"><a href=\"\/de\/aesthetische-medizin-ibiza\/gesichtsbehandlun\/aknebehandlungeng\/\">Aknebehandlungeng<\/a><\/p><\/div><\/div>\t\t\t\t<\/div>\n\t\t\t\t<\/div>\n\t\t\t\t<\/div>\n\t\t<div class=\"elementor-element elementor-element-648c009 e-con-full contenido-oculto e-flex e-con e-child\" data-id=\"648c009\" data-element_type=\"container\" data-e-type=\"container\" id=\"header-medicina-estetica-corporal\" data-settings=\"{&quot;background_background&quot;:&quot;classic&quot;}\">\n\t\t\t\t<div class=\"elementor-element elementor-element-934a93d elementor-position-top elementor-widget elementor-widget-image-box\" data-id=\"934a93d\" data-element_type=\"widget\" data-e-type=\"widget\" data-widget_type=\"image-box.default\">\n\t\t\t\t<div class=\"elementor-widget-container\">\n\t\t\t\t\t<div class=\"elementor-image-box-wrapper\"><figure class=\"elementor-image-box-img\"><a href=\"\/de\/aesthetische-medizin-ibiza\/koerper\/volumen-reduzierung\/\" tabindex=\"-1\"><img loading=\"lazy\" decoding=\"async\" width=\"513\" height=\"342\" src=\"https:\/\/clinicavilaparc.es\/wp-content\/uploads\/2024\/07\/bajar-volumen-ibiza-1.jpg\" class=\"attachment-full size-full wp-image-5288\" alt=\"\" srcset=\"https:\/\/clinicavilaparc.es\/wp-content\/uploads\/2024\/07\/bajar-volumen-ibiza-1.jpg 513w, https:\/\/clinicavilaparc.es\/wp-content\/uploads\/2024\/07\/bajar-volumen-ibiza-1-300x200.jpg 300w\" sizes=\"(max-width: 513px) 100vw, 513px\" \/><\/a><\/figure><div class=\"elementor-image-box-content\"><p class=\"elementor-image-box-title\"><a href=\"\/de\/aesthetische-medizin-ibiza\/koerper\/volumen-reduzierung\/\">Lautst\u00e4rke verringern<\/a><\/p><\/div><\/div>\t\t\t\t<\/div>\n\t\t\t\t<\/div>\n\t\t\t\t<div class=\"elementor-element elementor-element-0c515cb elementor-position-top elementor-widget elementor-widget-image-box\" data-id=\"0c515cb\" data-element_type=\"widget\" data-e-type=\"widget\" data-widget_type=\"image-box.default\">\n\t\t\t\t<div class=\"elementor-widget-container\">\n\t\t\t\t\t<div class=\"elementor-image-box-wrapper\"><figure class=\"elementor-image-box-img\"><a href=\"\/de\/aesthetische-medizin-ibiza\/koerper\/krampfadern-entfernen\/\" tabindex=\"-1\"><img loading=\"lazy\" decoding=\"async\" width=\"513\" height=\"342\" src=\"https:\/\/clinicavilaparc.es\/wp-content\/uploads\/2024\/07\/eliminar-varices-ibiza.jpg\" class=\"attachment-full size-full wp-image-5292\" alt=\"\" srcset=\"https:\/\/clinicavilaparc.es\/wp-content\/uploads\/2024\/07\/eliminar-varices-ibiza.jpg 513w, https:\/\/clinicavilaparc.es\/wp-content\/uploads\/2024\/07\/eliminar-varices-ibiza-300x200.jpg 300w\" sizes=\"(max-width: 513px) 100vw, 513px\" \/><\/a><\/figure><div class=\"elementor-image-box-content\"><p class=\"elementor-image-box-title\"><a href=\"\/de\/aesthetische-medizin-ibiza\/koerper\/krampfadern-entfernen\/\">Entfernung Von Krampfadern<\/a><\/p><\/div><\/div>\t\t\t\t<\/div>\n\t\t\t\t<\/div>\n\t\t\t\t<div class=\"elementor-element elementor-element-b7a5e5b elementor-position-top elementor-widget elementor-widget-image-box\" data-id=\"b7a5e5b\" data-element_type=\"widget\" data-e-type=\"widget\" data-widget_type=\"image-box.default\">\n\t\t\t\t<div class=\"elementor-widget-container\">\n\t\t\t\t\t<div class=\"elementor-image-box-wrapper\"><figure class=\"elementor-image-box-img\"><a href=\"\/de\/aesthetische-medizin-ibiza\/koerper\/warzen-entfernen\/\" tabindex=\"-1\"><img loading=\"lazy\" decoding=\"async\" width=\"513\" height=\"342\" src=\"https:\/\/clinicavilaparc.es\/wp-content\/uploads\/2024\/11\/eliminar-verrugas-corporal-ibiza.jpg\" class=\"attachment-full size-full wp-image-7375\" alt=\"\" srcset=\"https:\/\/clinicavilaparc.es\/wp-content\/uploads\/2024\/11\/eliminar-verrugas-corporal-ibiza.jpg 513w, https:\/\/clinicavilaparc.es\/wp-content\/uploads\/2024\/11\/eliminar-verrugas-corporal-ibiza-300x200.jpg 300w\" sizes=\"(max-width: 513px) 100vw, 513px\" \/><\/a><\/figure><div class=\"elementor-image-box-content\"><p class=\"elementor-image-box-title\"><a href=\"\/de\/aesthetische-medizin-ibiza\/koerper\/warzen-entfernen\/\">Warzenentfernung<\/a><\/p><\/div><\/div>\t\t\t\t<\/div>\n\t\t\t\t<\/div>\n\t\t\t\t<div class=\"elementor-element elementor-element-d664285 elementor-position-top elementor-widget elementor-widget-image-box\" data-id=\"d664285\" data-element_type=\"widget\" data-e-type=\"widget\" data-widget_type=\"image-box.default\">\n\t\t\t\t<div class=\"elementor-widget-container\">\n\t\t\t\t\t<div class=\"elementor-image-box-wrapper\"><figure class=\"elementor-image-box-img\"><a href=\"\/de\/aesthetische-medizin-ibiza\/koerper\/schlaffheit\/\" tabindex=\"-1\"><img loading=\"lazy\" decoding=\"async\" width=\"513\" height=\"342\" src=\"https:\/\/clinicavilaparc.es\/wp-content\/uploads\/2024\/07\/flacidez-corportal-1.jpg\" class=\"attachment-full size-full wp-image-5296\" alt=\"\" srcset=\"https:\/\/clinicavilaparc.es\/wp-content\/uploads\/2024\/07\/flacidez-corportal-1.jpg 513w, https:\/\/clinicavilaparc.es\/wp-content\/uploads\/2024\/07\/flacidez-corportal-1-300x200.jpg 300w\" sizes=\"(max-width: 513px) 100vw, 513px\" \/><\/a><\/figure><div class=\"elementor-image-box-content\"><p class=\"elementor-image-box-title\"><a href=\"\/de\/aesthetische-medizin-ibiza\/koerper\/schlaffheit\/\">Schlaffer K\u00f6rper Behandlung<\/a><\/p><\/div><\/div>\t\t\t\t<\/div>\n\t\t\t\t<\/div>\n\t\t\t\t<div class=\"elementor-element elementor-element-2e86690 elementor-position-top elementor-widget elementor-widget-image-box\" data-id=\"2e86690\" data-element_type=\"widget\" data-e-type=\"widget\" data-widget_type=\"image-box.default\">\n\t\t\t\t<div class=\"elementor-widget-container\">\n\t\t\t\t\t<div class=\"elementor-image-box-wrapper\"><figure class=\"elementor-image-box-img\"><a href=\"\/de\/aesthetische-medizin-ibiza\/koerper\/lokales-fett\/\" tabindex=\"-1\"><img loading=\"lazy\" decoding=\"async\" width=\"513\" height=\"342\" src=\"https:\/\/clinicavilaparc.es\/wp-content\/uploads\/2024\/07\/grasa-localizada-ibiza.jpg\" class=\"attachment-full size-full wp-image-5300\" alt=\"\" srcset=\"https:\/\/clinicavilaparc.es\/wp-content\/uploads\/2024\/07\/grasa-localizada-ibiza.jpg 513w, https:\/\/clinicavilaparc.es\/wp-content\/uploads\/2024\/07\/grasa-localizada-ibiza-300x200.jpg 300w\" sizes=\"(max-width: 513px) 100vw, 513px\" \/><\/a><\/figure><div class=\"elementor-image-box-content\"><p class=\"elementor-image-box-title\"><a href=\"\/de\/aesthetische-medizin-ibiza\/koerper\/lokales-fett\/\">Fettansammlungen<\/a><\/p><\/div><\/div>\t\t\t\t<\/div>\n\t\t\t\t<\/div>\n\t\t\t\t<div class=\"elementor-element elementor-element-3907b4c elementor-position-top elementor-widget elementor-widget-image-box\" data-id=\"3907b4c\" data-element_type=\"widget\" data-e-type=\"widget\" data-widget_type=\"image-box.default\">\n\t\t\t\t<div class=\"elementor-widget-container\">\n\t\t\t\t\t<div class=\"elementor-image-box-wrapper\"><figure class=\"elementor-image-box-img\"><a href=\"\/de\/aesthetische-medizin-ibiza\/koerper\/ausschnittsverjungung\/\" tabindex=\"-1\"><img loading=\"lazy\" decoding=\"async\" width=\"513\" height=\"342\" src=\"https:\/\/clinicavilaparc.es\/wp-content\/uploads\/2024\/07\/rejuvenecimiento-escote-ibiza-1.jpg\" class=\"attachment-full size-full wp-image-5304\" alt=\"\" srcset=\"https:\/\/clinicavilaparc.es\/wp-content\/uploads\/2024\/07\/rejuvenecimiento-escote-ibiza-1.jpg 513w, https:\/\/clinicavilaparc.es\/wp-content\/uploads\/2024\/07\/rejuvenecimiento-escote-ibiza-1-300x200.jpg 300w\" sizes=\"(max-width: 513px) 100vw, 513px\" \/><\/a><\/figure><div class=\"elementor-image-box-content\"><p class=\"elementor-image-box-title\"><a href=\"\/de\/aesthetische-medizin-ibiza\/koerper\/ausschnittsverjungung\/\">Ausschnittsverjungung<\/a><\/p><\/div><\/div>\t\t\t\t<\/div>\n\t\t\t\t<\/div>\n\t\t\t\t<div class=\"elementor-element elementor-element-21987c8 elementor-position-top elementor-widget elementor-widget-image-box\" data-id=\"21987c8\" data-element_type=\"widget\" data-e-type=\"widget\" data-widget_type=\"image-box.default\">\n\t\t\t\t<div class=\"elementor-widget-container\">\n\t\t\t\t\t<div class=\"elementor-image-box-wrapper\"><figure class=\"elementor-image-box-img\"><a href=\"\/de\/aesthetische-medizin-ibiza\/koerper\/uebergewicht\/\" tabindex=\"-1\"><img loading=\"lazy\" decoding=\"async\" width=\"513\" height=\"342\" src=\"https:\/\/clinicavilaparc.es\/wp-content\/uploads\/2024\/07\/sobrepeso-ibiza-1.jpg\" class=\"attachment-full size-full wp-image-5308\" alt=\"\" srcset=\"https:\/\/clinicavilaparc.es\/wp-content\/uploads\/2024\/07\/sobrepeso-ibiza-1.jpg 513w, https:\/\/clinicavilaparc.es\/wp-content\/uploads\/2024\/07\/sobrepeso-ibiza-1-300x200.jpg 300w\" sizes=\"(max-width: 513px) 100vw, 513px\" \/><\/a><\/figure><div class=\"elementor-image-box-content\"><p class=\"elementor-image-box-title\"><a href=\"\/de\/aesthetische-medizin-ibiza\/koerper\/uebergewicht\/\">\u00dcbergewichtsbehandlung<\/a><\/p><\/div><\/div>\t\t\t\t<\/div>\n\t\t\t\t<\/div>\n\t\t\t\t<div class=\"elementor-element elementor-element-0034edf elementor-position-top elementor-widget elementor-widget-image-box\" data-id=\"0034edf\" data-element_type=\"widget\" data-e-type=\"widget\" data-widget_type=\"image-box.default\">\n\t\t\t\t<div class=\"elementor-widget-container\">\n\t\t\t\t\t<div class=\"elementor-image-box-wrapper\"><figure class=\"elementor-image-box-img\"><a href=\"\/de\/aesthetische-medizin-ibiza\/koerper\/cellulite-entfernen\/\" tabindex=\"-1\"><img loading=\"lazy\" decoding=\"async\" width=\"513\" height=\"342\" src=\"https:\/\/clinicavilaparc.es\/wp-content\/uploads\/2024\/08\/eliminar-celulitis-ibiza.jpg\" class=\"attachment-full size-full wp-image-5324\" alt=\"\" srcset=\"https:\/\/clinicavilaparc.es\/wp-content\/uploads\/2024\/08\/eliminar-celulitis-ibiza.jpg 513w, https:\/\/clinicavilaparc.es\/wp-content\/uploads\/2024\/08\/eliminar-celulitis-ibiza-300x200.jpg 300w\" sizes=\"(max-width: 513px) 100vw, 513px\" \/><\/a><\/figure><div class=\"elementor-image-box-content\"><p class=\"elementor-image-box-title\"><a href=\"\/de\/aesthetische-medizin-ibiza\/koerper\/cellulite-entfernen\/\">Behandlungen Zur Zellulitisentfernung<\/a><\/p><\/div><\/div>\t\t\t\t<\/div>\n\t\t\t\t<\/div>\n\t\t\t\t<div class=\"elementor-element elementor-element-bf29292 elementor-position-top elementor-widget elementor-widget-image-box\" data-id=\"bf29292\" data-element_type=\"widget\" data-e-type=\"widget\" data-widget_type=\"image-box.default\">\n\t\t\t\t<div class=\"elementor-widget-container\">\n\t\t\t\t\t<div class=\"elementor-image-box-wrapper\"><figure class=\"elementor-image-box-img\"><a href=\"\/de\/aesthetische-medizin-ibiza\/koerper\/laser-haarentfernung\/\" tabindex=\"-1\"><img loading=\"lazy\" decoding=\"async\" width=\"513\" height=\"342\" src=\"https:\/\/clinicavilaparc.es\/wp-content\/uploads\/2024\/08\/depilacion-laser-ibiza.jpg\" class=\"attachment-full size-full wp-image-5328\" alt=\"\" srcset=\"https:\/\/clinicavilaparc.es\/wp-content\/uploads\/2024\/08\/depilacion-laser-ibiza.jpg 513w, https:\/\/clinicavilaparc.es\/wp-content\/uploads\/2024\/08\/depilacion-laser-ibiza-300x200.jpg 300w\" sizes=\"(max-width: 513px) 100vw, 513px\" \/><\/a><\/figure><div class=\"elementor-image-box-content\"><p class=\"elementor-image-box-title\"><a href=\"\/de\/aesthetische-medizin-ibiza\/koerper\/laser-haarentfernung\/\">Laserdepilation F\u00fcr Frauen<\/a><\/p><\/div><\/div>\t\t\t\t<\/div>\n\t\t\t\t<\/div>\n\t\t\t\t<\/div>\n\t\t\t\t<\/div>\n\t\t\t\t<\/div>\n\t\t\t\t<\/div>\n\t\t\t\t<\/div>\n\t\t\t\t\t\t<\/div>\n\t\t\t\t<\/div>\n\t\t\t\t<\/div>\n\t\t<div class=\"elementor-element elementor-element-32bcdc49 e-flex e-con-boxed e-con e-parent\" data-id=\"32bcdc49\" data-element_type=\"container\" data-e-type=\"container\" data-settings=\"{&quot;background_background&quot;:&quot;classic&quot;}\">\n\t\t\t\t\t<div class=\"e-con-inner\">\n\t\t<div class=\"elementor-element elementor-element-4db14b0d e-con-full e-flex e-con e-child\" data-id=\"4db14b0d\" data-element_type=\"container\" data-e-type=\"container\">\n\t\t\t\t<div class=\"elementor-element elementor-element-14d98aea elementor-widget elementor-widget-heading\" data-id=\"14d98aea\" data-element_type=\"widget\" data-e-type=\"widget\" data-widget_type=\"heading.default\">\n\t\t\t\t<div class=\"elementor-widget-container\">\n\t\t\t\t\t<h1 class=\"elementor-heading-title elementor-size-default\">AKNEBEHANDLUNGEN<\/h1>\t\t\t\t<\/div>\n\t\t\t\t<\/div>\n\t\t\t\t<div class=\"elementor-element elementor-element-3d180e4e elementor-widget-divider--view-line elementor-invisible elementor-widget elementor-widget-divider\" data-id=\"3d180e4e\" data-element_type=\"widget\" data-e-type=\"widget\" data-settings=\"{&quot;_animation&quot;:&quot;bounceInLeft&quot;}\" data-widget_type=\"divider.default\">\n\t\t\t\t<div class=\"elementor-widget-container\">\n\t\t\t\t\t\t\t<div class=\"elementor-divider\">\n\t\t\t<span class=\"elementor-divider-separator\">\n\t\t\t\t\t\t<\/span>\n\t\t<\/div>\n\t\t\t\t\t\t<\/div>\n\t\t\t\t<\/div>\n\t\t\t\t<div class=\"elementor-element elementor-element-95a2b4e elementor-widget elementor-widget-template\" data-id=\"95a2b4e\" data-element_type=\"widget\" data-e-type=\"widget\" data-widget_type=\"template.default\">\n\t\t\t\t<div class=\"elementor-widget-container\">\n\t\t\t\t\t\t\t<div class=\"elementor-template\">\n\t\t\t\t\t<div data-elementor-type=\"section\" data-elementor-id=\"10309\" class=\"elementor elementor-10309 elementor-10163 elementor-10163\" data-elementor-post-type=\"elementor_library\">\n\t\t\t<div class=\"elementor-element elementor-element-59d29fd e-con-full e-flex e-con e-child\" data-id=\"59d29fd\" data-element_type=\"container\" data-e-type=\"container\">\n\t\t<div class=\"elementor-element elementor-element-fb09c87 e-con-full e-flex e-con e-child\" data-id=\"fb09c87\" data-element_type=\"container\" data-e-type=\"container\" data-settings=\"{&quot;background_background&quot;:&quot;gradient&quot;}\">\n\t\t\t\t<div class=\"elementor-element elementor-element-3fe6c33 elementor-widget elementor-widget-heading\" data-id=\"3fe6c33\" data-element_type=\"widget\" data-e-type=\"widget\" data-widget_type=\"heading.default\">\n\t\t\t\t<div class=\"elementor-widget-container\">\n\t\t\t\t\t<h3 class=\"elementor-heading-title elementor-size-default\">Termintelefon<\/h3>\t\t\t\t<\/div>\n\t\t\t\t<\/div>\n\t\t\t\t<div class=\"elementor-element elementor-element-843c088 elementor-position-inline-start elementor-view-stacked elementor-shape-circle elementor-mobile-position-block-start elementor-widget elementor-widget-icon-box\" data-id=\"843c088\" data-element_type=\"widget\" data-e-type=\"widget\" data-widget_type=\"icon-box.default\">\n\t\t\t\t<div class=\"elementor-widget-container\">\n\t\t\t\t\t\t\t<div class=\"elementor-icon-box-wrapper\">\n\n\t\t\t\t\t\t<div class=\"elementor-icon-box-icon\">\n\t\t\t\t<a href=\"tel:+34971302354\" class=\"elementor-icon\" tabindex=\"-1\" aria-label=\"971 30 23 54\">\n\t\t\t\t<i aria-hidden=\"true\" class=\"fas fa-phone\"><\/i>\t\t\t\t<\/a>\n\t\t\t<\/div>\n\t\t\t\n\t\t\t\t\t\t<div class=\"elementor-icon-box-content\">\n\n\t\t\t\t\t\t\t\t\t<h4 class=\"elementor-icon-box-title\">\n\t\t\t\t\t\t<a href=\"tel:+34971302354\" >\n\t\t\t\t\t\t\t971 30 23 54\t\t\t\t\t\t<\/a>\n\t\t\t\t\t<\/h4>\n\t\t\t\t\n\t\t\t\t\n\t\t\t<\/div>\n\t\t\t\n\t\t<\/div>\n\t\t\t\t\t\t<\/div>\n\t\t\t\t<\/div>\n\t\t\t\t<div class=\"elementor-element elementor-element-c1d42ef elementor-align-center elementor-widget elementor-widget-button\" data-id=\"c1d42ef\" data-element_type=\"widget\" data-e-type=\"widget\" data-widget_type=\"button.default\">\n\t\t\t\t<div class=\"elementor-widget-container\">\n\t\t\t\t\t\t\t\t\t<div class=\"elementor-button-wrapper\">\n\t\t\t\t\t<a class=\"elementor-button elementor-button-link elementor-size-sm\" href=\"https:\/\/portalpaciente.grupopoliclinica.es:4443\/\" target=\"_blank\" rel=\"noopener\">\n\t\t\t\t\t\t<span class=\"elementor-button-content-wrapper\">\n\t\t\t\t\t\t\t\t\t<span class=\"elementor-button-text\">Patientenportal<\/span>\n\t\t\t\t\t<\/span>\n\t\t\t\t\t<\/a>\n\t\t\t\t<\/div>\n\t\t\t\t\t\t\t\t<\/div>\n\t\t\t\t<\/div>\n\t\t\t\t<\/div>\n\t\t<div class=\"elementor-element elementor-element-55f3b42 e-con-full e-flex e-con e-child\" data-id=\"55f3b42\" data-element_type=\"container\" data-e-type=\"container\" data-settings=\"{&quot;background_background&quot;:&quot;classic&quot;}\">\n\t\t\t\t<div class=\"elementor-element elementor-element-e1969ae elementor-widget elementor-widget-heading\" data-id=\"e1969ae\" data-element_type=\"widget\" data-e-type=\"widget\" data-widget_type=\"heading.default\">\n\t\t\t\t<div class=\"elementor-widget-container\">\n\t\t\t\t\t<h2 class=\"elementor-heading-title elementor-size-default\">Vila Parc Schedule<\/h2>\t\t\t\t<\/div>\n\t\t\t\t<\/div>\n\t\t<div class=\"elementor-element elementor-element-1f43ed5 elementor-hidden-tablet e-con-full e-flex e-con e-child\" data-id=\"1f43ed5\" data-element_type=\"container\" data-e-type=\"container\" data-settings=\"{&quot;background_background&quot;:&quot;classic&quot;}\">\n\t\t<div class=\"elementor-element elementor-element-9be752c e-con-full e-flex e-con e-child\" data-id=\"9be752c\" data-element_type=\"container\" data-e-type=\"container\">\n\t\t\t\t<div class=\"elementor-element elementor-element-8f6d6e1 elementor-widget elementor-widget-text-editor\" data-id=\"8f6d6e1\" data-element_type=\"widget\" data-e-type=\"widget\" data-widget_type=\"text-editor.default\">\n\t\t\t\t<div class=\"elementor-widget-container\">\n\t\t\t\t\t\t\t\t\t<p>Montag bis Freitag<\/p>\t\t\t\t\t\t\t\t<\/div>\n\t\t\t\t<\/div>\n\t\t\t\t<div class=\"elementor-element elementor-element-3c0b7c5 elementor-widget elementor-widget-text-editor\" data-id=\"3c0b7c5\" data-element_type=\"widget\" data-e-type=\"widget\" data-widget_type=\"text-editor.default\">\n\t\t\t\t<div class=\"elementor-widget-container\">\n\t\t\t\t\t\t\t\t\t<p>Saturday<\/p>\t\t\t\t\t\t\t\t<\/div>\n\t\t\t\t<\/div>\n\t\t\t\t<div class=\"elementor-element elementor-element-577b43c elementor-widget elementor-widget-text-editor\" data-id=\"577b43c\" data-element_type=\"widget\" data-e-type=\"widget\" data-widget_type=\"text-editor.default\">\n\t\t\t\t<div class=\"elementor-widget-container\">\n\t\t\t\t\t\t\t\t\t<p>Sunday<\/p>\n\t\t\t\t\t\t\t\t<\/div>\n\t\t\t\t<\/div>\n\t\t\t\t<\/div>\n\t\t<div class=\"elementor-element elementor-element-bdb72da e-con-full e-flex e-con e-child\" data-id=\"bdb72da\" data-element_type=\"container\" data-e-type=\"container\">\n\t\t\t\t<div class=\"elementor-element elementor-element-e90e5a0 elementor-widget elementor-widget-text-editor\" data-id=\"e90e5a0\" data-element_type=\"widget\" data-e-type=\"widget\" data-widget_type=\"text-editor.default\">\n\t\t\t\t<div class=\"elementor-widget-container\">\n\t\t\t\t\t\t\t\t\t<p>8.00 \u2013 21.00<\/p>\t\t\t\t\t\t\t\t<\/div>\n\t\t\t\t<\/div>\n\t\t\t\t<div class=\"elementor-element elementor-element-d75b830 elementor-widget elementor-widget-text-editor\" data-id=\"d75b830\" data-element_type=\"widget\" data-e-type=\"widget\" data-widget_type=\"text-editor.default\">\n\t\t\t\t<div class=\"elementor-widget-container\">\n\t\t\t\t\t\t\t\t\t<p>Geschlossen<\/p>\n\t\t\t\t\t\t\t\t<\/div>\n\t\t\t\t<\/div>\n\t\t\t\t<div class=\"elementor-element elementor-element-1f30ae4 elementor-widget elementor-widget-text-editor\" data-id=\"1f30ae4\" data-element_type=\"widget\" data-e-type=\"widget\" data-widget_type=\"text-editor.default\">\n\t\t\t\t<div class=\"elementor-widget-container\">\n\t\t\t\t\t\t\t\t\t<p>Geschlossen<\/p>\n\t\t\t\t\t\t\t\t<\/div>\n\t\t\t\t<\/div>\n\t\t\t\t<\/div>\n\t\t\t\t<\/div>\n\t\t\t\t<\/div>\n\t\t<div class=\"elementor-element elementor-element-3045b7f e-con-full e-flex e-con e-child\" data-id=\"3045b7f\" data-element_type=\"container\" data-e-type=\"container\" data-settings=\"{&quot;background_background&quot;:&quot;classic&quot;}\">\n\t\t\t\t<div class=\"elementor-element elementor-element-bf1a2f2 elementor-widget elementor-widget-heading\" data-id=\"bf1a2f2\" data-element_type=\"widget\" data-e-type=\"widget\" data-widget_type=\"heading.default\">\n\t\t\t\t<div class=\"elementor-widget-container\">\n\t\t\t\t\t<h2 class=\"elementor-heading-title elementor-size-default\">Notaufnahme Schedule<\/h2>\t\t\t\t<\/div>\n\t\t\t\t<\/div>\n\t\t<div class=\"elementor-element elementor-element-11a6513 e-con-full e-flex e-con e-child\" data-id=\"11a6513\" data-element_type=\"container\" data-e-type=\"container\" data-settings=\"{&quot;background_background&quot;:&quot;classic&quot;}\">\n\t\t<div class=\"elementor-element elementor-element-50055df e-con-full e-flex e-con e-child\" data-id=\"50055df\" data-element_type=\"container\" data-e-type=\"container\">\n\t\t\t\t<div class=\"elementor-element elementor-element-5596fc2 elementor-widget elementor-widget-text-editor\" data-id=\"5596fc2\" data-element_type=\"widget\" data-e-type=\"widget\" data-widget_type=\"text-editor.default\">\n\t\t\t\t<div class=\"elementor-widget-container\">\n\t\t\t\t\t\t\t\t\t<p>Montag bis Samstags<\/p>\t\t\t\t\t\t\t\t<\/div>\n\t\t\t\t<\/div>\n\t\t\t\t<div class=\"elementor-element elementor-element-9f0dad4 elementor-widget elementor-widget-text-editor\" data-id=\"9f0dad4\" data-element_type=\"widget\" data-e-type=\"widget\" data-widget_type=\"text-editor.default\">\n\t\t\t\t<div class=\"elementor-widget-container\">\n\t\t\t\t\t\t\t\t\t<p>Sonntags<\/p>\t\t\t\t\t\t\t\t<\/div>\n\t\t\t\t<\/div>\n\t\t\t\t<\/div>\n\t\t<div class=\"elementor-element elementor-element-7ab0114 e-con-full e-flex e-con e-child\" data-id=\"7ab0114\" data-element_type=\"container\" data-e-type=\"container\">\n\t\t\t\t<div class=\"elementor-element elementor-element-fcfe3cc elementor-widget elementor-widget-text-editor\" data-id=\"fcfe3cc\" data-element_type=\"widget\" data-e-type=\"widget\" data-widget_type=\"text-editor.default\">\n\t\t\t\t<div class=\"elementor-widget-container\">\n\t\t\t\t\t\t\t\t\t<p>9.00 \u2013 20.30<\/p>\t\t\t\t\t\t\t\t<\/div>\n\t\t\t\t<\/div>\n\t\t\t\t<div class=\"elementor-element elementor-element-a83eabb elementor-widget elementor-widget-text-editor\" data-id=\"a83eabb\" data-element_type=\"widget\" data-e-type=\"widget\" data-widget_type=\"text-editor.default\">\n\t\t\t\t<div class=\"elementor-widget-container\">\n\t\t\t\t\t\t\t\t\t<p>Geschlossen<\/p>\t\t\t\t\t\t\t\t<\/div>\n\t\t\t\t<\/div>\n\t\t\t\t<\/div>\n\t\t\t\t<\/div>\n\t\t\t\t<\/div>\n\t\t\t\t<\/div>\n\t\t\t\t<\/div>\n\t\t\t\t<\/div>\n\t\t\t\t\t\t<\/div>\n\t\t\t\t<\/div>\n\t\t\t\t<\/div>\n\t\t\t\t\t<\/div>\n\t\t\t\t<\/div>\n\t\t<div class=\"elementor-element elementor-element-8a90fba e-flex e-con-boxed e-con e-parent\" data-id=\"8a90fba\" data-element_type=\"container\" data-e-type=\"container\" data-settings=\"{&quot;background_background&quot;:&quot;classic&quot;}\">\n\t\t\t\t\t<div class=\"e-con-inner\">\n\t\t<div class=\"elementor-element elementor-element-29ad4bf e-con-full e-flex e-con e-child\" data-id=\"29ad4bf\" data-element_type=\"container\" data-e-type=\"container\">\n\t\t\t\t<div class=\"elementor-element elementor-element-01f2cb4 elementor-widget elementor-widget-heading\" data-id=\"01f2cb4\" data-element_type=\"widget\" data-e-type=\"widget\" data-widget_type=\"heading.default\">\n\t\t\t\t<div class=\"elementor-widget-container\">\n\t\t\t\t\t<h2 class=\"elementor-heading-title elementor-size-default\">AUF NIMMERWIEDERSEHEN, AKNE: EFFEKTIVE BEHANDLUNGEN IN UNSERER SCH\u00d6NHEITSKLINIK<\/h2>\t\t\t\t<\/div>\n\t\t\t\t<\/div>\n\t\t\t\t<div class=\"elementor-element elementor-element-ce3dc1c elementor-icon-list--layout-inline elementor-list-item-link-full_width elementor-widget elementor-widget-icon-list\" data-id=\"ce3dc1c\" data-element_type=\"widget\" data-e-type=\"widget\" data-widget_type=\"icon-list.default\">\n\t\t\t\t<div class=\"elementor-widget-container\">\n\t\t\t\t\t\t\t<ul class=\"elementor-icon-list-items elementor-inline-items\">\n\t\t\t\t\t\t\t<li class=\"elementor-icon-list-item elementor-inline-item\">\n\t\t\t\t\t\t\t\t\t\t\t<a href=\"https:\/\/clinicavilaparc.es\/de\/\">\n\n\t\t\t\t\t\t\t\t\t\t\t<span class=\"elementor-icon-list-text\">Startseite<\/span>\n\t\t\t\t\t\t\t\t\t\t\t<\/a>\n\t\t\t\t\t\t\t\t\t<\/li>\n\t\t\t\t\t\t\t\t<li class=\"elementor-icon-list-item elementor-inline-item\">\n\t\t\t\t\t\t\t\t\t\t\t<a href=\"https:\/\/clinicavilaparc.es\/de\/aesthetische-medizin-ibiza\/\">\n\n\t\t\t\t\t\t\t\t\t\t\t\t<span class=\"elementor-icon-list-icon\">\n\t\t\t\t\t\t\t<i aria-hidden=\"true\" class=\"fas fa-chevron-right\"><\/i>\t\t\t\t\t\t<\/span>\n\t\t\t\t\t\t\t\t\t\t<span class=\"elementor-icon-list-text\">\u00c4sthetische Medizin<\/span>\n\t\t\t\t\t\t\t\t\t\t\t<\/a>\n\t\t\t\t\t\t\t\t\t<\/li>\n\t\t\t\t\t\t\t\t<li class=\"elementor-icon-list-item elementor-inline-item\">\n\t\t\t\t\t\t\t\t\t\t\t<a href=\"\/aesthetische-medizin-ibiza\/gesichtsbehandlung\/lippenvergroesserung\/\">\n\n\t\t\t\t\t\t\t\t\t\t\t\t<span class=\"elementor-icon-list-icon\">\n\t\t\t\t\t\t\t<i aria-hidden=\"true\" class=\"fas fa-chevron-right\"><\/i>\t\t\t\t\t\t<\/span>\n\t\t\t\t\t\t\t\t\t\t<span class=\"elementor-icon-list-text\">Gesichtsbehandlungen<\/span>\n\t\t\t\t\t\t\t\t\t\t\t<\/a>\n\t\t\t\t\t\t\t\t\t<\/li>\n\t\t\t\t\t\t\t\t<li class=\"elementor-icon-list-item elementor-inline-item\">\n\t\t\t\t\t\t\t\t\t\t\t<span class=\"elementor-icon-list-icon\">\n\t\t\t\t\t\t\t<i aria-hidden=\"true\" class=\"fas fa-chevron-right\"><\/i>\t\t\t\t\t\t<\/span>\n\t\t\t\t\t\t\t\t\t\t<span class=\"elementor-icon-list-text\">Akne<\/span>\n\t\t\t\t\t\t\t\t\t<\/li>\n\t\t\t\t\t\t<\/ul>\n\t\t\t\t\t\t<\/div>\n\t\t\t\t<\/div>\n\t\t\t\t<\/div>\n\t\t\t\t\t<\/div>\n\t\t\t\t<\/div>\n\t\t<div class=\"elementor-element elementor-element-5096057 e-flex e-con-boxed e-con e-parent\" data-id=\"5096057\" data-element_type=\"container\" data-e-type=\"container\">\n\t\t\t\t\t<div class=\"e-con-inner\">\n\t\t<div class=\"elementor-element elementor-element-2acf34b e-con-full e-flex e-con e-child\" data-id=\"2acf34b\" data-element_type=\"container\" data-e-type=\"container\">\n\t\t\t\t<div class=\"elementor-element elementor-element-7ba8c00 elementor-widget elementor-widget-text-editor\" data-id=\"7ba8c00\" data-element_type=\"widget\" data-e-type=\"widget\" data-widget_type=\"text-editor.default\">\n\t\t\t\t<div class=\"elementor-widget-container\">\n\t\t\t\t\t\t\t\t\t<p>Akne betrifft mehr als 80% der Bev\u00f6lkerung irgendwann in ihrem Leben und ganz besonders w\u00e4hrend der Jugend. Gl\u00fccklicherweise gibt es Behandlungen gegen Akne in der \u00e4sthetischen Medizin, die sowohl die Pickel, als auch deren Nachwirkungen auf ein Minimum reduzieren.<\/p>\n\t\t\t\t\t\t\t\t<\/div>\n\t\t\t\t<\/div>\n\t\t\t\t<div class=\"elementor-element elementor-element-7ec7b65 elementor-widget elementor-widget-heading\" data-id=\"7ec7b65\" data-element_type=\"widget\" data-e-type=\"widget\" data-widget_type=\"heading.default\">\n\t\t\t\t<div class=\"elementor-widget-container\">\n\t\t\t\t\t<h2 class=\"elementor-heading-title elementor-size-default\">WARUM AKNE ENTSTEHT<\/h2>\t\t\t\t<\/div>\n\t\t\t\t<\/div>\n\t\t\t\t<div class=\"elementor-element elementor-element-d9ec59b elementor-widget elementor-widget-text-editor\" data-id=\"d9ec59b\" data-element_type=\"widget\" data-e-type=\"widget\" data-widget_type=\"text-editor.default\">\n\t\t\t\t<div class=\"elementor-widget-container\">\n\t\t\t\t\t\t\t\t\t<p>Akne ist ein<strong>Hautleiden<\/strong>, das durch eine<a href=\"https:\/\/es.wikipedia.org\/wiki\/Foliculitis\" target=\"_blank\" rel=\"noopener\">Follikulitis<\/a>verursacht wird, d. h. es ist eine Entz\u00fcndung mit einer folgenden Infektion der Haarporen, die sich durch einen \u00dcberschuss an Fett verschlie\u00dfen, das die<strong>Talgdr\u00fcsen<\/strong>produzieren. Weil sich die Poren verschlie\u00dfen, wird das Bakterienwachstum gef\u00f6rdert, die eine Infektion und eine Entz\u00fcndung verursachen, durch den sich die charakteristischen und l\u00e4stigen Pickel auf der Haut bilden.<br \/>\nViele Faktoren spielen bei der Erscheinung der Akne eine Rolle, auch wenn die wichtigsten<strong>Hormon\u00e4nderungen<\/strong>sind, wie z. B. in der Pubert\u00e4t, Schwangerschaft oder Menopause oder auch durch einige Medikamente und Verh\u00fctungsmittel. Sehr fette Cremes und Schminke,<strong>Stres<\/strong>soder starkes<strong>Schwitzen<\/strong>k\u00f6nnen sie jedoch auch verursachen.<\/p>\n\t\t\t\t\t\t\t\t<\/div>\n\t\t\t\t<\/div>\n\t\t\t\t<div class=\"elementor-element elementor-element-271d610 elementor-widget elementor-widget-heading\" data-id=\"271d610\" data-element_type=\"widget\" data-e-type=\"widget\" data-widget_type=\"heading.default\">\n\t\t\t\t<div class=\"elementor-widget-container\">\n\t\t\t\t\t<h2 class=\"elementor-heading-title elementor-size-default\">AKNE BEI JUGENDLICHEN UND ERWACHSENEN<\/h2>\t\t\t\t<\/div>\n\t\t\t\t<\/div>\n\t\t\t\t<div class=\"elementor-element elementor-element-0f0be9e elementor-widget elementor-widget-text-editor\" data-id=\"0f0be9e\" data-element_type=\"widget\" data-e-type=\"widget\" data-widget_type=\"text-editor.default\">\n\t\t\t\t<div class=\"elementor-widget-container\">\n\t\t\t\t\t\t\t\t\t<p>Akne im Jugendalter tritt w\u00e4hrend der Pubert\u00e4t auf, die bei jedem Menschen unterschiedlich ist und mit der ersten<strong>Aussch\u00fcttung der Sexualhormonein<\/strong>\u00a0Verbindung gebracht wird. Sie macht sich durch viele<strong>Pickel<\/strong>,<strong>Mitesser<\/strong>,<strong>schwarze<\/strong>\u00a0<strong>Punkte<\/strong>oderMikrozystenganz besonders im Gesicht,dem Ausschnittund dem oberen Teil des R\u00fcckens bemerkbar.<br \/>\nIm Unterschied zur Akne bei Jugendlichen mit vielen kleinen Pickeln macht sich die Akne bei Erwachsenen durch wenige Pickel bemerkbar, die aber tiefe Spuren und Narben in der Haut hinterlassen.<br \/>\nBei einer schweren Akne verschlimmern sich die Hautprobleme und es treten Pusteln und Protuberanzen auf. Au\u00dferdem verbreiten sich die Pickel \u00fcber den ganzen K\u00f6rper und kommen auf den Armen, dem R\u00fccken, der Brust, der H\u00fcfte, den Beinen, dem Bauch oder dem Ges\u00e4\u00df auf. Eine schwere Akne kann das Gesicht entstellen und<strong>gro\u00dfe Narben<\/strong>und<strong>Riefen<\/strong>hinterlassen.<\/p>\n\t\t\t\t\t\t\t\t<\/div>\n\t\t\t\t<\/div>\n\t\t\t\t<div class=\"elementor-element elementor-element-1614e87 elementor-widget elementor-widget-heading\" data-id=\"1614e87\" data-element_type=\"widget\" data-e-type=\"widget\" data-widget_type=\"heading.default\">\n\t\t\t\t<div class=\"elementor-widget-container\">\n\t\t\t\t\t<h2 class=\"elementor-heading-title elementor-size-default\">AKNEBEHANDLUNGEN<\/h2>\t\t\t\t<\/div>\n\t\t\t\t<\/div>\n\t\t\t\t<div class=\"elementor-element elementor-element-f4138fd elementor-widget elementor-widget-text-editor\" data-id=\"f4138fd\" data-element_type=\"widget\" data-e-type=\"widget\" data-widget_type=\"text-editor.default\">\n\t\t\t\t<div class=\"elementor-widget-container\">\n\t\t\t\t\t\t\t\t\t<p>Bei Cl\u00ednica Vila Parc verf\u00fcgen wir \u00fcber verschiedene Behandlungen, um jeden Aknetyp zu heilen und die Bildung neuer Pickel und Mitesser zu verhindern und die Spuren und Narben, die sie verursachen kann. Es ist sehr wichtig, jeden Patienten individuell zu untersuchen, bevor man sich f\u00fcr die eine oder andere Gesichtsbehandlung entscheidet. Um Akne zu behandeln, werden verschiedene Verfahren eingesetzt, um die Haut mit<strong>Sauerstoff zu versorgen<\/strong>. Bei einer Hautinfektion muss man au\u00dferdem Antibiotika verabreichen.<\/p>\n\t\t\t\t\t\t\t\t<\/div>\n\t\t\t\t<\/div>\n\t\t<div class=\"elementor-element elementor-element-6dda371 e-con-full e-flex e-con e-child\" data-id=\"6dda371\" data-element_type=\"container\" data-e-type=\"container\">\n\t\t<div class=\"elementor-element elementor-element-14bedf1 e-con-full e-flex e-con e-child\" data-id=\"14bedf1\" data-element_type=\"container\" data-e-type=\"container\">\n\t\t\t\t<div class=\"elementor-element elementor-element-c009697 elementor-widget elementor-widget-heading\" data-id=\"c009697\" data-element_type=\"widget\" data-e-type=\"widget\" data-widget_type=\"heading.default\">\n\t\t\t\t<div class=\"elementor-widget-container\">\n\t\t\t\t\t<h2 class=\"elementor-heading-title elementor-size-default\">MESOTHERAPIE DES GESICHTS<\/h2>\t\t\t\t<\/div>\n\t\t\t\t<\/div>\n\t\t\t\t<div class=\"elementor-element elementor-element-495da73 elementor-widget elementor-widget-text-editor\" data-id=\"495da73\" data-element_type=\"widget\" data-e-type=\"widget\" data-widget_type=\"text-editor.default\">\n\t\t\t\t<div class=\"elementor-widget-container\">\n\t\t\t\t\t\t\t\t\t<p>Mit dieser \u00e4sthetischen Behandlung des Gesichts verbessert sich die Haut im Gesicht in allen Aspekten, inklusive der durch Akne verursachten Sch\u00e4den. Es ist eine einfache, preiswerte, sichere und effektive Behandlung mit Mikroinjektionen auf Vitaminbasis, Hyalurons\u00e4ure, Aminos\u00e4uren, organischem Silizium, Oligoelementen oder Antioxidantien.<\/p>\n\t\t\t\t\t\t\t\t<\/div>\n\t\t\t\t<\/div>\n\t\t\t\t<\/div>\n\t\t<div class=\"elementor-element elementor-element-b2e599b e-con-full e-flex e-con e-child\" data-id=\"b2e599b\" data-element_type=\"container\" data-e-type=\"container\">\n\t\t\t\t<div class=\"elementor-element elementor-element-20ec185 elementor-widget elementor-widget-image\" data-id=\"20ec185\" data-element_type=\"widget\" data-e-type=\"widget\" data-widget_type=\"image.default\">\n\t\t\t\t<div class=\"elementor-widget-container\">\n\t\t\t\t\t\t\t\t\t\t\t\t\t\t\t<img loading=\"lazy\" decoding=\"async\" width=\"258\" height=\"229\" src=\"https:\/\/clinicavilaparc.es\/wp-content\/uploads\/2024\/08\/tratamientos-acne.jpg\" class=\"attachment-large size-large wp-image-5491\" alt=\"\" \/>\t\t\t\t\t\t\t\t\t\t\t\t\t\t\t<\/div>\n\t\t\t\t<\/div>\n\t\t\t\t<\/div>\n\t\t\t\t<\/div>\n\t\t<div class=\"elementor-element elementor-element-99ab341 e-con-full e-flex e-con e-child\" data-id=\"99ab341\" data-element_type=\"container\" data-e-type=\"container\">\n\t\t<div class=\"elementor-element elementor-element-3078f71 e-con-full e-flex e-con e-child\" data-id=\"3078f71\" data-element_type=\"container\" data-e-type=\"container\">\n\t\t\t\t<div class=\"elementor-element elementor-element-a192ca1 elementor-widget elementor-widget-heading\" data-id=\"a192ca1\" data-element_type=\"widget\" data-e-type=\"widget\" data-widget_type=\"heading.default\">\n\t\t\t\t<div class=\"elementor-widget-container\">\n\t\t\t\t\t<h2 class=\"elementor-heading-title elementor-size-default\">FAKTOREN F\u00dcR THROMBOZYTENWACHSTUM<\/h2>\t\t\t\t<\/div>\n\t\t\t\t<\/div>\n\t\t\t\t<div class=\"elementor-element elementor-element-3acf015 elementor-widget elementor-widget-text-editor\" data-id=\"3acf015\" data-element_type=\"widget\" data-e-type=\"widget\" data-widget_type=\"text-editor.default\">\n\t\t\t\t<div class=\"elementor-widget-container\">\n\t\t\t\t\t\t\t\t\t<p>Die Wachstumsfaktoren von Thrombozyten oder PRP (thrombozytenreiches Plasma) ist ein nat\u00fcrliches, sicheres und sehr effizientes Verfahren. Die Behandlung besteht darin, dass man dem Patienten Blut entnimmt, das man dann zentrifugiert, um das pl\u00e4ttchenreiche Plasma zu gewinnen und es sp\u00e4ter unter die Haut zu injizieren. Man erzielt einen Reparatur- und Verj\u00fcngungseffekt des Gesichts, weil es die Zellregeneration der Haut stimuliert, die Bildung neuer Blut- und Kapillargef\u00e4\u00dfe erh\u00f6ht und neues Gewebe entstehen l\u00e4sst. Daher ist dieses Verfahren ideal zum Entfernen oder Reduzieren der l\u00e4stigen Aknespuren und -narben.<\/p>\n\t\t\t\t\t\t\t\t<\/div>\n\t\t\t\t<\/div>\n\t\t\t\t<\/div>\n\t\t<div class=\"elementor-element elementor-element-96bb361 e-con-full e-flex e-con e-child\" data-id=\"96bb361\" data-element_type=\"container\" data-e-type=\"container\">\n\t\t\t\t<div class=\"elementor-element elementor-element-1db7976 elementor-widget elementor-widget-image\" data-id=\"1db7976\" data-element_type=\"widget\" data-e-type=\"widget\" data-widget_type=\"image.default\">\n\t\t\t\t<div class=\"elementor-widget-container\">\n\t\t\t\t\t\t\t\t\t\t\t\t\t\t\t<img loading=\"lazy\" decoding=\"async\" width=\"294\" height=\"220\" src=\"https:\/\/clinicavilaparc.es\/wp-content\/uploads\/2024\/07\/RINOPLASTIA.jpg\" class=\"attachment-large size-large wp-image-5123\" alt=\"\" \/>\t\t\t\t\t\t\t\t\t\t\t\t\t\t\t<\/div>\n\t\t\t\t<\/div>\n\t\t\t\t<\/div>\n\t\t\t\t<\/div>\n\t\t<div class=\"elementor-element elementor-element-cd496e8 e-con-full e-flex e-con e-child\" data-id=\"cd496e8\" data-element_type=\"container\" data-e-type=\"container\">\n\t\t<div class=\"elementor-element elementor-element-a95368f e-con-full e-flex e-con e-child\" data-id=\"a95368f\" data-element_type=\"container\" data-e-type=\"container\">\n\t\t\t\t<div class=\"elementor-element elementor-element-466b7c4 elementor-widget elementor-widget-heading\" data-id=\"466b7c4\" data-element_type=\"widget\" data-e-type=\"widget\" data-widget_type=\"heading.default\">\n\t\t\t\t<div class=\"elementor-widget-container\">\n\t\t\t\t\t<h2 class=\"elementor-heading-title elementor-size-default\">GESICHTSPEELING<\/h2>\t\t\t\t<\/div>\n\t\t\t\t<\/div>\n\t\t\t\t<div class=\"elementor-element elementor-element-5223f37 elementor-widget elementor-widget-text-editor\" data-id=\"5223f37\" data-element_type=\"widget\" data-e-type=\"widget\" data-widget_type=\"text-editor.default\">\n\t\t\t\t<div class=\"elementor-widget-container\">\n\t\t\t\t\t\t\t\t\t<div class=\"elementor-column elementor-col-66 elementor-inner-column elementor-element elementor-element-c19e840\" data-id=\"c19e840\" data-element_type=\"column\">\n<div class=\"elementor-widget-wrap elementor-element-populated\">\n<div class=\"elementor-element elementor-element-7741aca elementor-widget elementor-widget-text-editor\" data-id=\"7741aca\" data-element_type=\"widget\" data-widget_type=\"text-editor.default\">\n<div class=\"elementor-widget-container\">\n<p>Eine hervorragende Alternative zur Aknebehandlung ist ein Gesichtspeeling. Man tr\u00e4gt dazu auf das Gesicht eine Substanz ein, die das nat\u00fcrliche Abbl\u00e4ttern der Haut f\u00f6rdert. Durch die Entfernung abgestorbener Zellen und den obersten Hautschichten werden Hautfehler, wie Akne unterdr\u00fcckt und die Generation von Kollagen und neuem Gewebe stimuliert. Au\u00dferdem entsteht in den Talgdr\u00fcsen ein antiseptischer Effekt, der dieFettregulierungsteuert und die Haut von Unreinheiten befreit.<\/p>\n<\/div>\n<\/div>\n<\/div>\n<\/div>\n<div class=\"elementor-column elementor-col-33 elementor-inner-column elementor-element elementor-element-473625a\" data-id=\"473625a\" data-element_type=\"column\">\n<div class=\"elementor-widget-wrap elementor-element-populated\">\n<div class=\"elementor-element elementor-element-6422e6a elementor-widget elementor-widget-image\" data-id=\"6422e6a\" data-element_type=\"widget\" data-widget_type=\"image.default\"><\/div>\n<\/div>\n<\/div>\n\t\t\t\t\t\t\t\t<\/div>\n\t\t\t\t<\/div>\n\t\t\t\t<\/div>\n\t\t<div class=\"elementor-element elementor-element-4931a0b e-con-full e-flex e-con e-child\" data-id=\"4931a0b\" data-element_type=\"container\" data-e-type=\"container\">\n\t\t\t\t<div class=\"elementor-element elementor-element-b3cfc95 elementor-widget elementor-widget-image\" data-id=\"b3cfc95\" data-element_type=\"widget\" data-e-type=\"widget\" data-widget_type=\"image.default\">\n\t\t\t\t<div class=\"elementor-widget-container\">\n\t\t\t\t\t\t\t\t\t\t\t\t\t\t\t<img loading=\"lazy\" decoding=\"async\" width=\"308\" height=\"202\" src=\"https:\/\/clinicavilaparc.es\/wp-content\/uploads\/2024\/08\/peeling-facial-1.jpg\" class=\"attachment-large size-large wp-image-5495\" alt=\"\" srcset=\"https:\/\/clinicavilaparc.es\/wp-content\/uploads\/2024\/08\/peeling-facial-1.jpg 308w, https:\/\/clinicavilaparc.es\/wp-content\/uploads\/2024\/08\/peeling-facial-1-300x197.jpg 300w\" sizes=\"(max-width: 308px) 100vw, 308px\" \/>\t\t\t\t\t\t\t\t\t\t\t\t\t\t\t<\/div>\n\t\t\t\t<\/div>\n\t\t\t\t<\/div>\n\t\t\t\t<\/div>\n\t\t<div class=\"elementor-element elementor-element-7adcf10 e-con-full e-flex e-con e-child\" data-id=\"7adcf10\" data-element_type=\"container\" data-e-type=\"container\">\n\t\t<div class=\"elementor-element elementor-element-3fe781e e-con-full e-flex e-con e-child\" data-id=\"3fe781e\" data-element_type=\"container\" data-e-type=\"container\">\n\t\t\t\t<div class=\"elementor-element elementor-element-d273c52 elementor-widget elementor-widget-heading\" data-id=\"d273c52\" data-element_type=\"widget\" data-e-type=\"widget\" data-widget_type=\"heading.default\">\n\t\t\t\t<div class=\"elementor-widget-container\">\n\t\t\t\t\t<h2 class=\"elementor-heading-title elementor-size-default\">HYALURONS\u00c4URE<\/h2>\t\t\t\t<\/div>\n\t\t\t\t<\/div>\n\t\t\t\t<div class=\"elementor-element elementor-element-231d0f9 elementor-widget elementor-widget-text-editor\" data-id=\"231d0f9\" data-element_type=\"widget\" data-e-type=\"widget\" data-widget_type=\"text-editor.default\">\n\t\t\t\t<div class=\"elementor-widget-container\">\n\t\t\t\t\t\t\t\t\t<p>Hyalurons\u00e4ure ist sehr effektiv bei der Entfernung von Narben und den von der Akne verursachten Spuren. Sie ist ein nat\u00fcrlicher Stoff, der die vorhandenen Risse der Haut auff\u00fcllt, die so wieder gleichm\u00e4\u00dfig aussieht. Au\u00dferdem h\u00e4lt sie sehr wirksam Wasser zur\u00fcck, weshalb sie die Gewebe mit Feuchtigkeit versorgt und regeneriert. Bei der Injektion von Hyalurons\u00e4ure aktiviert sich die Kollagenproduktion in den Rissen oder Narben der Haut und bewirkt, dass diese sich abschw\u00e4chen und die Haut wieder gesund, zart, straff und glatt aussieht. Sie verursacht weder Reaktionen, noch hat sie Nebenwirkungen.<\/p>\n\t\t\t\t\t\t\t\t<\/div>\n\t\t\t\t<\/div>\n\t\t\t\t<div class=\"elementor-element elementor-element-f5d27a0 elementor-widget elementor-widget-heading\" data-id=\"f5d27a0\" data-element_type=\"widget\" data-e-type=\"widget\" data-widget_type=\"heading.default\">\n\t\t\t\t<div class=\"elementor-widget-container\">\n\t\t\t\t\t<h2 class=\"elementor-heading-title elementor-size-default\">MIKRODERMAABRASION<\/h2>\t\t\t\t<\/div>\n\t\t\t\t<\/div>\n\t\t\t\t<div class=\"elementor-element elementor-element-11d7178 elementor-widget elementor-widget-text-editor\" data-id=\"11d7178\" data-element_type=\"widget\" data-e-type=\"widget\" data-widget_type=\"text-editor.default\">\n\t\t\t\t<div class=\"elementor-widget-container\">\n\t\t\t\t\t\t\t\t\t<p>DieMikrodermaabrasion mit Diamantspitzenist eine \u00e4sthetische Behandlung zur Entfernung abgestorbener Zellen und anderer Hautunreinheiten. Es ist ein schmerzfreies, nicht invasives und sehr sicheres Verfahren zur Narbenentfernung. Au\u00dferdem verbessert sie die Blutzirkulation im behandelten Bereich, erh\u00f6ht den Blutfluss und die Lymphdrainage in dem Bereich. So gelangen mehr Sauerstoff und N\u00e4hrstoffe in die Zellen, die Zellfunktionen aktivieren sich und werden effektiver und man stimuliert die Produktion von Kollagen und Elastin. Die Mikrodermaabrasion ist wegen ihrer Peeling- und Saugwirkung bei Unreinheiten besonders wirksam bei der Entfernung von schwarzen Punkten. Sie reduziert au\u00dferdem die Porengr\u00f6\u00dfe der Haut. Diese Behandlung der \u00e4sthetischen Medizin ist f\u00fcr alle Hauttypen geeignet.<\/p>\n\t\t\t\t\t\t\t\t<\/div>\n\t\t\t\t<\/div>\n\t\t\t\t<\/div>\n\t\t<div class=\"elementor-element elementor-element-c8ad5c5 e-con-full e-flex e-con e-child\" data-id=\"c8ad5c5\" data-element_type=\"container\" data-e-type=\"container\">\n\t\t\t\t<div class=\"elementor-element elementor-element-f7ef505 elementor-widget elementor-widget-image\" data-id=\"f7ef505\" data-element_type=\"widget\" data-e-type=\"widget\" data-widget_type=\"image.default\">\n\t\t\t\t<div class=\"elementor-widget-container\">\n\t\t\t\t\t\t\t\t\t\t\t\t\t\t\t<img loading=\"lazy\" decoding=\"async\" width=\"209\" height=\"314\" src=\"https:\/\/clinicavilaparc.es\/wp-content\/uploads\/2024\/08\/tratamiento-facial-acido-hialuronico.jpg\" class=\"attachment-large size-large wp-image-5499\" alt=\"\" srcset=\"https:\/\/clinicavilaparc.es\/wp-content\/uploads\/2024\/08\/tratamiento-facial-acido-hialuronico.jpg 209w, https:\/\/clinicavilaparc.es\/wp-content\/uploads\/2024\/08\/tratamiento-facial-acido-hialuronico-200x300.jpg 200w\" sizes=\"(max-width: 209px) 100vw, 209px\" \/>\t\t\t\t\t\t\t\t\t\t\t\t\t\t\t<\/div>\n\t\t\t\t<\/div>\n\t\t\t\t<\/div>\n\t\t\t\t<\/div>\n\t\t\t\t<\/div>\n\t\t\t\t\t<\/div>\n\t\t\t\t<\/div>\n\t\t<div class=\"elementor-element elementor-element-36a980fd e-flex e-con-boxed e-con e-parent\" data-id=\"36a980fd\" data-element_type=\"container\" data-e-type=\"container\">\n\t\t\t\t\t<div class=\"e-con-inner\">\n\t\t<div class=\"elementor-element elementor-element-4e5f581d e-con-full e-flex e-con e-child\" data-id=\"4e5f581d\" data-element_type=\"container\" data-e-type=\"container\">\n\t\t\t\t<div class=\"elementor-element elementor-element-73648dc7 elementor-widget elementor-widget-heading\" data-id=\"73648dc7\" data-element_type=\"widget\" data-e-type=\"widget\" data-widget_type=\"heading.default\">\n\t\t\t\t<div class=\"elementor-widget-container\">\n\t\t\t\t\t<h2 class=\"elementor-heading-title elementor-size-default\">Das k\u00f6nnte Sie auch interessieren<\/h2>\t\t\t\t<\/div>\n\t\t\t\t<\/div>\n\t\t<div class=\"elementor-element elementor-element-65634da4 e-con-full e-flex e-con e-child\" data-id=\"65634da4\" data-element_type=\"container\" data-e-type=\"container\">\n\t\t<div class=\"elementor-element elementor-element-2d4ccede e-con-full e-flex e-con e-child\" data-id=\"2d4ccede\" data-element_type=\"container\" data-e-type=\"container\">\n\t\t\t\t<div class=\"elementor-element elementor-element-404b91bb elementor-widget elementor-widget-heading\" data-id=\"404b91bb\" data-element_type=\"widget\" data-e-type=\"widget\" data-widget_type=\"heading.default\">\n\t\t\t\t<div class=\"elementor-widget-container\">\n\t\t\t\t\t<h3 class=\"elementor-heading-title elementor-size-default\">Verkehrseinheit<\/h3>\t\t\t\t<\/div>\n\t\t\t\t<\/div>\n\t\t\t\t<div class=\"elementor-element elementor-element-73bfa21a elementor-widget elementor-widget-text-editor\" data-id=\"73bfa21a\" data-element_type=\"widget\" data-e-type=\"widget\" data-widget_type=\"text-editor.default\">\n\t\t\t\t<div class=\"elementor-widget-container\">\n\t\t\t\t\t\t\t\t\t<p>Die Verkehrseinheit verf\u00fcgt \u00fcber ein hochqualifiziertes Team, das verkehrsbedingte Verletzungen behandelt.<\/p>\n\t\t\t\t\t\t\t\t<\/div>\n\t\t\t\t<\/div>\n\t\t\t\t<div class=\"elementor-element elementor-element-3a443e33 elementor-align-justify elementor-widget elementor-widget-button\" data-id=\"3a443e33\" data-element_type=\"widget\" data-e-type=\"widget\" data-widget_type=\"button.default\">\n\t\t\t\t<div class=\"elementor-widget-container\">\n\t\t\t\t\t\t\t\t\t<div class=\"elementor-button-wrapper\">\n\t\t\t\t\t<a class=\"elementor-button elementor-button-link elementor-size-sm\" href=\"\/de\/verkehrsunfall-verkehr-einheit-ibiza\/\">\n\t\t\t\t\t\t<span class=\"elementor-button-content-wrapper\">\n\t\t\t\t\t\t\t\t\t<span class=\"elementor-button-text\">Weitere Informationen zur Kategorie<\/span>\n\t\t\t\t\t<\/span>\n\t\t\t\t\t<\/a>\n\t\t\t\t<\/div>\n\t\t\t\t\t\t\t\t<\/div>\n\t\t\t\t<\/div>\n\t\t\t\t<\/div>\n\t\t<div class=\"elementor-element elementor-element-48f345e6 e-con-full e-flex e-con e-child\" data-id=\"48f345e6\" data-element_type=\"container\" data-e-type=\"container\">\n\t\t\t\t<div class=\"elementor-element elementor-element-19d857f4 elementor-widget elementor-widget-heading\" data-id=\"19d857f4\" data-element_type=\"widget\" data-e-type=\"widget\" data-widget_type=\"heading.default\">\n\t\t\t\t<div class=\"elementor-widget-container\">\n\t\t\t\t\t<h3 class=\"elementor-heading-title elementor-size-default\">Allgemeinmedizin<\/h3>\t\t\t\t<\/div>\n\t\t\t\t<\/div>\n\t\t\t\t<div class=\"elementor-element elementor-element-66ca348d elementor-widget elementor-widget-text-editor\" data-id=\"66ca348d\" data-element_type=\"widget\" data-e-type=\"widget\" data-widget_type=\"text-editor.default\">\n\t\t\t\t<div class=\"elementor-widget-container\">\n\t\t\t\t\t\t\t\t\t<p>Das Fachgebiet der Allgemeinmedizin ist auf die allgemeine Diagnostik und Behandlung spezialisiert.<\/p>\n\t\t\t\t\t\t\t\t<\/div>\n\t\t\t\t<\/div>\n\t\t\t\t<div class=\"elementor-element elementor-element-3110a8c2 elementor-align-justify elementor-widget elementor-widget-button\" data-id=\"3110a8c2\" data-element_type=\"widget\" data-e-type=\"widget\" data-widget_type=\"button.default\">\n\t\t\t\t<div class=\"elementor-widget-container\">\n\t\t\t\t\t\t\t\t\t<div class=\"elementor-button-wrapper\">\n\t\t\t\t\t<a class=\"elementor-button elementor-button-link elementor-size-sm\" href=\"\/de\/medizin-allgemein-ibiza\/\">\n\t\t\t\t\t\t<span class=\"elementor-button-content-wrapper\">\n\t\t\t\t\t\t\t\t\t<span class=\"elementor-button-text\">Weitere Informationen zur Kategorie<\/span>\n\t\t\t\t\t<\/span>\n\t\t\t\t\t<\/a>\n\t\t\t\t<\/div>\n\t\t\t\t\t\t\t\t<\/div>\n\t\t\t\t<\/div>\n\t\t\t\t<\/div>\n\t\t<div class=\"elementor-element elementor-element-3d19b86f e-con-full e-flex e-con e-child\" data-id=\"3d19b86f\" data-element_type=\"container\" data-e-type=\"container\">\n\t\t\t\t<div class=\"elementor-element elementor-element-5bbb3991 elementor-widget elementor-widget-heading\" data-id=\"5bbb3991\" data-element_type=\"widget\" data-e-type=\"widget\" data-widget_type=\"heading.default\">\n\t\t\t\t<div class=\"elementor-widget-container\">\n\t\t\t\t\t<h3 class=\"elementor-heading-title elementor-size-default\">Neurochirurgie<\/h3>\t\t\t\t<\/div>\n\t\t\t\t<\/div>\n\t\t\t\t<div class=\"elementor-element elementor-element-1bc479b2 elementor-widget elementor-widget-text-editor\" data-id=\"1bc479b2\" data-element_type=\"widget\" data-e-type=\"widget\" data-widget_type=\"text-editor.default\">\n\t\t\t\t<div class=\"elementor-widget-container\">\n\t\t\t\t\t\t\t\t\t<p>Behandlung von neurologischen Problemen, einschlie\u00dflich Kopfschmerzen, Krankheiten und Konsultationen.<\/p>\n\t\t\t\t\t\t\t\t<\/div>\n\t\t\t\t<\/div>\n\t\t\t\t<div class=\"elementor-element elementor-element-214a644d elementor-align-justify elementor-widget elementor-widget-button\" data-id=\"214a644d\" data-element_type=\"widget\" data-e-type=\"widget\" data-widget_type=\"button.default\">\n\t\t\t\t<div class=\"elementor-widget-container\">\n\t\t\t\t\t\t\t\t\t<div class=\"elementor-button-wrapper\">\n\t\t\t\t\t<a class=\"elementor-button elementor-button-link elementor-size-sm\" href=\"\/de\/neurochirurgie-ibiza\/\">\n\t\t\t\t\t\t<span class=\"elementor-button-content-wrapper\">\n\t\t\t\t\t\t\t\t\t<span class=\"elementor-button-text\">Weitere Informationen zur Kategorie<\/span>\n\t\t\t\t\t<\/span>\n\t\t\t\t\t<\/a>\n\t\t\t\t<\/div>\n\t\t\t\t\t\t\t\t<\/div>\n\t\t\t\t<\/div>\n\t\t\t\t<\/div>\n\t\t<div class=\"elementor-element elementor-element-4f89ad3e e-con-full e-flex e-con e-child\" data-id=\"4f89ad3e\" data-element_type=\"container\" data-e-type=\"container\">\n\t\t\t\t<div class=\"elementor-element elementor-element-404efb92 elementor-widget elementor-widget-heading\" data-id=\"404efb92\" data-element_type=\"widget\" data-e-type=\"widget\" data-widget_type=\"heading.default\">\n\t\t\t\t<div class=\"elementor-widget-container\">\n\t\t\t\t\t<h3 class=\"elementor-heading-title elementor-size-default\">Gyn\u00e4kologie<\/h3>\t\t\t\t<\/div>\n\t\t\t\t<\/div>\n\t\t\t\t<div class=\"elementor-element elementor-element-7c2c948d elementor-widget elementor-widget-text-editor\" data-id=\"7c2c948d\" data-element_type=\"widget\" data-e-type=\"widget\" data-widget_type=\"text-editor.default\">\n\t\t\t\t<div class=\"elementor-widget-container\">\n\t\t\t\t\t\t\t\t\t<p>Konsultationsdienste, einschlie\u00dflich regelm\u00e4\u00dfiger gyn\u00e4kologischer Untersuchungen, Behandlung von Fortpflanzungsproblemen usw.<\/p>\n\t\t\t\t\t\t\t\t<\/div>\n\t\t\t\t<\/div>\n\t\t\t\t<div class=\"elementor-element elementor-element-9ef86e1 elementor-align-justify elementor-widget elementor-widget-button\" data-id=\"9ef86e1\" data-element_type=\"widget\" data-e-type=\"widget\" data-widget_type=\"button.default\">\n\t\t\t\t<div class=\"elementor-widget-container\">\n\t\t\t\t\t\t\t\t\t<div class=\"elementor-button-wrapper\">\n\t\t\t\t\t<a class=\"elementor-button elementor-button-link elementor-size-sm\" href=\"https:\/\/clinicavilaparc.es\/de\/gynakologie-ibiza\/\">\n\t\t\t\t\t\t<span class=\"elementor-button-content-wrapper\">\n\t\t\t\t\t\t\t\t\t<span class=\"elementor-button-text\">Weitere Informationen zur Kategorie<\/span>\n\t\t\t\t\t<\/span>\n\t\t\t\t\t<\/a>\n\t\t\t\t<\/div>\n\t\t\t\t\t\t\t\t<\/div>\n\t\t\t\t<\/div>\n\t\t\t\t<\/div>\n\t\t\t\t<\/div>\n\t\t\t\t<\/div>\n\t\t\t\t\t<\/div>\n\t\t\t\t<\/div>\n\t\t<div class=\"elementor-element elementor-element-158e7fbf e-flex e-con-boxed e-con e-parent\" data-id=\"158e7fbf\" data-element_type=\"container\" data-e-type=\"container\">\n\t\t\t\t\t<div class=\"e-con-inner\">\n\t\t<div class=\"elementor-element elementor-element-64dc2af e-con-full e-flex e-con e-child\" data-id=\"64dc2af\" data-element_type=\"container\" data-e-type=\"container\">\n\t\t\t\t<div class=\"elementor-element elementor-element-7b5f783 elementor-widget elementor-widget-html\" data-id=\"7b5f783\" data-element_type=\"widget\" data-e-type=\"widget\" data-widget_type=\"html.default\">\n\t\t\t\t<div class=\"elementor-widget-container\">\n\t\t\t\t\t<script>\r\njQuery(document).ready(function($){\r\n    $('#link-medicina-estetica-corporal').hover(function(){\r\n            $('#header-tratamientos-faciales').hide();\r\n            $('#header-medicina-estetica-corporal').show();\r\n            $('#link-medicina-estetica-corporal').css(\"text-decoration\", \"underline\").css(\"text-underline-offset\", \"5px\");\r\n            $('#link-tratamientos-faciales').css(\"text-decoration\", \"none\").css(\"text-underline-offset\", \"0px\");\r\n    })\r\n    $('#link-tratamientos-faciales').hover(function(){\r\n            $('#header-medicina-estetica-corporal').hide();\r\n            $('#header-tratamientos-faciales').show();\r\n            $('#link-tratamientos-faciales').css(\"text-decoration\", \"underline\").css(\"text-underline-offset\", \"5px\");\r\n            $('#link-medicina-estetica-corporal').css(\"text-decoration\", \"none\").css(\"text-underline-offset\", \"0px\");\r\n    })\r\n\r\n});\r\n<\/script>\t\t\t\t<\/div>\n\t\t\t\t<\/div>\n\t\t<div class=\"elementor-element elementor-element-51c196bd e-con-full e-flex e-con e-child\" data-id=\"51c196bd\" data-element_type=\"container\" data-e-type=\"container\">\n\t\t\t\t<div class=\"elementor-element elementor-element-8ef44f1 elementor-widget__width-auto elementor-widget elementor-widget-heading\" data-id=\"8ef44f1\" data-element_type=\"widget\" data-e-type=\"widget\" id=\"link-tratamientos-faciales\" data-widget_type=\"heading.default\">\n\t\t\t\t<div class=\"elementor-widget-container\">\n\t\t\t\t\t<span class=\"elementor-heading-title elementor-size-default\"><a href=\"https:\/\/clinicavilaparc.es\/de\/aesthetische-medizin-ibiza\/gesichtsbehandlung\/\">GESICHTSBEHANDLUNGEN <i class=\"jet-dropdown-arrow fa fa-angle-down\"><\/i><\/a><\/span>\t\t\t\t<\/div>\n\t\t\t\t<\/div>\n\t\t\t\t<div class=\"elementor-element elementor-element-aa4e6bd elementor-widget__width-auto elementor-widget elementor-widget-heading\" data-id=\"aa4e6bd\" data-element_type=\"widget\" data-e-type=\"widget\" id=\"link-medicina-estetica-corporal\" data-widget_type=\"heading.default\">\n\t\t\t\t<div class=\"elementor-widget-container\">\n\t\t\t\t\t<span class=\"elementor-heading-title elementor-size-default\"><a href=\"https:\/\/clinicavilaparc.es\/de\/aesthetische-medizin-ibiza\/koerper\/\">\u00c4STHETISCHE K\u00d6RPERMEDIZIN <i class=\"jet-dropdown-arrow fa fa-angle-down\"><\/i><\/a><\/span>\t\t\t\t<\/div>\n\t\t\t\t<\/div>\n\t\t\t\t<\/div>\n\t\t<div class=\"elementor-element elementor-element-73bbfbd5 e-con-full e-flex e-con e-child\" data-id=\"73bbfbd5\" data-element_type=\"container\" data-e-type=\"container\" id=\"header-tratamientos-faciales\">\n\t\t<div class=\"elementor-element elementor-element-7168adf2 e-con-full e-flex e-con e-child\" data-id=\"7168adf2\" data-element_type=\"container\" data-e-type=\"container\">\n\t\t\t\t<div class=\"elementor-element elementor-element-10859378 elementor-position-top elementor-widget elementor-widget-image-box\" data-id=\"10859378\" data-element_type=\"widget\" data-e-type=\"widget\" data-widget_type=\"image-box.default\">\n\t\t\t\t<div class=\"elementor-widget-container\">\n\t\t\t\t\t<div class=\"elementor-image-box-wrapper\"><figure class=\"elementor-image-box-img\"><a href=\"https:\/\/clinicavilaparc.es\/de\/aesthetische-medizin-ibiza\/gesichtsbehandlung\/falten-entfernen\/\" tabindex=\"-1\"><img fetchpriority=\"high\" decoding=\"async\" width=\"513\" height=\"342\" src=\"https:\/\/clinicavilaparc.es\/wp-content\/uploads\/2024\/11\/eliminar-arrugas-ibiza2.jpg\" class=\"attachment-full size-full wp-image-7374\" alt=\"\" srcset=\"https:\/\/clinicavilaparc.es\/wp-content\/uploads\/2024\/11\/eliminar-arrugas-ibiza2.jpg 513w, https:\/\/clinicavilaparc.es\/wp-content\/uploads\/2024\/11\/eliminar-arrugas-ibiza2-300x200.jpg 300w\" sizes=\"(max-width: 513px) 100vw, 513px\" \/><\/a><\/figure><div class=\"elementor-image-box-content\"><p class=\"elementor-image-box-title\"><a href=\"https:\/\/clinicavilaparc.es\/de\/aesthetische-medizin-ibiza\/gesichtsbehandlung\/falten-entfernen\/\">FALTENENTFERNUNG<\/a><\/p><\/div><\/div>\t\t\t\t<\/div>\n\t\t\t\t<\/div>\n\t\t\t\t<div class=\"elementor-element elementor-element-43117786 elementor-position-top elementor-widget elementor-widget-image-box\" data-id=\"43117786\" data-element_type=\"widget\" data-e-type=\"widget\" data-widget_type=\"image-box.default\">\n\t\t\t\t<div class=\"elementor-widget-container\">\n\t\t\t\t\t<div class=\"elementor-image-box-wrapper\"><figure class=\"elementor-image-box-img\"><a href=\"https:\/\/clinicavilaparc.es\/de\/aesthetische-medizin-ibiza\/gesichtsbehandlung\/\" tabindex=\"-1\"><img loading=\"lazy\" decoding=\"async\" width=\"513\" height=\"342\" src=\"https:\/\/clinicavilaparc.es\/wp-content\/uploads\/2024\/07\/rejuvenecimiento-facial-ibiza.jpg\" class=\"attachment-full size-full wp-image-5031\" alt=\"\" srcset=\"https:\/\/clinicavilaparc.es\/wp-content\/uploads\/2024\/07\/rejuvenecimiento-facial-ibiza.jpg 513w, https:\/\/clinicavilaparc.es\/wp-content\/uploads\/2024\/07\/rejuvenecimiento-facial-ibiza-300x200.jpg 300w\" sizes=\"(max-width: 513px) 100vw, 513px\" \/><\/a><\/figure><div class=\"elementor-image-box-content\"><p class=\"elementor-image-box-title\"><a href=\"https:\/\/clinicavilaparc.es\/de\/aesthetische-medizin-ibiza\/gesichtsbehandlung\/\">Gesichtsverj\u00fcngung<\/a><\/p><\/div><\/div>\t\t\t\t<\/div>\n\t\t\t\t<\/div>\n\t\t\t\t<\/div>\n\t\t<div class=\"elementor-element elementor-element-2ee223f3 e-con-full e-flex e-con e-child\" data-id=\"2ee223f3\" data-element_type=\"container\" data-e-type=\"container\">\n\t\t\t\t<div class=\"elementor-element elementor-element-465ae24d elementor-position-top elementor-widget elementor-widget-image-box\" data-id=\"465ae24d\" data-element_type=\"widget\" data-e-type=\"widget\" data-widget_type=\"image-box.default\">\n\t\t\t\t<div class=\"elementor-widget-container\">\n\t\t\t\t\t<div class=\"elementor-image-box-wrapper\"><figure class=\"elementor-image-box-img\"><a href=\"https:\/\/clinicavilaparc.es\/de\/aesthetische-medizin-ibiza\/gesichtsbehandlung\/hautflecken-entfernen\/\" tabindex=\"-1\"><img decoding=\"async\" width=\"513\" height=\"342\" src=\"https:\/\/clinicavilaparc.es\/wp-content\/uploads\/2024\/07\/manchas-piel-ibiza.jpg\" class=\"attachment-full size-full wp-image-4607\" alt=\"\" srcset=\"https:\/\/clinicavilaparc.es\/wp-content\/uploads\/2024\/07\/manchas-piel-ibiza.jpg 513w, https:\/\/clinicavilaparc.es\/wp-content\/uploads\/2024\/07\/manchas-piel-ibiza-300x200.jpg 300w\" sizes=\"(max-width: 513px) 100vw, 513px\" \/><\/a><\/figure><div class=\"elementor-image-box-content\"><p class=\"elementor-image-box-title\"><a href=\"https:\/\/clinicavilaparc.es\/de\/aesthetische-medizin-ibiza\/gesichtsbehandlung\/hautflecken-entfernen\/\">Beseitigung von Hautunreinheiten<\/a><\/p><\/div><\/div>\t\t\t\t<\/div>\n\t\t\t\t<\/div>\n\t\t\t\t<div class=\"elementor-element elementor-element-2b5e2d0f elementor-position-top elementor-widget elementor-widget-image-box\" data-id=\"2b5e2d0f\" data-element_type=\"widget\" data-e-type=\"widget\" data-widget_type=\"image-box.default\">\n\t\t\t\t<div class=\"elementor-widget-container\">\n\t\t\t\t\t<div class=\"elementor-image-box-wrapper\"><figure class=\"elementor-image-box-img\"><a href=\"https:\/\/clinicavilaparc.es\/de\/aesthetische-medizin-ibiza\/gesichtsbehandlun\/aknebehandlungeng\/\" tabindex=\"-1\"><img loading=\"lazy\" decoding=\"async\" width=\"513\" height=\"342\" src=\"https:\/\/clinicavilaparc.es\/wp-content\/uploads\/2024\/07\/acne-ibiza.jpg\" class=\"attachment-full size-full wp-image-5035\" alt=\"\" srcset=\"https:\/\/clinicavilaparc.es\/wp-content\/uploads\/2024\/07\/acne-ibiza.jpg 513w, https:\/\/clinicavilaparc.es\/wp-content\/uploads\/2024\/07\/acne-ibiza-300x200.jpg 300w\" sizes=\"(max-width: 513px) 100vw, 513px\" \/><\/a><\/figure><div class=\"elementor-image-box-content\"><p class=\"elementor-image-box-title\"><a href=\"https:\/\/clinicavilaparc.es\/de\/aesthetische-medizin-ibiza\/gesichtsbehandlun\/aknebehandlungeng\/\">Akne-Behandlungen<\/a><\/p><\/div><\/div>\t\t\t\t<\/div>\n\t\t\t\t<\/div>\n\t\t\t\t<\/div>\n\t\t<div class=\"elementor-element elementor-element-5bedef42 e-con-full e-flex e-con e-child\" data-id=\"5bedef42\" data-element_type=\"container\" data-e-type=\"container\">\n\t\t\t\t<div class=\"elementor-element elementor-element-6a737610 elementor-position-top elementor-widget elementor-widget-image-box\" data-id=\"6a737610\" data-element_type=\"widget\" data-e-type=\"widget\" data-widget_type=\"image-box.default\">\n\t\t\t\t<div class=\"elementor-widget-container\">\n\t\t\t\t\t<div class=\"elementor-image-box-wrapper\"><figure class=\"elementor-image-box-img\"><a href=\"https:\/\/clinicavilaparc.es\/de\/aesthetische-medizin-ibiza\/gesichtsbehandlung\/lippenvergroesserung\/\" tabindex=\"-1\"><img decoding=\"async\" width=\"513\" height=\"342\" src=\"https:\/\/clinicavilaparc.es\/wp-content\/uploads\/2024\/07\/aumento-labios-ibiza3.jpg\" class=\"attachment-full size-full wp-image-5015\" alt=\"\" srcset=\"https:\/\/clinicavilaparc.es\/wp-content\/uploads\/2024\/07\/aumento-labios-ibiza3.jpg 513w, https:\/\/clinicavilaparc.es\/wp-content\/uploads\/2024\/07\/aumento-labios-ibiza3-300x200.jpg 300w\" sizes=\"(max-width: 513px) 100vw, 513px\" \/><\/a><\/figure><div class=\"elementor-image-box-content\"><p class=\"elementor-image-box-title\"><a href=\"https:\/\/clinicavilaparc.es\/de\/aesthetische-medizin-ibiza\/gesichtsbehandlung\/lippenvergroesserung\/\">Vergr\u00f6\u00dferung der Lippen<\/a><\/p><\/div><\/div>\t\t\t\t<\/div>\n\t\t\t\t<\/div>\n\t\t\t\t<\/div>\n\t\t<div class=\"elementor-element elementor-element-170e9e4a e-con-full e-flex e-con e-child\" data-id=\"170e9e4a\" data-element_type=\"container\" data-e-type=\"container\">\n\t\t\t\t<div class=\"elementor-element elementor-element-7a29aa29 elementor-position-top elementor-widget elementor-widget-image-box\" data-id=\"7a29aa29\" data-element_type=\"widget\" data-e-type=\"widget\" data-widget_type=\"image-box.default\">\n\t\t\t\t<div class=\"elementor-widget-container\">\n\t\t\t\t\t<div class=\"elementor-image-box-wrapper\"><figure class=\"elementor-image-box-img\"><a href=\"https:\/\/clinicavilaparc.es\/de\/aesthetische-medizin-ibiza\/gesichtsbehandlung\/nase\/\" tabindex=\"-1\"><img loading=\"lazy\" decoding=\"async\" width=\"513\" height=\"342\" src=\"https:\/\/clinicavilaparc.es\/wp-content\/uploads\/2024\/07\/estetica-nariz-ibiza.jpg\" class=\"attachment-full size-full wp-image-5019\" alt=\"\" srcset=\"https:\/\/clinicavilaparc.es\/wp-content\/uploads\/2024\/07\/estetica-nariz-ibiza.jpg 513w, https:\/\/clinicavilaparc.es\/wp-content\/uploads\/2024\/07\/estetica-nariz-ibiza-300x200.jpg 300w\" sizes=\"(max-width: 513px) 100vw, 513px\" \/><\/a><\/figure><div class=\"elementor-image-box-content\"><p class=\"elementor-image-box-title\"><a href=\"https:\/\/clinicavilaparc.es\/de\/aesthetische-medizin-ibiza\/gesichtsbehandlung\/nase\/\">\u00c4STHETIK DER NASE<\/a><\/p><\/div><\/div>\t\t\t\t<\/div>\n\t\t\t\t<\/div>\n\t\t\t\t<\/div>\n\t\t<div class=\"elementor-element elementor-element-14077d47 e-con-full e-flex e-con e-child\" data-id=\"14077d47\" data-element_type=\"container\" data-e-type=\"container\">\n\t\t\t\t<div class=\"elementor-element elementor-element-585cab00 elementor-position-top elementor-widget elementor-widget-image-box\" data-id=\"585cab00\" data-element_type=\"widget\" data-e-type=\"widget\" data-widget_type=\"image-box.default\">\n\t\t\t\t<div class=\"elementor-widget-container\">\n\t\t\t\t\t<div class=\"elementor-image-box-wrapper\"><figure class=\"elementor-image-box-img\"><a href=\"https:\/\/clinicavilaparc.es\/de\/aesthetische-medizin-ibiza\/gesichtsbehandlung\/fett-am-hals-entfernen\/\" tabindex=\"-1\"><img loading=\"lazy\" decoding=\"async\" width=\"513\" height=\"342\" src=\"https:\/\/clinicavilaparc.es\/wp-content\/uploads\/2024\/07\/grasa-cuello-ibiza.jpg\" class=\"attachment-full size-full wp-image-5188\" alt=\"\" srcset=\"https:\/\/clinicavilaparc.es\/wp-content\/uploads\/2024\/07\/grasa-cuello-ibiza.jpg 513w, https:\/\/clinicavilaparc.es\/wp-content\/uploads\/2024\/07\/grasa-cuello-ibiza-300x200.jpg 300w\" sizes=\"(max-width: 513px) 100vw, 513px\" \/><\/a><\/figure><div class=\"elementor-image-box-content\"><p class=\"elementor-image-box-title\"><a href=\"https:\/\/clinicavilaparc.es\/de\/aesthetische-medizin-ibiza\/gesichtsbehandlung\/fett-am-hals-entfernen\/\">FETT AM HALS<\/a><\/p><\/div><\/div>\t\t\t\t<\/div>\n\t\t\t\t<\/div>\n\t\t\t\t<\/div>\n\t\t<div class=\"elementor-element elementor-element-298bf08 e-con-full e-flex e-con e-child\" data-id=\"298bf08\" data-element_type=\"container\" data-e-type=\"container\">\n\t\t\t\t<div class=\"elementor-element elementor-element-b6a76ca elementor-position-top elementor-widget elementor-widget-image-box\" data-id=\"b6a76ca\" data-element_type=\"widget\" data-e-type=\"widget\" data-widget_type=\"image-box.default\">\n\t\t\t\t<div class=\"elementor-widget-container\">\n\t\t\t\t\t<div class=\"elementor-image-box-wrapper\"><figure class=\"elementor-image-box-img\"><a href=\"https:\/\/clinicavilaparc.es\/medicina-estetica-ibiza\/tratamiento-facial\/hidratacion\/\" tabindex=\"-1\"><img loading=\"lazy\" decoding=\"async\" width=\"513\" height=\"342\" src=\"https:\/\/clinicavilaparc.es\/wp-content\/uploads\/2024\/07\/hidratacion-facial-ibiza.jpg\" class=\"attachment-full size-full wp-image-5027\" alt=\"\" srcset=\"https:\/\/clinicavilaparc.es\/wp-content\/uploads\/2024\/07\/hidratacion-facial-ibiza.jpg 513w, https:\/\/clinicavilaparc.es\/wp-content\/uploads\/2024\/07\/hidratacion-facial-ibiza-300x200.jpg 300w\" sizes=\"(max-width: 513px) 100vw, 513px\" \/><\/a><\/figure><div class=\"elementor-image-box-content\"><p class=\"elementor-image-box-title\"><a href=\"https:\/\/clinicavilaparc.es\/medicina-estetica-ibiza\/tratamiento-facial\/hidratacion\/\">Feuchtigkeitspflege f\u00fcr das Gesicht<\/a><\/p><\/div><\/div>\t\t\t\t<\/div>\n\t\t\t\t<\/div>\n\t\t\t\t<\/div>\n\t\t\t\t<\/div>\n\t\t<div class=\"elementor-element elementor-element-58ed247b e-con-full contenido-oculto e-flex e-con e-child\" data-id=\"58ed247b\" data-element_type=\"container\" data-e-type=\"container\" id=\"header-medicina-estetica-corporal\">\n\t\t<div class=\"elementor-element elementor-element-19435335 e-con-full e-flex e-con e-child\" data-id=\"19435335\" data-element_type=\"container\" data-e-type=\"container\">\n\t\t\t\t<div class=\"elementor-element elementor-element-31f36c89 elementor-position-top elementor-widget elementor-widget-image-box\" data-id=\"31f36c89\" data-element_type=\"widget\" data-e-type=\"widget\" data-widget_type=\"image-box.default\">\n\t\t\t\t<div class=\"elementor-widget-container\">\n\t\t\t\t\t<div class=\"elementor-image-box-wrapper\"><figure class=\"elementor-image-box-img\"><a href=\"https:\/\/clinicavilaparc.es\/de\/aesthetische-medizin-ibiza\/koerper\/volumen-reduzierung\/\" tabindex=\"-1\"><img loading=\"lazy\" decoding=\"async\" width=\"513\" height=\"342\" src=\"https:\/\/clinicavilaparc.es\/wp-content\/uploads\/2024\/07\/bajar-volumen-ibiza-1.jpg\" class=\"attachment-full size-full wp-image-5288\" alt=\"\" srcset=\"https:\/\/clinicavilaparc.es\/wp-content\/uploads\/2024\/07\/bajar-volumen-ibiza-1.jpg 513w, https:\/\/clinicavilaparc.es\/wp-content\/uploads\/2024\/07\/bajar-volumen-ibiza-1-300x200.jpg 300w\" sizes=\"(max-width: 513px) 100vw, 513px\" \/><\/a><\/figure><div class=\"elementor-image-box-content\"><p class=\"elementor-image-box-title\"><a href=\"https:\/\/clinicavilaparc.es\/de\/aesthetische-medizin-ibiza\/koerper\/volumen-reduzierung\/\">Lautst\u00e4rke runter<\/a><\/p><\/div><\/div>\t\t\t\t<\/div>\n\t\t\t\t<\/div>\n\t\t\t\t<div class=\"elementor-element elementor-element-52fa13ce elementor-position-top elementor-widget elementor-widget-image-box\" data-id=\"52fa13ce\" data-element_type=\"widget\" data-e-type=\"widget\" data-widget_type=\"image-box.default\">\n\t\t\t\t<div class=\"elementor-widget-container\">\n\t\t\t\t\t<div class=\"elementor-image-box-wrapper\"><figure class=\"elementor-image-box-img\"><a href=\"https:\/\/clinicavilaparc.es\/de\/aesthetische-medizin-ibiza\/koerper\/ausschnittsverjungung\/\" tabindex=\"-1\"><img loading=\"lazy\" decoding=\"async\" width=\"513\" height=\"342\" src=\"https:\/\/clinicavilaparc.es\/wp-content\/uploads\/2024\/07\/rejuvenecimiento-escote-ibiza-1.jpg\" class=\"attachment-full size-full wp-image-5304\" alt=\"\" srcset=\"https:\/\/clinicavilaparc.es\/wp-content\/uploads\/2024\/07\/rejuvenecimiento-escote-ibiza-1.jpg 513w, https:\/\/clinicavilaparc.es\/wp-content\/uploads\/2024\/07\/rejuvenecimiento-escote-ibiza-1-300x200.jpg 300w\" sizes=\"(max-width: 513px) 100vw, 513px\" \/><\/a><\/figure><div class=\"elementor-image-box-content\"><p class=\"elementor-image-box-title\"><a href=\"https:\/\/clinicavilaparc.es\/de\/aesthetische-medizin-ibiza\/koerper\/ausschnittsverjungung\/\">VERJ\u00dcNGEN SIE IHREN AUSSCHNITT<\/a><\/p><\/div><\/div>\t\t\t\t<\/div>\n\t\t\t\t<\/div>\n\t\t\t\t<\/div>\n\t\t<div class=\"elementor-element elementor-element-3e4df35d e-con-full e-flex e-con e-child\" data-id=\"3e4df35d\" data-element_type=\"container\" data-e-type=\"container\">\n\t\t\t\t<div class=\"elementor-element elementor-element-7d6babf elementor-position-top elementor-widget elementor-widget-image-box\" data-id=\"7d6babf\" data-element_type=\"widget\" data-e-type=\"widget\" data-widget_type=\"image-box.default\">\n\t\t\t\t<div class=\"elementor-widget-container\">\n\t\t\t\t\t<div class=\"elementor-image-box-wrapper\"><figure class=\"elementor-image-box-img\"><a href=\"https:\/\/clinicavilaparc.es\/de\/aesthetische-medizin-ibiza\/koerper\/krampfadern-entfernen\/\" tabindex=\"-1\"><img loading=\"lazy\" decoding=\"async\" width=\"513\" height=\"342\" src=\"https:\/\/clinicavilaparc.es\/wp-content\/uploads\/2024\/07\/eliminar-varices-ibiza.jpg\" class=\"attachment-full size-full wp-image-5292\" alt=\"\" srcset=\"https:\/\/clinicavilaparc.es\/wp-content\/uploads\/2024\/07\/eliminar-varices-ibiza.jpg 513w, https:\/\/clinicavilaparc.es\/wp-content\/uploads\/2024\/07\/eliminar-varices-ibiza-300x200.jpg 300w\" sizes=\"(max-width: 513px) 100vw, 513px\" \/><\/a><\/figure><div class=\"elementor-image-box-content\"><p class=\"elementor-image-box-title\"><a href=\"https:\/\/clinicavilaparc.es\/de\/aesthetische-medizin-ibiza\/koerper\/krampfadern-entfernen\/\">ENTFERNUNG VON KRAMPFADERN<\/a><\/p><\/div><\/div>\t\t\t\t<\/div>\n\t\t\t\t<\/div>\n\t\t\t\t<div class=\"elementor-element elementor-element-3cd389f3 elementor-position-top elementor-widget elementor-widget-image-box\" data-id=\"3cd389f3\" data-element_type=\"widget\" data-e-type=\"widget\" data-widget_type=\"image-box.default\">\n\t\t\t\t<div class=\"elementor-widget-container\">\n\t\t\t\t\t<div class=\"elementor-image-box-wrapper\"><figure class=\"elementor-image-box-img\"><a href=\"https:\/\/clinicavilaparc.es\/de\/aesthetische-medizin-ibiza\/koerper\/uebergewicht\/\" tabindex=\"-1\"><img loading=\"lazy\" decoding=\"async\" width=\"513\" height=\"342\" src=\"https:\/\/clinicavilaparc.es\/wp-content\/uploads\/2024\/07\/sobrepeso-ibiza-1.jpg\" class=\"attachment-full size-full wp-image-5308\" alt=\"\" srcset=\"https:\/\/clinicavilaparc.es\/wp-content\/uploads\/2024\/07\/sobrepeso-ibiza-1.jpg 513w, https:\/\/clinicavilaparc.es\/wp-content\/uploads\/2024\/07\/sobrepeso-ibiza-1-300x200.jpg 300w\" sizes=\"(max-width: 513px) 100vw, 513px\" \/><\/a><\/figure><div class=\"elementor-image-box-content\"><p class=\"elementor-image-box-title\"><a href=\"https:\/\/clinicavilaparc.es\/de\/aesthetische-medizin-ibiza\/koerper\/uebergewicht\/\">\u00dcBERGEWICHT<\/a><\/p><\/div><\/div>\t\t\t\t<\/div>\n\t\t\t\t<\/div>\n\t\t\t\t<\/div>\n\t\t<div class=\"elementor-element elementor-element-7decacba e-con-full e-flex e-con e-child\" data-id=\"7decacba\" data-element_type=\"container\" data-e-type=\"container\">\n\t\t\t\t<div class=\"elementor-element elementor-element-759c3616 elementor-position-top elementor-widget elementor-widget-image-box\" data-id=\"759c3616\" data-element_type=\"widget\" data-e-type=\"widget\" data-widget_type=\"image-box.default\">\n\t\t\t\t<div class=\"elementor-widget-container\">\n\t\t\t\t\t<div class=\"elementor-image-box-wrapper\"><figure class=\"elementor-image-box-img\"><a href=\"https:\/\/clinicavilaparc.es\/de\/aesthetische-medizin-ibiza\/koerper\/warzen-entfernen\/\" tabindex=\"-1\"><img loading=\"lazy\" decoding=\"async\" width=\"513\" height=\"342\" src=\"https:\/\/clinicavilaparc.es\/wp-content\/uploads\/2024\/11\/eliminar-verrugas-corporal-ibiza.jpg\" class=\"attachment-full size-full wp-image-7375\" alt=\"\" srcset=\"https:\/\/clinicavilaparc.es\/wp-content\/uploads\/2024\/11\/eliminar-verrugas-corporal-ibiza.jpg 513w, https:\/\/clinicavilaparc.es\/wp-content\/uploads\/2024\/11\/eliminar-verrugas-corporal-ibiza-300x200.jpg 300w\" sizes=\"(max-width: 513px) 100vw, 513px\" \/><\/a><\/figure><div class=\"elementor-image-box-content\"><p class=\"elementor-image-box-title\"><a href=\"https:\/\/clinicavilaparc.es\/de\/aesthetische-medizin-ibiza\/koerper\/warzen-entfernen\/\">Warzen entfernen<\/a><\/p><\/div><\/div>\t\t\t\t<\/div>\n\t\t\t\t<\/div>\n\t\t\t\t<div class=\"elementor-element elementor-element-77b28789 elementor-position-top elementor-widget elementor-widget-image-box\" data-id=\"77b28789\" data-element_type=\"widget\" data-e-type=\"widget\" data-widget_type=\"image-box.default\">\n\t\t\t\t<div class=\"elementor-widget-container\">\n\t\t\t\t\t<div class=\"elementor-image-box-wrapper\"><figure class=\"elementor-image-box-img\"><a href=\"https:\/\/clinicavilaparc.es\/de\/aesthetische-medizin-ibiza\/koerper\/cellulite-entfernen\/\" tabindex=\"-1\"><img loading=\"lazy\" decoding=\"async\" width=\"513\" height=\"342\" src=\"https:\/\/clinicavilaparc.es\/wp-content\/uploads\/2024\/08\/eliminar-celulitis-ibiza.jpg\" class=\"attachment-full size-full wp-image-5324\" alt=\"\" srcset=\"https:\/\/clinicavilaparc.es\/wp-content\/uploads\/2024\/08\/eliminar-celulitis-ibiza.jpg 513w, https:\/\/clinicavilaparc.es\/wp-content\/uploads\/2024\/08\/eliminar-celulitis-ibiza-300x200.jpg 300w\" sizes=\"(max-width: 513px) 100vw, 513px\" \/><\/a><\/figure><div class=\"elementor-image-box-content\"><p class=\"elementor-image-box-title\"><a href=\"https:\/\/clinicavilaparc.es\/de\/aesthetische-medizin-ibiza\/koerper\/cellulite-entfernen\/\">Behandlungen zur Beseitigung von Cellulite<\/a><\/p><\/div><\/div>\t\t\t\t<\/div>\n\t\t\t\t<\/div>\n\t\t\t\t<\/div>\n\t\t<div class=\"elementor-element elementor-element-7c1b6e9 e-con-full e-flex e-con e-child\" data-id=\"7c1b6e9\" data-element_type=\"container\" data-e-type=\"container\">\n\t\t\t\t<div class=\"elementor-element elementor-element-5098ba21 elementor-position-top elementor-widget elementor-widget-image-box\" data-id=\"5098ba21\" data-element_type=\"widget\" data-e-type=\"widget\" data-widget_type=\"image-box.default\">\n\t\t\t\t<div class=\"elementor-widget-container\">\n\t\t\t\t\t<div class=\"elementor-image-box-wrapper\"><figure class=\"elementor-image-box-img\"><a href=\"https:\/\/clinicavilaparc.es\/de\/aesthetische-medizin-ibiza\/koerper\/schlaffheit\/\" tabindex=\"-1\"><img loading=\"lazy\" decoding=\"async\" width=\"513\" height=\"342\" src=\"https:\/\/clinicavilaparc.es\/wp-content\/uploads\/2024\/07\/flacidez-corportal-1.jpg\" class=\"attachment-full size-full wp-image-5296\" alt=\"\" srcset=\"https:\/\/clinicavilaparc.es\/wp-content\/uploads\/2024\/07\/flacidez-corportal-1.jpg 513w, https:\/\/clinicavilaparc.es\/wp-content\/uploads\/2024\/07\/flacidez-corportal-1-300x200.jpg 300w\" sizes=\"(max-width: 513px) 100vw, 513px\" \/><\/a><\/figure><div class=\"elementor-image-box-content\"><p class=\"elementor-image-box-title\"><a href=\"https:\/\/clinicavilaparc.es\/de\/aesthetische-medizin-ibiza\/koerper\/schlaffheit\/\">SCHLAFFER K\u00d6RPER<\/a><\/p><\/div><\/div>\t\t\t\t<\/div>\n\t\t\t\t<\/div>\n\t\t\t\t<div class=\"elementor-element elementor-element-4b61bbb7 elementor-position-top elementor-widget elementor-widget-image-box\" data-id=\"4b61bbb7\" data-element_type=\"widget\" data-e-type=\"widget\" data-widget_type=\"image-box.default\">\n\t\t\t\t<div class=\"elementor-widget-container\">\n\t\t\t\t\t<div class=\"elementor-image-box-wrapper\"><figure class=\"elementor-image-box-img\"><a href=\"https:\/\/clinicavilaparc.es\/de\/aesthetische-medizin-ibiza\/koerper\/laser-haarentfernung\/\" tabindex=\"-1\"><img loading=\"lazy\" decoding=\"async\" width=\"513\" height=\"342\" src=\"https:\/\/clinicavilaparc.es\/wp-content\/uploads\/2024\/08\/depilacion-laser-ibiza.jpg\" class=\"attachment-full size-full wp-image-5328\" alt=\"\" srcset=\"https:\/\/clinicavilaparc.es\/wp-content\/uploads\/2024\/08\/depilacion-laser-ibiza.jpg 513w, https:\/\/clinicavilaparc.es\/wp-content\/uploads\/2024\/08\/depilacion-laser-ibiza-300x200.jpg 300w\" sizes=\"(max-width: 513px) 100vw, 513px\" \/><\/a><\/figure><div class=\"elementor-image-box-content\"><p class=\"elementor-image-box-title\"><a href=\"https:\/\/clinicavilaparc.es\/de\/aesthetische-medizin-ibiza\/koerper\/laser-haarentfernung\/\">LASERDEPILATION<\/a><\/p><\/div><\/div>\t\t\t\t<\/div>\n\t\t\t\t<\/div>\n\t\t\t\t<\/div>\n\t\t<div class=\"elementor-element elementor-element-33f84698 e-con-full e-flex e-con e-child\" data-id=\"33f84698\" data-element_type=\"container\" data-e-type=\"container\">\n\t\t\t\t<div class=\"elementor-element elementor-element-5228b2e8 elementor-position-top elementor-widget elementor-widget-image-box\" data-id=\"5228b2e8\" data-element_type=\"widget\" data-e-type=\"widget\" data-widget_type=\"image-box.default\">\n\t\t\t\t<div class=\"elementor-widget-container\">\n\t\t\t\t\t<div class=\"elementor-image-box-wrapper\"><figure class=\"elementor-image-box-img\"><a href=\"https:\/\/clinicavilaparc.es\/de\/aesthetische-medizin-ibiza\/koerper\/lokales-fett\/\" tabindex=\"-1\"><img loading=\"lazy\" decoding=\"async\" width=\"513\" height=\"342\" src=\"https:\/\/clinicavilaparc.es\/wp-content\/uploads\/2024\/07\/grasa-localizada-ibiza.jpg\" class=\"attachment-full size-full wp-image-5300\" alt=\"\" srcset=\"https:\/\/clinicavilaparc.es\/wp-content\/uploads\/2024\/07\/grasa-localizada-ibiza.jpg 513w, https:\/\/clinicavilaparc.es\/wp-content\/uploads\/2024\/07\/grasa-localizada-ibiza-300x200.jpg 300w\" sizes=\"(max-width: 513px) 100vw, 513px\" \/><\/a><\/figure><div class=\"elementor-image-box-content\"><p class=\"elementor-image-box-title\"><a href=\"https:\/\/clinicavilaparc.es\/de\/aesthetische-medizin-ibiza\/koerper\/lokales-fett\/\">Lokalisiertes Fett<\/a><\/p><\/div><\/div>\t\t\t\t<\/div>\n\t\t\t\t<\/div>\n\t\t\t\t<\/div>\n\t\t\t\t<\/div>\n\t\t\t\t<\/div>\n\t\t\t\t\t<\/div>\n\t\t\t\t<\/div>\n\t\t\t\t<\/div>\n\t\t","protected":false},"excerpt":{"rendered":"<p>AUF NIMMERWIEDERSEHEN, AKNE: EFFEKTIVE BEHANDLUNGEN IN UNSERER SCH\u00d6NHEITSKLINIK Startseite \u00c4sthetische Medizin Gesichtsbehandlungen Akne Akne betrifft mehr als 80% der Bev\u00f6lkerung irgendwann in ihrem Leben und ganz besonders w\u00e4hrend der Jugend. Gl\u00fccklicherweise gibt es Behandlungen gegen Akne in der \u00e4sthetischen Medizin, die sowohl die Pickel, als auch deren Nachwirkungen auf ein Minimum reduzieren. WARUM AKNE ENTSTEHT [&hellip;]<\/p>\n","protected":false},"author":3,"featured_media":0,"parent":0,"menu_order":0,"comment_status":"closed","ping_status":"closed","template":"","meta":{"site-sidebar-layout":"default","site-content-layout":"","ast-site-content-layout":"default","site-content-style":"default","site-sidebar-style":"default","ast-global-header-display":"","ast-banner-title-visibility":"","ast-main-header-display":"","ast-hfb-above-header-display":"","ast-hfb-below-header-display":"","ast-hfb-mobile-header-display":"","site-post-title":"","ast-breadcrumbs-content":"","ast-featured-img":"","footer-sml-layout":"","ast-disable-related-posts":"","theme-transparent-header-meta":"","adv-header-id-meta":"","stick-header-meta":"","header-above-stick-meta":"","header-main-stick-meta":"","header-below-stick-meta":"","astra-migrate-meta-layouts":"default","ast-page-background-enabled":"default","ast-page-background-meta":{"desktop":{"background-color":"var(--ast-global-color-4)","background-image":"","background-repeat":"repeat","background-position":"center center","background-size":"auto","background-attachment":"scroll","background-type":"","background-media":"","overlay-type":"","overlay-color":"","overlay-opacity":"","overlay-gradient":""},"tablet":{"background-color":"","background-image":"","background-repeat":"repeat","background-position":"center center","background-size":"auto","background-attachment":"scroll","background-type":"","background-media":"","overlay-type":"","overlay-color":"","overlay-opacity":"","overlay-gradient":""},"mobile":{"background-color":"","background-image":"","background-repeat":"repeat","background-position":"center center","background-size":"auto","background-attachment":"scroll","background-type":"","background-media":"","overlay-type":"","overlay-color":"","overlay-opacity":"","overlay-gradient":""}},"ast-content-background-meta":{"desktop":{"background-color":"var(--ast-global-color-5)","background-image":"","background-repeat":"repeat","background-position":"center center","background-size":"auto","background-attachment":"scroll","background-type":"","background-media":"","overlay-type":"","overlay-color":"","overlay-opacity":"","overlay-gradient":""},"tablet":{"background-color":"var(--ast-global-color-5)","background-image":"","background-repeat":"repeat","background-position":"center center","background-size":"auto","background-attachment":"scroll","background-type":"","background-media":"","overlay-type":"","overlay-color":"","overlay-opacity":"","overlay-gradient":""},"mobile":{"background-color":"var(--ast-global-color-5)","background-image":"","background-repeat":"repeat","background-position":"center center","background-size":"auto","background-attachment":"scroll","background-type":"","background-media":"","overlay-type":"","overlay-color":"","overlay-opacity":"","overlay-gradient":""}},"footnotes":""},"class_list":["post-8090","page","type-page","status-publish","hentry"],"_links":{"self":[{"href":"https:\/\/clinicavilaparc.es\/de\/wp-json\/wp\/v2\/pages\/8090","targetHints":{"allow":["GET"]}}],"collection":[{"href":"https:\/\/clinicavilaparc.es\/de\/wp-json\/wp\/v2\/pages"}],"about":[{"href":"https:\/\/clinicavilaparc.es\/de\/wp-json\/wp\/v2\/types\/page"}],"author":[{"embeddable":true,"href":"https:\/\/clinicavilaparc.es\/de\/wp-json\/wp\/v2\/users\/3"}],"replies":[{"embeddable":true,"href":"https:\/\/clinicavilaparc.es\/de\/wp-json\/wp\/v2\/comments?post=8090"}],"version-history":[{"count":0,"href":"https:\/\/clinicavilaparc.es\/de\/wp-json\/wp\/v2\/pages\/8090\/revisions"}],"wp:attachment":[{"href":"https:\/\/clinicavilaparc.es\/de\/wp-json\/wp\/v2\/media?parent=8090"}],"curies":[{"name":"wp","href":"https:\/\/api.w.org\/{rel}","templated":true}]}}