{"id":8011,"date":"2025-03-26T10:38:13","date_gmt":"2025-03-26T09:38:13","guid":{"rendered":"https:\/\/clinicavilaparc.es\/schlaffer-koerper-behandlung\/"},"modified":"2025-05-02T11:10:55","modified_gmt":"2025-05-02T09:10:55","slug":"schlaffer-koerper-behandlung","status":"publish","type":"page","link":"https:\/\/clinicavilaparc.es\/de\/aesthetische-medizin-ibiza\/koerper\/schlaffheit\/","title":{"rendered":"SCHLAFFER K\u00d6RPER BEHANDLUNG"},"content":{"rendered":"\t\t<div data-elementor-type=\"wp-page\" data-elementor-id=\"8011\" class=\"elementor elementor-8011 elementor-4354\" data-elementor-post-type=\"page\">\n\t\t\t\t<div class=\"elementor-element elementor-element-e3b3369 e-con-full e-flex e-con e-parent\" data-id=\"e3b3369\" data-element_type=\"container\" data-e-type=\"container\">\n\t\t\t\t<div class=\"elementor-element elementor-element-d5e4dca elementor-widget elementor-widget-template\" data-id=\"d5e4dca\" data-element_type=\"widget\" data-e-type=\"widget\" data-widget_type=\"template.default\">\n\t\t\t\t<div class=\"elementor-widget-container\">\n\t\t\t\t\t\t\t<div class=\"elementor-template\">\n\t\t\t\t\t<div data-elementor-type=\"section\" data-elementor-id=\"8144\" class=\"elementor elementor-8144 elementor-7373 elementor-7373\" data-elementor-post-type=\"elementor_library\">\n\t\t\t<div class=\"elementor-element elementor-element-7cacb54 e-con-full elementor-hidden-tablet elementor-hidden-mobile e-flex e-con e-parent\" data-id=\"7cacb54\" data-element_type=\"container\" data-e-type=\"container\">\n\t\t<div class=\"elementor-element elementor-element-b3f8438 e-con-full e-flex e-con e-child\" data-id=\"b3f8438\" data-element_type=\"container\" data-e-type=\"container\">\n\t\t\t\t<div class=\"elementor-element elementor-element-8f2e8e8 elementor-widget elementor-widget-html\" data-id=\"8f2e8e8\" data-element_type=\"widget\" data-e-type=\"widget\" data-widget_type=\"html.default\">\n\t\t\t\t<div class=\"elementor-widget-container\">\n\t\t\t\t\t<script>\r\njQuery(document).ready(function($){\r\n    $('#link-medicina-estetica-corporal').hover(function(){\r\n            $('#header-tratamientos-faciales').addClass('contenido-oculto');\r\n            $('#header-medicina-estetica-corporal').removeClass('contenido-oculto');\r\n            $('#link-medicina-estetica-corporal').css(\"text-decoration\", \"underline\").css(\"text-underline-offset\", \"5px\");\r\n            $('#link-tratamientos-faciales').css(\"text-decoration\", \"none\").css(\"text-underline-offset\", \"0px\");\r\n    });\r\n    $('#link-tratamientos-faciales').hover(function(){\r\n            $('#header-medicina-estetica-corporal').addClass('contenido-oculto');\r\n            $('#header-tratamientos-faciales').removeClass('contenido-oculto');\r\n            $('#link-tratamientos-faciales').css(\"text-decoration\", \"underline\").css(\"text-underline-offset\", \"5px\");\r\n            $('#link-medicina-estetica-corporal').css(\"text-decoration\", \"none\").css(\"text-underline-offset\", \"0px\");\r\n    });\r\n});\r\n<\/script>\t\t\t\t<\/div>\n\t\t\t\t<\/div>\n\t\t<div class=\"elementor-element elementor-element-1378ea8 e-con-full e-flex e-con e-child\" data-id=\"1378ea8\" data-element_type=\"container\" data-e-type=\"container\">\n\t\t\t\t<div class=\"elementor-element elementor-element-e155afb elementor-widget__width-auto elementor-widget elementor-widget-heading\" data-id=\"e155afb\" data-element_type=\"widget\" data-e-type=\"widget\" id=\"link-tratamientos-faciales\" data-widget_type=\"heading.default\">\n\t\t\t\t<div class=\"elementor-widget-container\">\n\t\t\t\t\t<span class=\"elementor-heading-title elementor-size-default\"><a href=\"\/de\/aesthetische-medizin-ibiza\/gesichtsbehandlung\/\">GESICHTSBEHANDLUNGEN <i class=\"jet-dropdown-arrow fa fa-angle-down\"><\/i><\/a><\/span>\t\t\t\t<\/div>\n\t\t\t\t<\/div>\n\t\t\t\t<div class=\"elementor-element elementor-element-d2c6cf7 elementor-widget__width-auto elementor-widget elementor-widget-heading\" data-id=\"d2c6cf7\" data-element_type=\"widget\" data-e-type=\"widget\" id=\"link-medicina-estetica-corporal\" data-widget_type=\"heading.default\">\n\t\t\t\t<div class=\"elementor-widget-container\">\n\t\t\t\t\t<span class=\"elementor-heading-title elementor-size-default\"><a href=\"\/de\/aesthetische-medizin-ibiza\/koerper\/\">\u00c4STHETISCHE K\u00d6RPERMEDIZIN <i class=\"jet-dropdown-arrow fa fa-angle-down\"><\/i><\/a><\/span>\t\t\t\t<\/div>\n\t\t\t\t<\/div>\n\t\t\t\t<\/div>\n\t\t<div class=\"elementor-element elementor-element-6ac74ab e-con-full contenido-oculto e-flex e-con e-child\" data-id=\"6ac74ab\" data-element_type=\"container\" data-e-type=\"container\" id=\"header-tratamientos-faciales\" data-settings=\"{&quot;background_background&quot;:&quot;classic&quot;}\">\n\t\t\t\t<div class=\"elementor-element elementor-element-ceab141 elementor-widget__width-initial elementor-widget-mobile__width-inherit elementor-position-top elementor-widget elementor-widget-image-box\" data-id=\"ceab141\" data-element_type=\"widget\" data-e-type=\"widget\" data-widget_type=\"image-box.default\">\n\t\t\t\t<div class=\"elementor-widget-container\">\n\t\t\t\t\t<div class=\"elementor-image-box-wrapper\"><figure class=\"elementor-image-box-img\"><a href=\"\/de\/aesthetische-medizin-ibiza\/gesichtsbehandlung\/falten-entfernen\/\" tabindex=\"-1\"><img fetchpriority=\"high\" decoding=\"async\" width=\"513\" height=\"342\" src=\"https:\/\/clinicavilaparc.es\/wp-content\/uploads\/2024\/11\/eliminar-arrugas-ibiza2.jpg\" class=\"attachment-full size-full wp-image-7374\" alt=\"\" srcset=\"https:\/\/clinicavilaparc.es\/wp-content\/uploads\/2024\/11\/eliminar-arrugas-ibiza2.jpg 513w, https:\/\/clinicavilaparc.es\/wp-content\/uploads\/2024\/11\/eliminar-arrugas-ibiza2-300x200.jpg 300w\" sizes=\"(max-width: 513px) 100vw, 513px\" \/><\/a><\/figure><div class=\"elementor-image-box-content\"><p class=\"elementor-image-box-title\"><a href=\"\/de\/aesthetische-medizin-ibiza\/gesichtsbehandlung\/falten-entfernen\/\">Faltenentfernung<\/a><\/p><\/div><\/div>\t\t\t\t<\/div>\n\t\t\t\t<\/div>\n\t\t\t\t<div class=\"elementor-element elementor-element-519fa97 elementor-widget__width-initial elementor-widget-mobile__width-inherit elementor-position-top elementor-widget elementor-widget-image-box\" data-id=\"519fa97\" data-element_type=\"widget\" data-e-type=\"widget\" data-widget_type=\"image-box.default\">\n\t\t\t\t<div class=\"elementor-widget-container\">\n\t\t\t\t\t<div class=\"elementor-image-box-wrapper\"><figure class=\"elementor-image-box-img\"><a href=\"\/de\/aesthetische-medizin-ibiza\/gesichtsbehandlung\/hautflecken-entfernen\/\" tabindex=\"-1\"><img decoding=\"async\" width=\"513\" height=\"342\" src=\"https:\/\/clinicavilaparc.es\/wp-content\/uploads\/2024\/07\/manchas-piel-ibiza.jpg\" class=\"attachment-full size-full wp-image-4607\" alt=\"\" srcset=\"https:\/\/clinicavilaparc.es\/wp-content\/uploads\/2024\/07\/manchas-piel-ibiza.jpg 513w, https:\/\/clinicavilaparc.es\/wp-content\/uploads\/2024\/07\/manchas-piel-ibiza-300x200.jpg 300w\" sizes=\"(max-width: 513px) 100vw, 513px\" \/><\/a><\/figure><div class=\"elementor-image-box-content\"><p class=\"elementor-image-box-title\"><a href=\"\/de\/aesthetische-medizin-ibiza\/gesichtsbehandlung\/hautflecken-entfernen\/\">Hautflecken Entfernen<\/a><\/p><\/div><\/div>\t\t\t\t<\/div>\n\t\t\t\t<\/div>\n\t\t\t\t<div class=\"elementor-element elementor-element-2b7aa2a elementor-widget__width-initial elementor-widget-mobile__width-inherit elementor-position-top elementor-widget elementor-widget-image-box\" data-id=\"2b7aa2a\" data-element_type=\"widget\" data-e-type=\"widget\" data-widget_type=\"image-box.default\">\n\t\t\t\t<div class=\"elementor-widget-container\">\n\t\t\t\t\t<div class=\"elementor-image-box-wrapper\"><figure class=\"elementor-image-box-img\"><a href=\"\/de\/aesthetische-medizin-ibiza\/gesichtsbehandlung\/lippenvergroesserung\/\" tabindex=\"-1\"><img decoding=\"async\" width=\"513\" height=\"342\" src=\"https:\/\/clinicavilaparc.es\/wp-content\/uploads\/2024\/07\/aumento-labios-ibiza3.jpg\" class=\"attachment-full size-full wp-image-5015\" alt=\"\" srcset=\"https:\/\/clinicavilaparc.es\/wp-content\/uploads\/2024\/07\/aumento-labios-ibiza3.jpg 513w, https:\/\/clinicavilaparc.es\/wp-content\/uploads\/2024\/07\/aumento-labios-ibiza3-300x200.jpg 300w\" sizes=\"(max-width: 513px) 100vw, 513px\" \/><\/a><\/figure><div class=\"elementor-image-box-content\"><p class=\"elementor-image-box-title\"><a href=\"\/de\/aesthetische-medizin-ibiza\/gesichtsbehandlung\/lippenvergroesserung\/\">Lippenvergr\u00f6\u00dferung<\/a><\/p><\/div><\/div>\t\t\t\t<\/div>\n\t\t\t\t<\/div>\n\t\t\t\t<div class=\"elementor-element elementor-element-5b5cc6a elementor-widget__width-initial elementor-widget-mobile__width-inherit elementor-position-top elementor-widget elementor-widget-image-box\" data-id=\"5b5cc6a\" data-element_type=\"widget\" data-e-type=\"widget\" data-widget_type=\"image-box.default\">\n\t\t\t\t<div class=\"elementor-widget-container\">\n\t\t\t\t\t<div class=\"elementor-image-box-wrapper\"><figure class=\"elementor-image-box-img\"><a href=\"\/de\/aesthetische-medizin-ibiza\/gesichtsbehandlung\/nase\/\" tabindex=\"-1\"><img loading=\"lazy\" decoding=\"async\" width=\"513\" height=\"342\" src=\"https:\/\/clinicavilaparc.es\/wp-content\/uploads\/2024\/07\/estetica-nariz-ibiza.jpg\" class=\"attachment-full size-full wp-image-5019\" alt=\"\" srcset=\"https:\/\/clinicavilaparc.es\/wp-content\/uploads\/2024\/07\/estetica-nariz-ibiza.jpg 513w, https:\/\/clinicavilaparc.es\/wp-content\/uploads\/2024\/07\/estetica-nariz-ibiza-300x200.jpg 300w\" sizes=\"(max-width: 513px) 100vw, 513px\" \/><\/a><\/figure><div class=\"elementor-image-box-content\"><p class=\"elementor-image-box-title\"><a href=\"\/de\/aesthetische-medizin-ibiza\/gesichtsbehandlung\/nase\/\">\u00c4STHETIK DER NASE<\/a><\/p><\/div><\/div>\t\t\t\t<\/div>\n\t\t\t\t<\/div>\n\t\t\t\t<div class=\"elementor-element elementor-element-f299a41 elementor-widget__width-initial elementor-widget-mobile__width-inherit elementor-position-top elementor-widget elementor-widget-image-box\" data-id=\"f299a41\" data-element_type=\"widget\" data-e-type=\"widget\" data-widget_type=\"image-box.default\">\n\t\t\t\t<div class=\"elementor-widget-container\">\n\t\t\t\t\t<div class=\"elementor-image-box-wrapper\"><figure class=\"elementor-image-box-img\"><a href=\"\/de\/aesthetische-medizin-ibiza\/gesichtsbehandlung\/fett-am-hals-entfernen\/\" tabindex=\"-1\"><img loading=\"lazy\" decoding=\"async\" width=\"513\" height=\"342\" src=\"https:\/\/clinicavilaparc.es\/wp-content\/uploads\/2024\/07\/grasa-cuello-ibiza.jpg\" class=\"attachment-full size-full wp-image-5188\" alt=\"\" srcset=\"https:\/\/clinicavilaparc.es\/wp-content\/uploads\/2024\/07\/grasa-cuello-ibiza.jpg 513w, https:\/\/clinicavilaparc.es\/wp-content\/uploads\/2024\/07\/grasa-cuello-ibiza-300x200.jpg 300w\" sizes=\"(max-width: 513px) 100vw, 513px\" \/><\/a><\/figure><div class=\"elementor-image-box-content\"><p class=\"elementor-image-box-title\"><a href=\"\/de\/aesthetische-medizin-ibiza\/gesichtsbehandlung\/fett-am-hals-entfernen\/\">Fettentfernung Am Hals<\/a><\/p><\/div><\/div>\t\t\t\t<\/div>\n\t\t\t\t<\/div>\n\t\t\t\t<div class=\"elementor-element elementor-element-2bedf49 elementor-widget__width-initial elementor-widget-mobile__width-inherit elementor-position-top elementor-widget elementor-widget-image-box\" data-id=\"2bedf49\" data-element_type=\"widget\" data-e-type=\"widget\" data-widget_type=\"image-box.default\">\n\t\t\t\t<div class=\"elementor-widget-container\">\n\t\t\t\t\t<div class=\"elementor-image-box-wrapper\"><figure class=\"elementor-image-box-img\"><a href=\"\/de\/aesthetische-medizin-ibiza\/gesichtsbehandlung\/hydratation\/\" tabindex=\"-1\"><img loading=\"lazy\" decoding=\"async\" width=\"513\" height=\"342\" src=\"https:\/\/clinicavilaparc.es\/wp-content\/uploads\/2024\/07\/hidratacion-facial-ibiza.jpg\" class=\"attachment-full size-full wp-image-5027\" alt=\"\" srcset=\"https:\/\/clinicavilaparc.es\/wp-content\/uploads\/2024\/07\/hidratacion-facial-ibiza.jpg 513w, https:\/\/clinicavilaparc.es\/wp-content\/uploads\/2024\/07\/hidratacion-facial-ibiza-300x200.jpg 300w\" sizes=\"(max-width: 513px) 100vw, 513px\" \/><\/a><\/figure><div class=\"elementor-image-box-content\"><p class=\"elementor-image-box-title\"><a href=\"\/de\/aesthetische-medizin-ibiza\/gesichtsbehandlung\/hydratation\/\">Gesichtshydratation<\/a><\/p><\/div><\/div>\t\t\t\t<\/div>\n\t\t\t\t<\/div>\n\t\t\t\t<div class=\"elementor-element elementor-element-d998f69 elementor-widget__width-initial elementor-widget-mobile__width-inherit elementor-position-top elementor-widget elementor-widget-image-box\" data-id=\"d998f69\" data-element_type=\"widget\" data-e-type=\"widget\" data-widget_type=\"image-box.default\">\n\t\t\t\t<div class=\"elementor-widget-container\">\n\t\t\t\t\t<div class=\"elementor-image-box-wrapper\"><figure class=\"elementor-image-box-img\"><a href=\"\/de\/aesthetische-medizin-ibiza\/gesichtsbehandlung\/gesichtsverjungung\/\" tabindex=\"-1\"><img loading=\"lazy\" decoding=\"async\" width=\"513\" height=\"342\" src=\"https:\/\/clinicavilaparc.es\/wp-content\/uploads\/2024\/07\/rejuvenecimiento-facial-ibiza.jpg\" class=\"attachment-full size-full wp-image-5031\" alt=\"\" srcset=\"https:\/\/clinicavilaparc.es\/wp-content\/uploads\/2024\/07\/rejuvenecimiento-facial-ibiza.jpg 513w, https:\/\/clinicavilaparc.es\/wp-content\/uploads\/2024\/07\/rejuvenecimiento-facial-ibiza-300x200.jpg 300w\" sizes=\"(max-width: 513px) 100vw, 513px\" \/><\/a><\/figure><div class=\"elementor-image-box-content\"><p class=\"elementor-image-box-title\"><a href=\"\/de\/aesthetische-medizin-ibiza\/gesichtsbehandlung\/gesichtsverjungung\/\">gesichtsverj\u00fcngung <\/a><\/p><\/div><\/div>\t\t\t\t<\/div>\n\t\t\t\t<\/div>\n\t\t\t\t<div class=\"elementor-element elementor-element-b925d06 elementor-widget__width-initial elementor-widget-mobile__width-inherit elementor-position-top elementor-widget elementor-widget-image-box\" data-id=\"b925d06\" data-element_type=\"widget\" data-e-type=\"widget\" data-widget_type=\"image-box.default\">\n\t\t\t\t<div class=\"elementor-widget-container\">\n\t\t\t\t\t<div class=\"elementor-image-box-wrapper\"><figure class=\"elementor-image-box-img\"><a href=\"\/de\/aesthetische-medizin-ibiza\/gesichtsbehandlun\/aknebehandlungeng\/\" tabindex=\"-1\"><img loading=\"lazy\" decoding=\"async\" width=\"513\" height=\"342\" src=\"https:\/\/clinicavilaparc.es\/wp-content\/uploads\/2024\/07\/acne-ibiza.jpg\" class=\"attachment-full size-full wp-image-5035\" alt=\"\" srcset=\"https:\/\/clinicavilaparc.es\/wp-content\/uploads\/2024\/07\/acne-ibiza.jpg 513w, https:\/\/clinicavilaparc.es\/wp-content\/uploads\/2024\/07\/acne-ibiza-300x200.jpg 300w\" sizes=\"(max-width: 513px) 100vw, 513px\" \/><\/a><\/figure><div class=\"elementor-image-box-content\"><p class=\"elementor-image-box-title\"><a href=\"\/de\/aesthetische-medizin-ibiza\/gesichtsbehandlun\/aknebehandlungeng\/\">Aknebehandlungeng<\/a><\/p><\/div><\/div>\t\t\t\t<\/div>\n\t\t\t\t<\/div>\n\t\t\t\t<\/div>\n\t\t<div class=\"elementor-element elementor-element-648c009 e-con-full contenido-oculto e-flex e-con e-child\" data-id=\"648c009\" data-element_type=\"container\" data-e-type=\"container\" id=\"header-medicina-estetica-corporal\" data-settings=\"{&quot;background_background&quot;:&quot;classic&quot;}\">\n\t\t\t\t<div class=\"elementor-element elementor-element-934a93d elementor-position-top elementor-widget elementor-widget-image-box\" data-id=\"934a93d\" data-element_type=\"widget\" data-e-type=\"widget\" data-widget_type=\"image-box.default\">\n\t\t\t\t<div class=\"elementor-widget-container\">\n\t\t\t\t\t<div class=\"elementor-image-box-wrapper\"><figure class=\"elementor-image-box-img\"><a href=\"\/de\/aesthetische-medizin-ibiza\/koerper\/volumen-reduzierung\/\" tabindex=\"-1\"><img loading=\"lazy\" decoding=\"async\" width=\"513\" height=\"342\" src=\"https:\/\/clinicavilaparc.es\/wp-content\/uploads\/2024\/07\/bajar-volumen-ibiza-1.jpg\" class=\"attachment-full size-full wp-image-5288\" alt=\"\" srcset=\"https:\/\/clinicavilaparc.es\/wp-content\/uploads\/2024\/07\/bajar-volumen-ibiza-1.jpg 513w, https:\/\/clinicavilaparc.es\/wp-content\/uploads\/2024\/07\/bajar-volumen-ibiza-1-300x200.jpg 300w\" sizes=\"(max-width: 513px) 100vw, 513px\" \/><\/a><\/figure><div class=\"elementor-image-box-content\"><p class=\"elementor-image-box-title\"><a href=\"\/de\/aesthetische-medizin-ibiza\/koerper\/volumen-reduzierung\/\">Lautst\u00e4rke verringern<\/a><\/p><\/div><\/div>\t\t\t\t<\/div>\n\t\t\t\t<\/div>\n\t\t\t\t<div class=\"elementor-element elementor-element-0c515cb elementor-position-top elementor-widget elementor-widget-image-box\" data-id=\"0c515cb\" data-element_type=\"widget\" data-e-type=\"widget\" data-widget_type=\"image-box.default\">\n\t\t\t\t<div class=\"elementor-widget-container\">\n\t\t\t\t\t<div class=\"elementor-image-box-wrapper\"><figure class=\"elementor-image-box-img\"><a href=\"\/de\/aesthetische-medizin-ibiza\/koerper\/krampfadern-entfernen\/\" tabindex=\"-1\"><img loading=\"lazy\" decoding=\"async\" width=\"513\" height=\"342\" src=\"https:\/\/clinicavilaparc.es\/wp-content\/uploads\/2024\/07\/eliminar-varices-ibiza.jpg\" class=\"attachment-full size-full wp-image-5292\" alt=\"\" srcset=\"https:\/\/clinicavilaparc.es\/wp-content\/uploads\/2024\/07\/eliminar-varices-ibiza.jpg 513w, https:\/\/clinicavilaparc.es\/wp-content\/uploads\/2024\/07\/eliminar-varices-ibiza-300x200.jpg 300w\" sizes=\"(max-width: 513px) 100vw, 513px\" \/><\/a><\/figure><div class=\"elementor-image-box-content\"><p class=\"elementor-image-box-title\"><a href=\"\/de\/aesthetische-medizin-ibiza\/koerper\/krampfadern-entfernen\/\">Entfernung Von Krampfadern<\/a><\/p><\/div><\/div>\t\t\t\t<\/div>\n\t\t\t\t<\/div>\n\t\t\t\t<div class=\"elementor-element elementor-element-b7a5e5b elementor-position-top elementor-widget elementor-widget-image-box\" data-id=\"b7a5e5b\" data-element_type=\"widget\" data-e-type=\"widget\" data-widget_type=\"image-box.default\">\n\t\t\t\t<div class=\"elementor-widget-container\">\n\t\t\t\t\t<div class=\"elementor-image-box-wrapper\"><figure class=\"elementor-image-box-img\"><a href=\"\/de\/aesthetische-medizin-ibiza\/koerper\/warzen-entfernen\/\" tabindex=\"-1\"><img loading=\"lazy\" decoding=\"async\" width=\"513\" height=\"342\" src=\"https:\/\/clinicavilaparc.es\/wp-content\/uploads\/2024\/11\/eliminar-verrugas-corporal-ibiza.jpg\" class=\"attachment-full size-full wp-image-7375\" alt=\"\" srcset=\"https:\/\/clinicavilaparc.es\/wp-content\/uploads\/2024\/11\/eliminar-verrugas-corporal-ibiza.jpg 513w, https:\/\/clinicavilaparc.es\/wp-content\/uploads\/2024\/11\/eliminar-verrugas-corporal-ibiza-300x200.jpg 300w\" sizes=\"(max-width: 513px) 100vw, 513px\" \/><\/a><\/figure><div class=\"elementor-image-box-content\"><p class=\"elementor-image-box-title\"><a href=\"\/de\/aesthetische-medizin-ibiza\/koerper\/warzen-entfernen\/\">Warzenentfernung<\/a><\/p><\/div><\/div>\t\t\t\t<\/div>\n\t\t\t\t<\/div>\n\t\t\t\t<div class=\"elementor-element elementor-element-d664285 elementor-position-top elementor-widget elementor-widget-image-box\" data-id=\"d664285\" data-element_type=\"widget\" data-e-type=\"widget\" data-widget_type=\"image-box.default\">\n\t\t\t\t<div class=\"elementor-widget-container\">\n\t\t\t\t\t<div class=\"elementor-image-box-wrapper\"><figure class=\"elementor-image-box-img\"><a href=\"\/de\/aesthetische-medizin-ibiza\/koerper\/schlaffheit\/\" tabindex=\"-1\"><img loading=\"lazy\" decoding=\"async\" width=\"513\" height=\"342\" src=\"https:\/\/clinicavilaparc.es\/wp-content\/uploads\/2024\/07\/flacidez-corportal-1.jpg\" class=\"attachment-full size-full wp-image-5296\" alt=\"\" srcset=\"https:\/\/clinicavilaparc.es\/wp-content\/uploads\/2024\/07\/flacidez-corportal-1.jpg 513w, https:\/\/clinicavilaparc.es\/wp-content\/uploads\/2024\/07\/flacidez-corportal-1-300x200.jpg 300w\" sizes=\"(max-width: 513px) 100vw, 513px\" \/><\/a><\/figure><div class=\"elementor-image-box-content\"><p class=\"elementor-image-box-title\"><a href=\"\/de\/aesthetische-medizin-ibiza\/koerper\/schlaffheit\/\">Schlaffer K\u00f6rper Behandlung<\/a><\/p><\/div><\/div>\t\t\t\t<\/div>\n\t\t\t\t<\/div>\n\t\t\t\t<div class=\"elementor-element elementor-element-2e86690 elementor-position-top elementor-widget elementor-widget-image-box\" data-id=\"2e86690\" data-element_type=\"widget\" data-e-type=\"widget\" data-widget_type=\"image-box.default\">\n\t\t\t\t<div class=\"elementor-widget-container\">\n\t\t\t\t\t<div class=\"elementor-image-box-wrapper\"><figure class=\"elementor-image-box-img\"><a href=\"\/de\/aesthetische-medizin-ibiza\/koerper\/lokales-fett\/\" tabindex=\"-1\"><img loading=\"lazy\" decoding=\"async\" width=\"513\" height=\"342\" src=\"https:\/\/clinicavilaparc.es\/wp-content\/uploads\/2024\/07\/grasa-localizada-ibiza.jpg\" class=\"attachment-full size-full wp-image-5300\" alt=\"\" srcset=\"https:\/\/clinicavilaparc.es\/wp-content\/uploads\/2024\/07\/grasa-localizada-ibiza.jpg 513w, https:\/\/clinicavilaparc.es\/wp-content\/uploads\/2024\/07\/grasa-localizada-ibiza-300x200.jpg 300w\" sizes=\"(max-width: 513px) 100vw, 513px\" \/><\/a><\/figure><div class=\"elementor-image-box-content\"><p class=\"elementor-image-box-title\"><a href=\"\/de\/aesthetische-medizin-ibiza\/koerper\/lokales-fett\/\">Fettansammlungen<\/a><\/p><\/div><\/div>\t\t\t\t<\/div>\n\t\t\t\t<\/div>\n\t\t\t\t<div class=\"elementor-element elementor-element-3907b4c elementor-position-top elementor-widget elementor-widget-image-box\" data-id=\"3907b4c\" data-element_type=\"widget\" data-e-type=\"widget\" data-widget_type=\"image-box.default\">\n\t\t\t\t<div class=\"elementor-widget-container\">\n\t\t\t\t\t<div class=\"elementor-image-box-wrapper\"><figure class=\"elementor-image-box-img\"><a href=\"\/de\/aesthetische-medizin-ibiza\/koerper\/ausschnittsverjungung\/\" tabindex=\"-1\"><img loading=\"lazy\" decoding=\"async\" width=\"513\" height=\"342\" src=\"https:\/\/clinicavilaparc.es\/wp-content\/uploads\/2024\/07\/rejuvenecimiento-escote-ibiza-1.jpg\" class=\"attachment-full size-full wp-image-5304\" alt=\"\" srcset=\"https:\/\/clinicavilaparc.es\/wp-content\/uploads\/2024\/07\/rejuvenecimiento-escote-ibiza-1.jpg 513w, https:\/\/clinicavilaparc.es\/wp-content\/uploads\/2024\/07\/rejuvenecimiento-escote-ibiza-1-300x200.jpg 300w\" sizes=\"(max-width: 513px) 100vw, 513px\" \/><\/a><\/figure><div class=\"elementor-image-box-content\"><p class=\"elementor-image-box-title\"><a href=\"\/de\/aesthetische-medizin-ibiza\/koerper\/ausschnittsverjungung\/\">Ausschnittsverjungung<\/a><\/p><\/div><\/div>\t\t\t\t<\/div>\n\t\t\t\t<\/div>\n\t\t\t\t<div class=\"elementor-element elementor-element-21987c8 elementor-position-top elementor-widget elementor-widget-image-box\" data-id=\"21987c8\" data-element_type=\"widget\" data-e-type=\"widget\" data-widget_type=\"image-box.default\">\n\t\t\t\t<div class=\"elementor-widget-container\">\n\t\t\t\t\t<div class=\"elementor-image-box-wrapper\"><figure class=\"elementor-image-box-img\"><a href=\"\/de\/aesthetische-medizin-ibiza\/koerper\/uebergewicht\/\" tabindex=\"-1\"><img loading=\"lazy\" decoding=\"async\" width=\"513\" height=\"342\" src=\"https:\/\/clinicavilaparc.es\/wp-content\/uploads\/2024\/07\/sobrepeso-ibiza-1.jpg\" class=\"attachment-full size-full wp-image-5308\" alt=\"\" srcset=\"https:\/\/clinicavilaparc.es\/wp-content\/uploads\/2024\/07\/sobrepeso-ibiza-1.jpg 513w, https:\/\/clinicavilaparc.es\/wp-content\/uploads\/2024\/07\/sobrepeso-ibiza-1-300x200.jpg 300w\" sizes=\"(max-width: 513px) 100vw, 513px\" \/><\/a><\/figure><div class=\"elementor-image-box-content\"><p class=\"elementor-image-box-title\"><a href=\"\/de\/aesthetische-medizin-ibiza\/koerper\/uebergewicht\/\">\u00dcbergewichtsbehandlung<\/a><\/p><\/div><\/div>\t\t\t\t<\/div>\n\t\t\t\t<\/div>\n\t\t\t\t<div class=\"elementor-element elementor-element-0034edf elementor-position-top elementor-widget elementor-widget-image-box\" data-id=\"0034edf\" data-element_type=\"widget\" data-e-type=\"widget\" data-widget_type=\"image-box.default\">\n\t\t\t\t<div class=\"elementor-widget-container\">\n\t\t\t\t\t<div class=\"elementor-image-box-wrapper\"><figure class=\"elementor-image-box-img\"><a href=\"\/de\/aesthetische-medizin-ibiza\/koerper\/cellulite-entfernen\/\" tabindex=\"-1\"><img loading=\"lazy\" decoding=\"async\" width=\"513\" height=\"342\" src=\"https:\/\/clinicavilaparc.es\/wp-content\/uploads\/2024\/08\/eliminar-celulitis-ibiza.jpg\" class=\"attachment-full size-full wp-image-5324\" alt=\"\" srcset=\"https:\/\/clinicavilaparc.es\/wp-content\/uploads\/2024\/08\/eliminar-celulitis-ibiza.jpg 513w, https:\/\/clinicavilaparc.es\/wp-content\/uploads\/2024\/08\/eliminar-celulitis-ibiza-300x200.jpg 300w\" sizes=\"(max-width: 513px) 100vw, 513px\" \/><\/a><\/figure><div class=\"elementor-image-box-content\"><p class=\"elementor-image-box-title\"><a href=\"\/de\/aesthetische-medizin-ibiza\/koerper\/cellulite-entfernen\/\">Behandlungen Zur Zellulitisentfernung<\/a><\/p><\/div><\/div>\t\t\t\t<\/div>\n\t\t\t\t<\/div>\n\t\t\t\t<div class=\"elementor-element elementor-element-bf29292 elementor-position-top elementor-widget elementor-widget-image-box\" data-id=\"bf29292\" data-element_type=\"widget\" data-e-type=\"widget\" data-widget_type=\"image-box.default\">\n\t\t\t\t<div class=\"elementor-widget-container\">\n\t\t\t\t\t<div class=\"elementor-image-box-wrapper\"><figure class=\"elementor-image-box-img\"><a href=\"\/de\/aesthetische-medizin-ibiza\/koerper\/laser-haarentfernung\/\" tabindex=\"-1\"><img loading=\"lazy\" decoding=\"async\" width=\"513\" height=\"342\" src=\"https:\/\/clinicavilaparc.es\/wp-content\/uploads\/2024\/08\/depilacion-laser-ibiza.jpg\" class=\"attachment-full size-full wp-image-5328\" alt=\"\" srcset=\"https:\/\/clinicavilaparc.es\/wp-content\/uploads\/2024\/08\/depilacion-laser-ibiza.jpg 513w, https:\/\/clinicavilaparc.es\/wp-content\/uploads\/2024\/08\/depilacion-laser-ibiza-300x200.jpg 300w\" sizes=\"(max-width: 513px) 100vw, 513px\" \/><\/a><\/figure><div class=\"elementor-image-box-content\"><p class=\"elementor-image-box-title\"><a href=\"\/de\/aesthetische-medizin-ibiza\/koerper\/laser-haarentfernung\/\">Laserdepilation F\u00fcr Frauen<\/a><\/p><\/div><\/div>\t\t\t\t<\/div>\n\t\t\t\t<\/div>\n\t\t\t\t<\/div>\n\t\t\t\t<\/div>\n\t\t\t\t<\/div>\n\t\t\t\t<\/div>\n\t\t\t\t<\/div>\n\t\t\t\t\t\t<\/div>\n\t\t\t\t<\/div>\n\t\t\t\t<\/div>\n\t\t<div class=\"elementor-element elementor-element-6a3f453c e-flex e-con-boxed e-con e-parent\" data-id=\"6a3f453c\" data-element_type=\"container\" data-e-type=\"container\" data-settings=\"{&quot;background_background&quot;:&quot;classic&quot;}\">\n\t\t\t\t\t<div class=\"e-con-inner\">\n\t\t<div class=\"elementor-element elementor-element-4a2b1109 e-con-full e-flex e-con e-child\" data-id=\"4a2b1109\" data-element_type=\"container\" data-e-type=\"container\">\n\t\t\t\t<div class=\"elementor-element elementor-element-670d0f05 elementor-widget elementor-widget-heading\" data-id=\"670d0f05\" data-element_type=\"widget\" data-e-type=\"widget\" data-widget_type=\"heading.default\">\n\t\t\t\t<div class=\"elementor-widget-container\">\n\t\t\t\t\t<h1 class=\"elementor-heading-title elementor-size-default\">SCHLAFFER K\u00d6RPER BEHANDLUNG<\/h1>\t\t\t\t<\/div>\n\t\t\t\t<\/div>\n\t\t\t\t<div class=\"elementor-element elementor-element-72804098 elementor-widget-divider--view-line elementor-invisible elementor-widget elementor-widget-divider\" data-id=\"72804098\" data-element_type=\"widget\" data-e-type=\"widget\" data-settings=\"{&quot;_animation&quot;:&quot;bounceInLeft&quot;}\" data-widget_type=\"divider.default\">\n\t\t\t\t<div class=\"elementor-widget-container\">\n\t\t\t\t\t\t\t<div class=\"elementor-divider\">\n\t\t\t<span class=\"elementor-divider-separator\">\n\t\t\t\t\t\t<\/span>\n\t\t<\/div>\n\t\t\t\t\t\t<\/div>\n\t\t\t\t<\/div>\n\t\t\t\t<div class=\"elementor-element elementor-element-9cec03c elementor-widget elementor-widget-template\" data-id=\"9cec03c\" data-element_type=\"widget\" data-e-type=\"widget\" data-widget_type=\"template.default\">\n\t\t\t\t<div class=\"elementor-widget-container\">\n\t\t\t\t\t\t\t<div class=\"elementor-template\">\n\t\t\t\t\t<div data-elementor-type=\"section\" data-elementor-id=\"10309\" class=\"elementor elementor-10309 elementor-10163 elementor-10163\" data-elementor-post-type=\"elementor_library\">\n\t\t\t<div class=\"elementor-element elementor-element-59d29fd e-con-full e-flex e-con e-child\" data-id=\"59d29fd\" data-element_type=\"container\" data-e-type=\"container\">\n\t\t<div class=\"elementor-element elementor-element-fb09c87 e-con-full e-flex e-con e-child\" data-id=\"fb09c87\" data-element_type=\"container\" data-e-type=\"container\" data-settings=\"{&quot;background_background&quot;:&quot;gradient&quot;}\">\n\t\t\t\t<div class=\"elementor-element elementor-element-3fe6c33 elementor-widget elementor-widget-heading\" data-id=\"3fe6c33\" data-element_type=\"widget\" data-e-type=\"widget\" data-widget_type=\"heading.default\">\n\t\t\t\t<div class=\"elementor-widget-container\">\n\t\t\t\t\t<h3 class=\"elementor-heading-title elementor-size-default\">Termintelefon<\/h3>\t\t\t\t<\/div>\n\t\t\t\t<\/div>\n\t\t\t\t<div class=\"elementor-element elementor-element-843c088 elementor-position-inline-start elementor-view-stacked elementor-shape-circle elementor-mobile-position-block-start elementor-widget elementor-widget-icon-box\" data-id=\"843c088\" data-element_type=\"widget\" data-e-type=\"widget\" data-widget_type=\"icon-box.default\">\n\t\t\t\t<div class=\"elementor-widget-container\">\n\t\t\t\t\t\t\t<div class=\"elementor-icon-box-wrapper\">\n\n\t\t\t\t\t\t<div class=\"elementor-icon-box-icon\">\n\t\t\t\t<a href=\"tel:+34971302354\" class=\"elementor-icon\" tabindex=\"-1\" aria-label=\"971 30 23 54\">\n\t\t\t\t<i aria-hidden=\"true\" class=\"fas fa-phone\"><\/i>\t\t\t\t<\/a>\n\t\t\t<\/div>\n\t\t\t\n\t\t\t\t\t\t<div class=\"elementor-icon-box-content\">\n\n\t\t\t\t\t\t\t\t\t<h4 class=\"elementor-icon-box-title\">\n\t\t\t\t\t\t<a href=\"tel:+34971302354\" >\n\t\t\t\t\t\t\t971 30 23 54\t\t\t\t\t\t<\/a>\n\t\t\t\t\t<\/h4>\n\t\t\t\t\n\t\t\t\t\n\t\t\t<\/div>\n\t\t\t\n\t\t<\/div>\n\t\t\t\t\t\t<\/div>\n\t\t\t\t<\/div>\n\t\t\t\t<div class=\"elementor-element elementor-element-c1d42ef elementor-align-center elementor-widget elementor-widget-button\" data-id=\"c1d42ef\" data-element_type=\"widget\" data-e-type=\"widget\" data-widget_type=\"button.default\">\n\t\t\t\t<div class=\"elementor-widget-container\">\n\t\t\t\t\t\t\t\t\t<div class=\"elementor-button-wrapper\">\n\t\t\t\t\t<a class=\"elementor-button elementor-button-link elementor-size-sm\" href=\"https:\/\/portalpaciente.grupopoliclinica.es:4443\/\" target=\"_blank\" rel=\"noopener\">\n\t\t\t\t\t\t<span class=\"elementor-button-content-wrapper\">\n\t\t\t\t\t\t\t\t\t<span class=\"elementor-button-text\">Patientenportal<\/span>\n\t\t\t\t\t<\/span>\n\t\t\t\t\t<\/a>\n\t\t\t\t<\/div>\n\t\t\t\t\t\t\t\t<\/div>\n\t\t\t\t<\/div>\n\t\t\t\t<\/div>\n\t\t<div class=\"elementor-element elementor-element-55f3b42 e-con-full e-flex e-con e-child\" data-id=\"55f3b42\" data-element_type=\"container\" data-e-type=\"container\" data-settings=\"{&quot;background_background&quot;:&quot;classic&quot;}\">\n\t\t\t\t<div class=\"elementor-element elementor-element-e1969ae elementor-widget elementor-widget-heading\" data-id=\"e1969ae\" data-element_type=\"widget\" data-e-type=\"widget\" data-widget_type=\"heading.default\">\n\t\t\t\t<div class=\"elementor-widget-container\">\n\t\t\t\t\t<h2 class=\"elementor-heading-title elementor-size-default\">Vila Parc Schedule<\/h2>\t\t\t\t<\/div>\n\t\t\t\t<\/div>\n\t\t<div class=\"elementor-element elementor-element-1f43ed5 elementor-hidden-tablet e-con-full e-flex e-con e-child\" data-id=\"1f43ed5\" data-element_type=\"container\" data-e-type=\"container\" data-settings=\"{&quot;background_background&quot;:&quot;classic&quot;}\">\n\t\t<div class=\"elementor-element elementor-element-9be752c e-con-full e-flex e-con e-child\" data-id=\"9be752c\" data-element_type=\"container\" data-e-type=\"container\">\n\t\t\t\t<div class=\"elementor-element elementor-element-8f6d6e1 elementor-widget elementor-widget-text-editor\" data-id=\"8f6d6e1\" data-element_type=\"widget\" data-e-type=\"widget\" data-widget_type=\"text-editor.default\">\n\t\t\t\t<div class=\"elementor-widget-container\">\n\t\t\t\t\t\t\t\t\t<p>Montag bis Freitag<\/p>\t\t\t\t\t\t\t\t<\/div>\n\t\t\t\t<\/div>\n\t\t\t\t<div class=\"elementor-element elementor-element-3c0b7c5 elementor-widget elementor-widget-text-editor\" data-id=\"3c0b7c5\" data-element_type=\"widget\" data-e-type=\"widget\" data-widget_type=\"text-editor.default\">\n\t\t\t\t<div class=\"elementor-widget-container\">\n\t\t\t\t\t\t\t\t\t<p>Saturday<\/p>\t\t\t\t\t\t\t\t<\/div>\n\t\t\t\t<\/div>\n\t\t\t\t<div class=\"elementor-element elementor-element-577b43c elementor-widget elementor-widget-text-editor\" data-id=\"577b43c\" data-element_type=\"widget\" data-e-type=\"widget\" data-widget_type=\"text-editor.default\">\n\t\t\t\t<div class=\"elementor-widget-container\">\n\t\t\t\t\t\t\t\t\t<p>Sunday<\/p>\n\t\t\t\t\t\t\t\t<\/div>\n\t\t\t\t<\/div>\n\t\t\t\t<\/div>\n\t\t<div class=\"elementor-element elementor-element-bdb72da e-con-full e-flex e-con e-child\" data-id=\"bdb72da\" data-element_type=\"container\" data-e-type=\"container\">\n\t\t\t\t<div class=\"elementor-element elementor-element-e90e5a0 elementor-widget elementor-widget-text-editor\" data-id=\"e90e5a0\" data-element_type=\"widget\" data-e-type=\"widget\" data-widget_type=\"text-editor.default\">\n\t\t\t\t<div class=\"elementor-widget-container\">\n\t\t\t\t\t\t\t\t\t<p>8.00 \u2013 21.00<\/p>\t\t\t\t\t\t\t\t<\/div>\n\t\t\t\t<\/div>\n\t\t\t\t<div class=\"elementor-element elementor-element-d75b830 elementor-widget elementor-widget-text-editor\" data-id=\"d75b830\" data-element_type=\"widget\" data-e-type=\"widget\" data-widget_type=\"text-editor.default\">\n\t\t\t\t<div class=\"elementor-widget-container\">\n\t\t\t\t\t\t\t\t\t<p>Geschlossen<\/p>\n\t\t\t\t\t\t\t\t<\/div>\n\t\t\t\t<\/div>\n\t\t\t\t<div class=\"elementor-element elementor-element-1f30ae4 elementor-widget elementor-widget-text-editor\" data-id=\"1f30ae4\" data-element_type=\"widget\" data-e-type=\"widget\" data-widget_type=\"text-editor.default\">\n\t\t\t\t<div class=\"elementor-widget-container\">\n\t\t\t\t\t\t\t\t\t<p>Geschlossen<\/p>\n\t\t\t\t\t\t\t\t<\/div>\n\t\t\t\t<\/div>\n\t\t\t\t<\/div>\n\t\t\t\t<\/div>\n\t\t\t\t<\/div>\n\t\t<div class=\"elementor-element elementor-element-3045b7f e-con-full e-flex e-con e-child\" data-id=\"3045b7f\" data-element_type=\"container\" data-e-type=\"container\" data-settings=\"{&quot;background_background&quot;:&quot;classic&quot;}\">\n\t\t\t\t<div class=\"elementor-element elementor-element-bf1a2f2 elementor-widget elementor-widget-heading\" data-id=\"bf1a2f2\" data-element_type=\"widget\" data-e-type=\"widget\" data-widget_type=\"heading.default\">\n\t\t\t\t<div class=\"elementor-widget-container\">\n\t\t\t\t\t<h2 class=\"elementor-heading-title elementor-size-default\">Notaufnahme Schedule<\/h2>\t\t\t\t<\/div>\n\t\t\t\t<\/div>\n\t\t<div class=\"elementor-element elementor-element-11a6513 e-con-full e-flex e-con e-child\" data-id=\"11a6513\" data-element_type=\"container\" data-e-type=\"container\" data-settings=\"{&quot;background_background&quot;:&quot;classic&quot;}\">\n\t\t<div class=\"elementor-element elementor-element-50055df e-con-full e-flex e-con e-child\" data-id=\"50055df\" data-element_type=\"container\" data-e-type=\"container\">\n\t\t\t\t<div class=\"elementor-element elementor-element-5596fc2 elementor-widget elementor-widget-text-editor\" data-id=\"5596fc2\" data-element_type=\"widget\" data-e-type=\"widget\" data-widget_type=\"text-editor.default\">\n\t\t\t\t<div class=\"elementor-widget-container\">\n\t\t\t\t\t\t\t\t\t<p>Montag bis Samstags<\/p>\t\t\t\t\t\t\t\t<\/div>\n\t\t\t\t<\/div>\n\t\t\t\t<div class=\"elementor-element elementor-element-9f0dad4 elementor-widget elementor-widget-text-editor\" data-id=\"9f0dad4\" data-element_type=\"widget\" data-e-type=\"widget\" data-widget_type=\"text-editor.default\">\n\t\t\t\t<div class=\"elementor-widget-container\">\n\t\t\t\t\t\t\t\t\t<p>Sonntags<\/p>\t\t\t\t\t\t\t\t<\/div>\n\t\t\t\t<\/div>\n\t\t\t\t<\/div>\n\t\t<div class=\"elementor-element elementor-element-7ab0114 e-con-full e-flex e-con e-child\" data-id=\"7ab0114\" data-element_type=\"container\" data-e-type=\"container\">\n\t\t\t\t<div class=\"elementor-element elementor-element-fcfe3cc elementor-widget elementor-widget-text-editor\" data-id=\"fcfe3cc\" data-element_type=\"widget\" data-e-type=\"widget\" data-widget_type=\"text-editor.default\">\n\t\t\t\t<div class=\"elementor-widget-container\">\n\t\t\t\t\t\t\t\t\t<p>9.00 \u2013 20.30<\/p>\t\t\t\t\t\t\t\t<\/div>\n\t\t\t\t<\/div>\n\t\t\t\t<div class=\"elementor-element elementor-element-a83eabb elementor-widget elementor-widget-text-editor\" data-id=\"a83eabb\" data-element_type=\"widget\" data-e-type=\"widget\" data-widget_type=\"text-editor.default\">\n\t\t\t\t<div class=\"elementor-widget-container\">\n\t\t\t\t\t\t\t\t\t<p>Geschlossen<\/p>\t\t\t\t\t\t\t\t<\/div>\n\t\t\t\t<\/div>\n\t\t\t\t<\/div>\n\t\t\t\t<\/div>\n\t\t\t\t<\/div>\n\t\t\t\t<\/div>\n\t\t\t\t<\/div>\n\t\t\t\t<\/div>\n\t\t\t\t\t\t<\/div>\n\t\t\t\t<\/div>\n\t\t\t\t<\/div>\n\t\t\t\t\t<\/div>\n\t\t\t\t<\/div>\n\t\t<div class=\"elementor-element elementor-element-8ceb74c e-flex e-con-boxed e-con e-parent\" data-id=\"8ceb74c\" data-element_type=\"container\" data-e-type=\"container\" data-settings=\"{&quot;background_background&quot;:&quot;classic&quot;}\">\n\t\t\t\t\t<div class=\"e-con-inner\">\n\t\t<div class=\"elementor-element elementor-element-829e663 e-con-full e-flex e-con e-child\" data-id=\"829e663\" data-element_type=\"container\" data-e-type=\"container\">\n\t\t\t\t<div class=\"elementor-element elementor-element-cf75ecf elementor-widget elementor-widget-heading\" data-id=\"cf75ecf\" data-element_type=\"widget\" data-e-type=\"widget\" data-widget_type=\"heading.default\">\n\t\t\t\t<div class=\"elementor-widget-container\">\n\t\t\t\t\t<h2 class=\"elementor-heading-title elementor-size-default\">VERABSCHIEDEN SIE SICH VON EINEM SCHLAFFEN K\u00d6RPER UND BEEINDRUCKEN SIE MIT STRAFFER HAUT<\/h2>\t\t\t\t<\/div>\n\t\t\t\t<\/div>\n\t\t\t\t<div class=\"elementor-element elementor-element-77d86b2 elementor-icon-list--layout-inline elementor-list-item-link-full_width elementor-widget elementor-widget-icon-list\" data-id=\"77d86b2\" data-element_type=\"widget\" data-e-type=\"widget\" data-widget_type=\"icon-list.default\">\n\t\t\t\t<div class=\"elementor-widget-container\">\n\t\t\t\t\t\t\t<ul class=\"elementor-icon-list-items elementor-inline-items\">\n\t\t\t\t\t\t\t<li class=\"elementor-icon-list-item elementor-inline-item\">\n\t\t\t\t\t\t\t\t\t\t\t<a href=\"https:\/\/clinicavilaparc.es\/de\/\">\n\n\t\t\t\t\t\t\t\t\t\t\t<span class=\"elementor-icon-list-text\">Startseite<\/span>\n\t\t\t\t\t\t\t\t\t\t\t<\/a>\n\t\t\t\t\t\t\t\t\t<\/li>\n\t\t\t\t\t\t\t\t<li class=\"elementor-icon-list-item elementor-inline-item\">\n\t\t\t\t\t\t\t\t\t\t\t<a href=\"https:\/\/clinicavilaparc.es\/de\/aesthetische-medizin-ibiza\/\">\n\n\t\t\t\t\t\t\t\t\t\t\t\t<span class=\"elementor-icon-list-icon\">\n\t\t\t\t\t\t\t<i aria-hidden=\"true\" class=\"fas fa-chevron-right\"><\/i>\t\t\t\t\t\t<\/span>\n\t\t\t\t\t\t\t\t\t\t<span class=\"elementor-icon-list-text\">aesthetische medizin<\/span>\n\t\t\t\t\t\t\t\t\t\t\t<\/a>\n\t\t\t\t\t\t\t\t\t<\/li>\n\t\t\t\t\t\t\t\t<li class=\"elementor-icon-list-item elementor-inline-item\">\n\t\t\t\t\t\t\t\t\t\t\t<a href=\"http:\/\/aesthetische-medizin-ibiza\/koerper\/\">\n\n\t\t\t\t\t\t\t\t\t\t\t\t<span class=\"elementor-icon-list-icon\">\n\t\t\t\t\t\t\t<i aria-hidden=\"true\" class=\"fas fa-chevron-right\"><\/i>\t\t\t\t\t\t<\/span>\n\t\t\t\t\t\t\t\t\t\t<span class=\"elementor-icon-list-text\">K\u00f6rperbehandlungen<\/span>\n\t\t\t\t\t\t\t\t\t\t\t<\/a>\n\t\t\t\t\t\t\t\t\t<\/li>\n\t\t\t\t\t\t\t\t<li class=\"elementor-icon-list-item elementor-inline-item\">\n\t\t\t\t\t\t\t\t\t\t\t<span class=\"elementor-icon-list-icon\">\n\t\t\t\t\t\t\t<i aria-hidden=\"true\" class=\"fas fa-chevron-right\"><\/i>\t\t\t\t\t\t<\/span>\n\t\t\t\t\t\t\t\t\t\t<span class=\"elementor-icon-list-text\">SCHLAFFER K\u00d6RPER<\/span>\n\t\t\t\t\t\t\t\t\t<\/li>\n\t\t\t\t\t\t<\/ul>\n\t\t\t\t\t\t<\/div>\n\t\t\t\t<\/div>\n\t\t\t\t<\/div>\n\t\t\t\t\t<\/div>\n\t\t\t\t<\/div>\n\t\t<div class=\"elementor-element elementor-element-b81ea2a e-flex e-con-boxed e-con e-parent\" data-id=\"b81ea2a\" data-element_type=\"container\" data-e-type=\"container\">\n\t\t\t\t\t<div class=\"e-con-inner\">\n\t\t<div class=\"elementor-element elementor-element-340d3f7 e-con-full e-flex e-con e-child\" data-id=\"340d3f7\" data-element_type=\"container\" data-e-type=\"container\">\n\t\t\t\t<div class=\"elementor-element elementor-element-3b41d16 elementor-widget elementor-widget-text-editor\" data-id=\"3b41d16\" data-element_type=\"widget\" data-e-type=\"widget\" data-widget_type=\"text-editor.default\">\n\t\t\t\t<div class=\"elementor-widget-container\">\n\t\t\t\t\t\t\t\t\t<div class=\"elementor-element elementor-element-1c57d22 elementor-widget elementor-widget-text-editor\" data-id=\"1c57d22\" data-element_type=\"widget\" data-widget_type=\"text-editor.default\">\n<div class=\"elementor-widget-container\">\n<p>Ein schlaffer K\u00f6rper entsteht, wenn Haut und Muskelgeweben an Tonus und Spannkraft verlieren. Neben dem Gesicht sind die am meisten betroffenen Bereiche die Arme, Oberschenkel, das Ges\u00e4\u00df und der Bauch. Herunterh\u00e4ngende Haut an der Innenseite der Arme ist ein Anzeichen von schlaffer Haut, das viele Frauen Sorgen bereitet. Ein weiterer Bereich, der h\u00e4ufig von Schlaffheit betroffen ist, ist der Brustbereich durch fortschreitendes Alter, ein pl\u00f6tzlicher Gewichtsverlust und besonders Schwangerschaft und Stillzeit.<\/p>\n<\/div>\n<\/div>\n<div class=\"elementor-element elementor-element-fd7365a elementor-widget elementor-widget-heading\" data-id=\"fd7365a\" data-element_type=\"widget\" data-widget_type=\"heading.default\">\n<div class=\"elementor-widget-container\"><\/div>\n<\/div>\n\t\t\t\t\t\t\t\t<\/div>\n\t\t\t\t<\/div>\n\t\t\t\t<div class=\"elementor-element elementor-element-7e707ae elementor-widget elementor-widget-heading\" data-id=\"7e707ae\" data-element_type=\"widget\" data-e-type=\"widget\" data-widget_type=\"heading.default\">\n\t\t\t\t<div class=\"elementor-widget-container\">\n\t\t\t\t\t<h2 class=\"elementor-heading-title elementor-size-default\">WODURCH WIRD DER K\u00d6RPER SCHLAFFER<\/h2>\t\t\t\t<\/div>\n\t\t\t\t<\/div>\n\t\t\t\t<div class=\"elementor-element elementor-element-ed8c9d5 elementor-widget elementor-widget-text-editor\" data-id=\"ed8c9d5\" data-element_type=\"widget\" data-e-type=\"widget\" data-widget_type=\"text-editor.default\">\n\t\t\t\t<div class=\"elementor-widget-container\">\n\t\t\t\t\t\t\t\t\t<p>Schlaffe Haut entsteht vor allem durch den Alterungsprozess, denn die Produktion von Kollagenen und Elastin verringert sich im Laufe der Jahre. Die Haut wird d\u00fcnner, denn der K\u00f6rper bindet weniger Fasern und verliert einen Teil des<a href=\"https:\/\/clinicavilaparc.es\/medicina-estetica-ibiza\/tratamiento-facial\/eliminar-grasa-cuello\/\">Unterhautfetts<\/a>\u00a0und Muskelmasse der Haut.<\/p>\n<p>Daneben entsteht schlaffes Muskelgewebe vor allem durch Bewegungsmangel ohne regelm\u00e4\u00dfigen Sport. Weitere Faktoren k\u00f6nnen schlaffe Haut erzeugen oder den Effekt verst\u00e4rken. Dazu geh\u00f6ren ein pl\u00f6tzlicher Gewichtsverlust, eine eiwei\u00dfarme, fettreiche und kohlenhydratarme Ern\u00e4hrung oder Hormonschwankungen, wie sie z. B. in der Menopause auftreten. Au\u00dferdem ist ein l\u00e4ngerer Aufenthalt in der Sonne ohne ausreichenden Sonnenschutz sch\u00e4dlich, denn dadurch sammeln sich gro\u00dfe Mengen an freien Radikalen in der Haut an, die eine Oxidation und Verschlechterung der Gewebe verursachen. Ein \u00fcberm\u00e4\u00dfiger Aufenthalt in der Sonne trocknet zudem den K\u00f6rper aus und zerst\u00f6rt Kollagene und Elastin. Auch der Konsum von Tabak und bestimmten Medikamenten, wie Kortikoide, k\u00f6nnen ein Grund f\u00fcr den schlaffen K\u00f6rper sein. Gleicherma\u00dfen verlangsamen Stress und Schlafmangel die Zellerneuerung und k\u00f6nnen dazu beitragen.<\/p>\n\t\t\t\t\t\t\t\t<\/div>\n\t\t\t\t<\/div>\n\t\t<div class=\"elementor-element elementor-element-3ffc275 e-con-full e-flex e-con e-child\" data-id=\"3ffc275\" data-element_type=\"container\" data-e-type=\"container\">\n\t\t<div class=\"elementor-element elementor-element-5f57451 e-con-full e-flex e-con e-child\" data-id=\"5f57451\" data-element_type=\"container\" data-e-type=\"container\">\n\t\t\t\t<div class=\"elementor-element elementor-element-b20165a elementor-widget elementor-widget-heading\" data-id=\"b20165a\" data-element_type=\"widget\" data-e-type=\"widget\" data-widget_type=\"heading.default\">\n\t\t\t\t<div class=\"elementor-widget-container\">\n\t\t\t\t\t<h2 class=\"elementor-heading-title elementor-size-default\">WAS MAN GEGEN EINEN SCHLAFFEN K\u00d6RPER TUN KANN<\/h2>\t\t\t\t<\/div>\n\t\t\t\t<\/div>\n\t\t\t\t<div class=\"elementor-element elementor-element-7db9d52 elementor-widget elementor-widget-text-editor\" data-id=\"7db9d52\" data-element_type=\"widget\" data-e-type=\"widget\" data-widget_type=\"text-editor.default\">\n\t\t\t\t<div class=\"elementor-widget-container\">\n\t\t\t\t\t\t\t\t\t<p>Eine\u00a0<strong>gesunde Lebensweise<\/strong>\u00a0ist sehr wichtig, um einem schlaffen K\u00f6rper vorzubeugen. Der erste Schritt ist eine ausgewogene und eiwei\u00dfreiche Ern\u00e4hrung.\u00a0<strong>Vermeiden Sie \u201eWunderdi\u00e4ten<\/strong>\u201c, mit denen Sie zu schnell abnehmen, denn normalerweise verlieren Sie damit mehr Wasser und Muskelmasse, als Fett. Au\u00dferdem verursacht ein schneller Gewichtsverlust, dass die Haut herunterh\u00e4ngt, was bedeutet, dass sie schlaff wird. Es ist sehr wichtig, Lebensmittel zu sich nehmen, die reich an Kollagenen, Vitamin C, Schwefel, Omega 3, Selen und Zink sind. Dazu geh\u00f6ren Fettfische, N\u00fcsse, Samen oder Gem\u00fcse. Dagegen beschleunigt \u00fcberm\u00e4\u00dfiger Zucker den Abbau von Kollagenen, weshalb man S\u00fc\u00dfigkeiten nur in Ma\u00dfen essen sollte. Au\u00dferdem ist es wichtig, t\u00e4glich etwa 2 Liter Wasser zu trinken, um das K\u00f6rpergewebe mit ausreichend Wasser zu versorgen.<\/p>\n<p>Zudem sind\u00a0<strong>regelm\u00e4\u00dfiger Sport<\/strong>mit Gymnastik\u00fcbungen und weitere \u00dcbungen f\u00fcr Bereiche, die schlaff werden k\u00f6nnen, von fundamentaler Bedeutung. Straffende Cremes und ein geringer Aufenthalt in der Sonne, besonders ohne Sonnenschutz, wird empfohlen.<\/p>\n<p>Es gibt verschiedene \u00e4sthetische Behandlungen gegen schlaffe Haut, die man anwenden kann, damit die Haut wieder<strong>fest und elastisch<\/strong>wird.<\/p>\n\t\t\t\t\t\t\t\t<\/div>\n\t\t\t\t<\/div>\n\t\t\t\t<\/div>\n\t\t<div class=\"elementor-element elementor-element-91b148b e-con-full e-flex e-con e-child\" data-id=\"91b148b\" data-element_type=\"container\" data-e-type=\"container\">\n\t\t\t\t<div class=\"elementor-element elementor-element-72ecf13 elementor-widget elementor-widget-image\" data-id=\"72ecf13\" data-element_type=\"widget\" data-e-type=\"widget\" data-widget_type=\"image.default\">\n\t\t\t\t<div class=\"elementor-widget-container\">\n\t\t\t\t\t\t\t\t\t\t\t\t\t\t\t<img loading=\"lazy\" decoding=\"async\" width=\"261\" height=\"387\" src=\"https:\/\/clinicavilaparc.es\/wp-content\/uploads\/2024\/07\/eliminar-verrugas-corporal-1.jpg\" class=\"attachment-large size-large wp-image-5105\" alt=\"\" srcset=\"https:\/\/clinicavilaparc.es\/wp-content\/uploads\/2024\/07\/eliminar-verrugas-corporal-1.jpg 261w, https:\/\/clinicavilaparc.es\/wp-content\/uploads\/2024\/07\/eliminar-verrugas-corporal-1-202x300.jpg 202w\" sizes=\"(max-width: 261px) 100vw, 261px\" \/>\t\t\t\t\t\t\t\t\t\t\t\t\t\t\t<\/div>\n\t\t\t\t<\/div>\n\t\t\t\t<\/div>\n\t\t\t\t<\/div>\n\t\t<div class=\"elementor-element elementor-element-24069f8 e-con-full e-flex e-con e-child\" data-id=\"24069f8\" data-element_type=\"container\" data-e-type=\"container\">\n\t\t<div class=\"elementor-element elementor-element-3c8328d e-con-full e-flex e-con e-child\" data-id=\"3c8328d\" data-element_type=\"container\" data-e-type=\"container\">\n\t\t\t\t<div class=\"elementor-element elementor-element-be7c614 elementor-widget elementor-widget-heading\" data-id=\"be7c614\" data-element_type=\"widget\" data-e-type=\"widget\" data-widget_type=\"heading.default\">\n\t\t\t\t<div class=\"elementor-widget-container\">\n\t\t\t\t\t<h2 class=\"elementor-heading-title elementor-size-default\">SCH\u00d6NHEITSBEHANDLUNGEN F\u00dcR EINEN SCHLAFFEN K\u00d6RPER<\/h2>\t\t\t\t<\/div>\n\t\t\t\t<\/div>\n\t\t\t\t<div class=\"elementor-element elementor-element-750d81e elementor-widget elementor-widget-text-editor\" data-id=\"750d81e\" data-element_type=\"widget\" data-e-type=\"widget\" data-widget_type=\"text-editor.default\">\n\t\t\t\t<div class=\"elementor-widget-container\">\n\t\t\t\t\t\t\t\t\t<p>Es gibt verschiedene plastische und medizinische Behandlungen, um gegen einen schlaffen K\u00f6rper anzugehen. Dazu geh\u00f6ren Kreislaufmassagen,\u00a0<strong>K\u00f6rpermesotherapie<\/strong>, Auff\u00fcllen mit\u00a0<strong>Hydroxylapatit<\/strong>,\u00a0<strong>Radiofrequenztherapie<\/strong>,\u00a0<strong>HIFU-Technologie<\/strong>\u00a0oder Schockwellen und viele mehr.<\/p>\n<p>Die K\u00f6rpermesotherapie besteht aus Mikroinjektionen in die Haut, die ihr straffende Eigenschaften zur\u00fcckbringen.<\/p>\n<p>Eine weitere Behandlungsm\u00f6glichkeit ist die Auff\u00fcllung mit Hydroxylapatit, einer biokompatiblen Substanz, die nach der Injektion in die Haut die Produktion von neuem Kollagen stimuliert.<br \/>\nRadiofrequenzen, die die Haut in der Tiefe erw\u00e4rmen, werden in der \u00e4sthetischen Medizin oft eingesetzt, weil sie die Kollagenproduktion f\u00f6rdern und den Blutkreislauf anregen.<\/p>\n\t\t\t\t\t\t\t\t<\/div>\n\t\t\t\t<\/div>\n\t\t\t\t<\/div>\n\t\t<div class=\"elementor-element elementor-element-1af627a e-con-full e-flex e-con e-child\" data-id=\"1af627a\" data-element_type=\"container\" data-e-type=\"container\">\n\t\t\t\t<div class=\"elementor-element elementor-element-fcc7d32 elementor-widget elementor-widget-image\" data-id=\"fcc7d32\" data-element_type=\"widget\" data-e-type=\"widget\" data-widget_type=\"image.default\">\n\t\t\t\t<div class=\"elementor-widget-container\">\n\t\t\t\t\t\t\t\t\t\t\t\t\t\t\t<img loading=\"lazy\" decoding=\"async\" width=\"279\" height=\"263\" src=\"https:\/\/clinicavilaparc.es\/wp-content\/uploads\/2024\/07\/flacidez-corporal.jpg\" class=\"attachment-large size-large wp-image-4618\" alt=\"\" \/>\t\t\t\t\t\t\t\t\t\t\t\t\t\t\t<\/div>\n\t\t\t\t<\/div>\n\t\t\t\t<\/div>\n\t\t\t\t<\/div>\n\t\t<div class=\"elementor-element elementor-element-4f17b55 e-con-full e-flex e-con e-child\" data-id=\"4f17b55\" data-element_type=\"container\" data-e-type=\"container\">\n\t\t<div class=\"elementor-element elementor-element-ec4ddab e-con-full e-flex e-con e-child\" data-id=\"ec4ddab\" data-element_type=\"container\" data-e-type=\"container\">\n\t\t\t\t<div class=\"elementor-element elementor-element-ba668c3 elementor-widget elementor-widget-text-editor\" data-id=\"ba668c3\" data-element_type=\"widget\" data-e-type=\"widget\" data-widget_type=\"text-editor.default\">\n\t\t\t\t<div class=\"elementor-widget-container\">\n\t\t\t\t\t\t\t\t\t<p>Die HIFU-Technologie funktioniert \u00fcber Ultraschall, die das Geweben straffen und das Kollagen und Elastin in Haut regenerieren, ohne sie zu sch\u00e4digen.<br \/>\nWir verf\u00fcgen auch \u00fcber Schockwellen, die besonders zusammen mit anderen Behandlungen sehr von Vorteil sein k\u00f6nnen, um einen schlaffen K\u00f6rper zu behandeln.<\/p>\n<p>Bei Cl\u00ednica Vila Parc verf\u00fcgen wir \u00fcber den revolution\u00e4ren\u00a0<strong>Cyclone<\/strong>, der mehrere Techniken zur Hautstraffung in nur einem Ger\u00e4t perfekt kombiniert: Radiofrequenz, Kavitation und HIFU und Lymphdrainage. Sie ist eine der\u00a0<strong>besten und effizientesten Behandlungen<\/strong>\u00a0von schlaffer Haut, denn die Ergebnisse sind schon nach der ersten Sitzung sichtbar. Au\u00dferdem ist sie eine\u00a0<strong>nicht-invasive Behandlung ohne Nebenwirkungen.<\/strong><\/p>\n\t\t\t\t\t\t\t\t<\/div>\n\t\t\t\t<\/div>\n\t\t\t\t<\/div>\n\t\t<div class=\"elementor-element elementor-element-3e6f16d e-con-full e-flex e-con e-child\" data-id=\"3e6f16d\" data-element_type=\"container\" data-e-type=\"container\">\n\t\t\t\t<div class=\"elementor-element elementor-element-3af5d97 elementor-widget elementor-widget-image\" data-id=\"3af5d97\" data-element_type=\"widget\" data-e-type=\"widget\" data-widget_type=\"image.default\">\n\t\t\t\t<div class=\"elementor-widget-container\">\n\t\t\t\t\t\t\t\t\t\t\t\t\t\t\t<img loading=\"lazy\" decoding=\"async\" width=\"285\" height=\"214\" src=\"https:\/\/clinicavilaparc.es\/wp-content\/uploads\/2024\/07\/REJUVENECIMIENTO-DEL-ESCOTE.jpg\" class=\"attachment-large size-large wp-image-5138\" alt=\"\" \/>\t\t\t\t\t\t\t\t\t\t\t\t\t\t\t<\/div>\n\t\t\t\t<\/div>\n\t\t\t\t<\/div>\n\t\t\t\t<\/div>\n\t\t\t\t<\/div>\n\t\t\t\t\t<\/div>\n\t\t\t\t<\/div>\n\t\t<div class=\"elementor-element elementor-element-c66121e e-flex e-con-boxed e-con e-parent\" data-id=\"c66121e\" data-element_type=\"container\" data-e-type=\"container\">\n\t\t\t\t\t<div class=\"e-con-inner\">\n\t\t<div class=\"elementor-element elementor-element-18cd48a e-con-full e-flex e-con e-child\" data-id=\"18cd48a\" data-element_type=\"container\" data-e-type=\"container\">\n\t\t\t\t<div class=\"elementor-element elementor-element-c937962 elementor-widget elementor-widget-heading\" data-id=\"c937962\" data-element_type=\"widget\" data-e-type=\"widget\" data-widget_type=\"heading.default\">\n\t\t\t\t<div class=\"elementor-widget-container\">\n\t\t\t\t\t<h2 class=\"elementor-heading-title elementor-size-default\">Das k\u00f6nnte Sie auch interessieren<\/h2>\t\t\t\t<\/div>\n\t\t\t\t<\/div>\n\t\t<div class=\"elementor-element elementor-element-3b5da5d e-con-full e-flex e-con e-child\" data-id=\"3b5da5d\" data-element_type=\"container\" data-e-type=\"container\">\n\t\t<div class=\"elementor-element elementor-element-28e1cdb e-con-full e-flex e-con e-child\" data-id=\"28e1cdb\" data-element_type=\"container\" data-e-type=\"container\">\n\t\t\t\t<div class=\"elementor-element elementor-element-ed50e1f elementor-widget elementor-widget-heading\" data-id=\"ed50e1f\" data-element_type=\"widget\" data-e-type=\"widget\" data-widget_type=\"heading.default\">\n\t\t\t\t<div class=\"elementor-widget-container\">\n\t\t\t\t\t<h3 class=\"elementor-heading-title elementor-size-default\">Verkehrseinheit<\/h3>\t\t\t\t<\/div>\n\t\t\t\t<\/div>\n\t\t\t\t<div class=\"elementor-element elementor-element-76d47f6 elementor-widget elementor-widget-text-editor\" data-id=\"76d47f6\" data-element_type=\"widget\" data-e-type=\"widget\" data-widget_type=\"text-editor.default\">\n\t\t\t\t<div class=\"elementor-widget-container\">\n\t\t\t\t\t\t\t\t\t<p>Die Verkehrseinheit verf\u00fcgt \u00fcber ein hochqualifiziertes Team, das verkehrsbedingte Verletzungen behandelt.<\/p>\n\t\t\t\t\t\t\t\t<\/div>\n\t\t\t\t<\/div>\n\t\t\t\t<div class=\"elementor-element elementor-element-944bbc1 elementor-align-justify elementor-widget elementor-widget-button\" data-id=\"944bbc1\" data-element_type=\"widget\" data-e-type=\"widget\" data-widget_type=\"button.default\">\n\t\t\t\t<div class=\"elementor-widget-container\">\n\t\t\t\t\t\t\t\t\t<div class=\"elementor-button-wrapper\">\n\t\t\t\t\t<a class=\"elementor-button elementor-button-link elementor-size-sm\" href=\"\/de\/verkehrsunfall-verkehr-einheit-ibiza\/\">\n\t\t\t\t\t\t<span class=\"elementor-button-content-wrapper\">\n\t\t\t\t\t\t\t\t\t<span class=\"elementor-button-text\">Weitere Informationen zur Kategorie<\/span>\n\t\t\t\t\t<\/span>\n\t\t\t\t\t<\/a>\n\t\t\t\t<\/div>\n\t\t\t\t\t\t\t\t<\/div>\n\t\t\t\t<\/div>\n\t\t\t\t<\/div>\n\t\t<div class=\"elementor-element elementor-element-12119fe e-con-full e-flex e-con e-child\" data-id=\"12119fe\" data-element_type=\"container\" data-e-type=\"container\">\n\t\t\t\t<div class=\"elementor-element elementor-element-a1e8e44 elementor-widget elementor-widget-heading\" data-id=\"a1e8e44\" data-element_type=\"widget\" data-e-type=\"widget\" data-widget_type=\"heading.default\">\n\t\t\t\t<div class=\"elementor-widget-container\">\n\t\t\t\t\t<h3 class=\"elementor-heading-title elementor-size-default\">Allgemeinmedizin<\/h3>\t\t\t\t<\/div>\n\t\t\t\t<\/div>\n\t\t\t\t<div class=\"elementor-element elementor-element-2d64c93 elementor-widget elementor-widget-text-editor\" data-id=\"2d64c93\" data-element_type=\"widget\" data-e-type=\"widget\" data-widget_type=\"text-editor.default\">\n\t\t\t\t<div class=\"elementor-widget-container\">\n\t\t\t\t\t\t\t\t\t<p>Das Fachgebiet der Allgemeinmedizin ist auf die allgemeine Diagnostik und Behandlung spezialisiert.<\/p>\n\t\t\t\t\t\t\t\t<\/div>\n\t\t\t\t<\/div>\n\t\t\t\t<div class=\"elementor-element elementor-element-8975920 elementor-align-justify elementor-widget elementor-widget-button\" data-id=\"8975920\" data-element_type=\"widget\" data-e-type=\"widget\" data-widget_type=\"button.default\">\n\t\t\t\t<div class=\"elementor-widget-container\">\n\t\t\t\t\t\t\t\t\t<div class=\"elementor-button-wrapper\">\n\t\t\t\t\t<a class=\"elementor-button elementor-button-link elementor-size-sm\" href=\"\/de\/medizin-allgemein-ibiza\/\">\n\t\t\t\t\t\t<span class=\"elementor-button-content-wrapper\">\n\t\t\t\t\t\t\t\t\t<span class=\"elementor-button-text\">Weitere Informationen zur Kategorie<\/span>\n\t\t\t\t\t<\/span>\n\t\t\t\t\t<\/a>\n\t\t\t\t<\/div>\n\t\t\t\t\t\t\t\t<\/div>\n\t\t\t\t<\/div>\n\t\t\t\t<\/div>\n\t\t<div class=\"elementor-element elementor-element-b12b2e2 e-con-full e-flex e-con e-child\" data-id=\"b12b2e2\" data-element_type=\"container\" data-e-type=\"container\">\n\t\t\t\t<div class=\"elementor-element elementor-element-9949934 elementor-widget elementor-widget-heading\" data-id=\"9949934\" data-element_type=\"widget\" data-e-type=\"widget\" data-widget_type=\"heading.default\">\n\t\t\t\t<div class=\"elementor-widget-container\">\n\t\t\t\t\t<h3 class=\"elementor-heading-title elementor-size-default\">Neurochirurgie<\/h3>\t\t\t\t<\/div>\n\t\t\t\t<\/div>\n\t\t\t\t<div class=\"elementor-element elementor-element-631b109 elementor-widget elementor-widget-text-editor\" data-id=\"631b109\" data-element_type=\"widget\" data-e-type=\"widget\" data-widget_type=\"text-editor.default\">\n\t\t\t\t<div class=\"elementor-widget-container\">\n\t\t\t\t\t\t\t\t\t<p>Behandlung von neurologischen Problemen, einschlie\u00dflich Kopfschmerzen, Krankheiten und Konsultationen.<\/p>\n\t\t\t\t\t\t\t\t<\/div>\n\t\t\t\t<\/div>\n\t\t\t\t<div class=\"elementor-element elementor-element-6995af2 elementor-align-justify elementor-widget elementor-widget-button\" data-id=\"6995af2\" data-element_type=\"widget\" data-e-type=\"widget\" data-widget_type=\"button.default\">\n\t\t\t\t<div class=\"elementor-widget-container\">\n\t\t\t\t\t\t\t\t\t<div class=\"elementor-button-wrapper\">\n\t\t\t\t\t<a class=\"elementor-button elementor-button-link elementor-size-sm\" href=\"\/de\/neurochirurgie-ibiza\/\">\n\t\t\t\t\t\t<span class=\"elementor-button-content-wrapper\">\n\t\t\t\t\t\t\t\t\t<span class=\"elementor-button-text\">Weitere Informationen zur Kategorie<\/span>\n\t\t\t\t\t<\/span>\n\t\t\t\t\t<\/a>\n\t\t\t\t<\/div>\n\t\t\t\t\t\t\t\t<\/div>\n\t\t\t\t<\/div>\n\t\t\t\t<\/div>\n\t\t<div class=\"elementor-element elementor-element-13cfdc3 e-con-full e-flex e-con e-child\" data-id=\"13cfdc3\" data-element_type=\"container\" data-e-type=\"container\">\n\t\t\t\t<div class=\"elementor-element elementor-element-b2184d9 elementor-widget elementor-widget-heading\" data-id=\"b2184d9\" data-element_type=\"widget\" data-e-type=\"widget\" data-widget_type=\"heading.default\">\n\t\t\t\t<div class=\"elementor-widget-container\">\n\t\t\t\t\t<h3 class=\"elementor-heading-title elementor-size-default\">Gyn\u00e4kologie<\/h3>\t\t\t\t<\/div>\n\t\t\t\t<\/div>\n\t\t\t\t<div class=\"elementor-element elementor-element-df2f34f elementor-widget elementor-widget-text-editor\" data-id=\"df2f34f\" data-element_type=\"widget\" data-e-type=\"widget\" data-widget_type=\"text-editor.default\">\n\t\t\t\t<div class=\"elementor-widget-container\">\n\t\t\t\t\t\t\t\t\t<p>Konsultationsdienste, einschlie\u00dflich regelm\u00e4\u00dfiger gyn\u00e4kologischer Untersuchungen, Behandlung von Fortpflanzungsproblemen usw.<\/p>\n\t\t\t\t\t\t\t\t<\/div>\n\t\t\t\t<\/div>\n\t\t\t\t<div class=\"elementor-element elementor-element-fb3a2f2 elementor-align-justify elementor-widget elementor-widget-button\" data-id=\"fb3a2f2\" data-element_type=\"widget\" data-e-type=\"widget\" data-widget_type=\"button.default\">\n\t\t\t\t<div class=\"elementor-widget-container\">\n\t\t\t\t\t\t\t\t\t<div class=\"elementor-button-wrapper\">\n\t\t\t\t\t<a class=\"elementor-button elementor-button-link elementor-size-sm\" href=\"https:\/\/clinicavilaparc.es\/de\/gynakologie-ibiza\/\">\n\t\t\t\t\t\t<span class=\"elementor-button-content-wrapper\">\n\t\t\t\t\t\t\t\t\t<span class=\"elementor-button-text\">Weitere Informationen zur Kategorie<\/span>\n\t\t\t\t\t<\/span>\n\t\t\t\t\t<\/a>\n\t\t\t\t<\/div>\n\t\t\t\t\t\t\t\t<\/div>\n\t\t\t\t<\/div>\n\t\t\t\t<\/div>\n\t\t\t\t<\/div>\n\t\t\t\t<\/div>\n\t\t\t\t\t<\/div>\n\t\t\t\t<\/div>\n\t\t\t\t<\/div>\n\t\t","protected":false},"excerpt":{"rendered":"<p>VERABSCHIEDEN SIE SICH VON EINEM SCHLAFFEN K\u00d6RPER UND BEEINDRUCKEN SIE MIT STRAFFER HAUT Startseite aesthetische medizin K\u00f6rperbehandlungen SCHLAFFER K\u00d6RPER Ein schlaffer K\u00f6rper entsteht, wenn Haut und Muskelgeweben an Tonus und Spannkraft verlieren. Neben dem Gesicht sind die am meisten betroffenen Bereiche die Arme, Oberschenkel, das Ges\u00e4\u00df und der Bauch. Herunterh\u00e4ngende Haut an der Innenseite der [&hellip;]<\/p>\n","protected":false},"author":3,"featured_media":4358,"parent":0,"menu_order":0,"comment_status":"closed","ping_status":"closed","template":"","meta":{"site-sidebar-layout":"default","site-content-layout":"","ast-site-content-layout":"default","site-content-style":"default","site-sidebar-style":"default","ast-global-header-display":"","ast-banner-title-visibility":"","ast-main-header-display":"","ast-hfb-above-header-display":"","ast-hfb-below-header-display":"","ast-hfb-mobile-header-display":"","site-post-title":"","ast-breadcrumbs-content":"","ast-featured-img":"","footer-sml-layout":"","ast-disable-related-posts":"","theme-transparent-header-meta":"","adv-header-id-meta":"","stick-header-meta":"","header-above-stick-meta":"","header-main-stick-meta":"","header-below-stick-meta":"","astra-migrate-meta-layouts":"default","ast-page-background-enabled":"default","ast-page-background-meta":{"desktop":{"background-color":"var(--ast-global-color-4)","background-image":"","background-repeat":"repeat","background-position":"center center","background-size":"auto","background-attachment":"scroll","background-type":"","background-media":"","overlay-type":"","overlay-color":"","overlay-opacity":"","overlay-gradient":""},"tablet":{"background-color":"","background-image":"","background-repeat":"repeat","background-position":"center center","background-size":"auto","background-attachment":"scroll","background-type":"","background-media":"","overlay-type":"","overlay-color":"","overlay-opacity":"","overlay-gradient":""},"mobile":{"background-color":"","background-image":"","background-repeat":"repeat","background-position":"center center","background-size":"auto","background-attachment":"scroll","background-type":"","background-media":"","overlay-type":"","overlay-color":"","overlay-opacity":"","overlay-gradient":""}},"ast-content-background-meta":{"desktop":{"background-color":"var(--ast-global-color-5)","background-image":"","background-repeat":"repeat","background-position":"center center","background-size":"auto","background-attachment":"scroll","background-type":"","background-media":"","overlay-type":"","overlay-color":"","overlay-opacity":"","overlay-gradient":""},"tablet":{"background-color":"var(--ast-global-color-5)","background-image":"","background-repeat":"repeat","background-position":"center center","background-size":"auto","background-attachment":"scroll","background-type":"","background-media":"","overlay-type":"","overlay-color":"","overlay-opacity":"","overlay-gradient":""},"mobile":{"background-color":"var(--ast-global-color-5)","background-image":"","background-repeat":"repeat","background-position":"center center","background-size":"auto","background-attachment":"scroll","background-type":"","background-media":"","overlay-type":"","overlay-color":"","overlay-opacity":"","overlay-gradient":""}},"footnotes":""},"class_list":["post-8011","page","type-page","status-publish","has-post-thumbnail","hentry"],"_links":{"self":[{"href":"https:\/\/clinicavilaparc.es\/de\/wp-json\/wp\/v2\/pages\/8011","targetHints":{"allow":["GET"]}}],"collection":[{"href":"https:\/\/clinicavilaparc.es\/de\/wp-json\/wp\/v2\/pages"}],"about":[{"href":"https:\/\/clinicavilaparc.es\/de\/wp-json\/wp\/v2\/types\/page"}],"author":[{"embeddable":true,"href":"https:\/\/clinicavilaparc.es\/de\/wp-json\/wp\/v2\/users\/3"}],"replies":[{"embeddable":true,"href":"https:\/\/clinicavilaparc.es\/de\/wp-json\/wp\/v2\/comments?post=8011"}],"version-history":[{"count":0,"href":"https:\/\/clinicavilaparc.es\/de\/wp-json\/wp\/v2\/pages\/8011\/revisions"}],"wp:featuredmedia":[{"embeddable":true,"href":"https:\/\/clinicavilaparc.es\/de\/wp-json\/wp\/v2\/media\/4358"}],"wp:attachment":[{"href":"https:\/\/clinicavilaparc.es\/de\/wp-json\/wp\/v2\/media?parent=8011"}],"curies":[{"name":"wp","href":"https:\/\/api.w.org\/{rel}","templated":true}]}}