{"id":7840,"date":"2024-03-11T09:19:52","date_gmt":"2024-03-11T08:19:52","guid":{"rendered":"https:\/\/clinicavilaparc.es\/gesichts-und-halschirurgie\/"},"modified":"2024-12-05T08:54:01","modified_gmt":"2024-12-05T07:54:01","slug":"gesichts-und-halschirurgie","status":"publish","type":"page","link":"https:\/\/clinicavilaparc.es\/de\/aesthetisch-plastische-chirurgie-ibiza\/gesicht-hals\/","title":{"rendered":"GESICHTS- UND HALSCHIRURGIE"},"content":{"rendered":"\t\t<div data-elementor-type=\"wp-page\" data-elementor-id=\"7840\" class=\"elementor elementor-7840 elementor-4373\" data-elementor-post-type=\"page\">\n\t\t\t\t<div class=\"elementor-element elementor-element-bdc7b56 e-con-full e-flex e-con e-parent\" data-id=\"bdc7b56\" data-element_type=\"container\" data-e-type=\"container\">\n\t\t\t\t<div class=\"elementor-element elementor-element-d789c9f elementor-widget elementor-widget-template\" data-id=\"d789c9f\" data-element_type=\"widget\" data-e-type=\"widget\" data-widget_type=\"template.default\">\n\t\t\t\t<div class=\"elementor-widget-container\">\n\t\t\t\t\t\t\t<div class=\"elementor-template\">\n\t\t\t\t\t<div data-elementor-type=\"section\" data-elementor-id=\"8136\" class=\"elementor elementor-8136 elementor-7449 elementor-7449\" data-elementor-post-type=\"elementor_library\">\n\t\t\t<div class=\"elementor-element elementor-element-38baefd e-con-full elementor-hidden-tablet elementor-hidden-mobile e-flex e-con e-parent\" data-id=\"38baefd\" data-element_type=\"container\" data-e-type=\"container\">\n\t\t<div class=\"elementor-element elementor-element-66b34b9 e-con-full e-flex e-con e-child\" data-id=\"66b34b9\" data-element_type=\"container\" data-e-type=\"container\">\n\t\t\t\t<div class=\"elementor-element elementor-element-407fe63 elementor-widget elementor-widget-html\" data-id=\"407fe63\" data-element_type=\"widget\" data-e-type=\"widget\" data-widget_type=\"html.default\">\n\t\t\t\t<div class=\"elementor-widget-container\">\n\t\t\t\t\t<script>\r\njQuery(document).ready(function($){\r\n    $('#link-cirugia-corporal').hover(function(){\r\n            $('#header-cirugia-corporal').removeClass('contenido-oculto');\r\n            $('#header-cirugia-cara-cuello').addClass('contenido-oculto');\r\n            $('#header-cirugia-masculina').addClass('contenido-oculto');\r\n            $('#header-cirugia-intima').addClass('contenido-oculto');\r\n            $('#link-cirugia-corporal').css(\"text-decoration\", \"underline\").css(\"text-underline-offset\", \"5px\");\r\n            $('#link-cirugia-cara-cuello').css(\"text-decoration\", \"none\").css(\"text-underline-offset\", \"0px\");\r\n            $('#link-cirugia-masculina').css(\"text-decoration\", \"none\").css(\"text-underline-offset\", \"0px\");\r\n            $('#link-cirugia-intima').css(\"text-decoration\", \"none\").css(\"text-underline-offset\", \"0px\");\r\n            $('#link-cirugia-mama').css(\"text-decoration\", \"none\").css(\"text-underline-offset\", \"0px\");\r\n    });\r\n\r\n    $('#link-cirugia-cara-cuello').hover(function(){\r\n            $('#header-cirugia-corporal').addClass('contenido-oculto');\r\n            $('#header-cirugia-cara-cuello').removeClass('contenido-oculto');\r\n            $('#header-cirugia-masculina').addClass('contenido-oculto');\r\n            $('#header-cirugia-intima').addClass('contenido-oculto');\r\n            $('#header-cirugia-mama').addClass('contenido-oculto');\r\n            $('#link-cirugia-cara-cuello').css(\"text-decoration\", \"underline\").css(\"text-underline-offset\", \"5px\");\r\n            $('#link-cirugia-corporal').css(\"text-decoration\", \"none\").css(\"text-underline-offset\", \"0px\");\r\n            $('#link-cirugia-masculina').css(\"text-decoration\", \"none\").css(\"text-underline-offset\", \"0px\");\r\n            $('#link-cirugia-intima').css(\"text-decoration\", \"none\").css(\"text-underline-offset\", \"0px\");\r\n            $('#link-cirugia-mama').css(\"text-decoration\", \"none\").css(\"text-underline-offset\", \"0px\");\r\n    });\r\n\r\n    $('#link-cirugia-masculina').hover(function(){\r\n            $('#header-cirugia-corporal').addClass('contenido-oculto');\r\n            $('#header-cirugia-cara-cuello').addClass('contenido-oculto');\r\n            $('#header-cirugia-masculina').removeClass('contenido-oculto');\r\n            $('#header-cirugia-intima').addClass('contenido-oculto');\r\n            $('#header-cirugia-mama').addClass('contenido-oculto');\r\n            $('#link-cirugia-cara-cuello').css(\"text-decoration\", \"none\").css(\"text-underline-offset\", \"0px\");\r\n            $('#link-cirugia-corporal').css(\"text-decoration\", \"none\").css(\"text-underline-offset\", \"0px\");\r\n            $('#link-cirugia-masculina').css(\"text-decoration\", \"underline\").css(\"text-underline-offset\", \"5px\");\r\n            $('#link-cirugia-intima').css(\"text-decoration\", \"none\").css(\"text-underline-offset\", \"0px\");\r\n            $('#link-cirugia-mama').css(\"text-decoration\", \"none\").css(\"text-underline-offset\", \"0px\");\r\n    });\r\n\r\n    $('#link-cirugia-intima').hover(function(){\r\n            $('#header-cirugia-corporal').addClass('contenido-oculto');\r\n            $('#header-cirugia-cara-cuello').addClass('contenido-oculto');\r\n            $('#header-cirugia-masculina').addClass('contenido-oculto');\r\n            $('#header-cirugia-intima').removeClass('contenido-oculto');\r\n            $('#header-cirugia-mama').addClass('contenido-oculto');\r\n            $('#link-cirugia-cara-cuello').css(\"text-decoration\", \"none\").css(\"text-underline-offset\", \"0px\");\r\n            $('#link-cirugia-corporal').css(\"text-decoration\", \"none\").css(\"text-underline-offset\", \"0px\");\r\n            $('#link-cirugia-masculina').css(\"text-decoration\", \"none\").css(\"text-underline-offset\", \"0px\");\r\n            $('#link-cirugia-intima').css(\"text-decoration\", \"underline\").css(\"text-underline-offset\", \"5px\");\r\n            $('#link-cirugia-mama').css(\"text-decoration\", \"none\").css(\"text-underline-offset\", \"0px\");\r\n    });\r\n\r\n    $('#link-cirugia-mama').hover(function(){\r\n            $('#header-cirugia-corporal').addClass('contenido-oculto');\r\n            $('#header-cirugia-cara-cuello').addClass('contenido-oculto');\r\n            $('#header-cirugia-masculina').addClass('contenido-oculto');\r\n            $('#header-cirugia-intima').addClass('contenido-oculto');\r\n            $('#header-cirugia-mama').removeClass('contenido-oculto');\r\n            $('#link-cirugia-cara-cuello').css(\"text-decoration\", \"none\").css(\"text-underline-offset\", \"0px\");\r\n            $('#link-cirugia-corporal').css(\"text-decoration\", \"none\").css(\"text-underline-offset\", \"0px\");\r\n            $('#link-cirugia-masculina').css(\"text-decoration\", \"none\").css(\"text-underline-offset\", \"0px\");\r\n            $('#link-cirugia-intima').css(\"text-decoration\", \"none\").css(\"text-underline-offset\", \"0px\");\r\n            $('#link-cirugia-mama').css(\"text-decoration\", \"underline\").css(\"text-underline-offset\", \"5px\");\r\n    });\r\n\r\n});\r\n<\/script>\t\t\t\t<\/div>\n\t\t\t\t<\/div>\n\t\t<div class=\"elementor-element elementor-element-1d31503 e-con-full e-flex e-con e-child\" data-id=\"1d31503\" data-element_type=\"container\" data-e-type=\"container\">\n\t\t\t\t<div class=\"elementor-element elementor-element-b3a6c32 elementor-widget__width-auto elementor-widget elementor-widget-heading\" data-id=\"b3a6c32\" data-element_type=\"widget\" data-e-type=\"widget\" id=\"link-cirugia-corporal\" data-widget_type=\"heading.default\">\n\t\t\t\t<div class=\"elementor-widget-container\">\n\t\t\t\t\t<span class=\"elementor-heading-title elementor-size-default\"><a href=\"\/de\/aesthetisch-plastische-chirurgie-ibiza\/koerper\/\">K\u00f6rperchirurgie <i class=\"jet-dropdown-arrow fa fa-angle-down\"><\/i><\/a><\/span>\t\t\t\t<\/div>\n\t\t\t\t<\/div>\n\t\t\t\t<div class=\"elementor-element elementor-element-2f9ae1b elementor-widget__width-auto elementor-widget elementor-widget-heading\" data-id=\"2f9ae1b\" data-element_type=\"widget\" data-e-type=\"widget\" id=\"link-cirugia-cara-cuello\" data-widget_type=\"heading.default\">\n\t\t\t\t<div class=\"elementor-widget-container\">\n\t\t\t\t\t<span class=\"elementor-heading-title elementor-size-default\"><a href=\"\/de\/aesthetisch-plastische-chirurgie-ibiza\/gesicht-hals\/\">GESICHTS- UND HALS <i class=\"jet-dropdown-arrow fa fa-angle-down\"><\/i><\/a><\/span>\t\t\t\t<\/div>\n\t\t\t\t<\/div>\n\t\t\t\t<div class=\"elementor-element elementor-element-830119a elementor-widget__width-auto elementor-widget elementor-widget-heading\" data-id=\"830119a\" data-element_type=\"widget\" data-e-type=\"widget\" id=\"link-cirugia-intima\" data-widget_type=\"heading.default\">\n\t\t\t\t<div class=\"elementor-widget-container\">\n\t\t\t\t\t<span class=\"elementor-heading-title elementor-size-default\"><a href=\"\/de\/plastisch-aesthetische-chirurgie-ibiza\/intim\/\">Intimchirurgie <i class=\"jet-dropdown-arrow fa fa-angle-down\"><\/i><\/a><\/span>\t\t\t\t<\/div>\n\t\t\t\t<\/div>\n\t\t\t\t<\/div>\n\t\t<div class=\"elementor-element elementor-element-10dd3fa e-con-full contenido-oculto e-flex e-con e-child\" data-id=\"10dd3fa\" data-element_type=\"container\" data-e-type=\"container\" id=\"header-cirugia-corporal\" data-settings=\"{&quot;background_background&quot;:&quot;classic&quot;}\">\n\t\t\t\t<div class=\"elementor-element elementor-element-fafef82 elementor-widget__width-initial elementor-widget-mobile__width-inherit elementor-position-top elementor-widget elementor-widget-image-box\" data-id=\"fafef82\" data-element_type=\"widget\" data-e-type=\"widget\" data-widget_type=\"image-box.default\">\n\t\t\t\t<div class=\"elementor-widget-container\">\n\t\t\t\t\t<div class=\"elementor-image-box-wrapper\"><figure class=\"elementor-image-box-img\"><a href=\"\/de\/aesthetisch-plastische-chirurgie-ibiza\/koerper\/brachioplastik\/\" tabindex=\"-1\"><img fetchpriority=\"high\" decoding=\"async\" width=\"513\" height=\"342\" src=\"https:\/\/clinicavilaparc.es\/wp-content\/uploads\/2024\/07\/braquioplastia-ibiza-3.jpg\" class=\"attachment-full size-full wp-image-4726\" alt=\"\" srcset=\"https:\/\/clinicavilaparc.es\/wp-content\/uploads\/2024\/07\/braquioplastia-ibiza-3.jpg 513w, https:\/\/clinicavilaparc.es\/wp-content\/uploads\/2024\/07\/braquioplastia-ibiza-3-300x200.jpg 300w\" sizes=\"(max-width: 513px) 100vw, 513px\" \/><\/a><\/figure><div class=\"elementor-image-box-content\"><p class=\"elementor-image-box-title\"><a href=\"\/de\/aesthetisch-plastische-chirurgie-ibiza\/koerper\/brachioplastik\/\">Brachioplastik<\/a><\/p><\/div><\/div>\t\t\t\t<\/div>\n\t\t\t\t<\/div>\n\t\t\t\t<div class=\"elementor-element elementor-element-64033ed elementor-widget__width-initial elementor-widget-mobile__width-inherit elementor-position-top elementor-widget elementor-widget-image-box\" data-id=\"64033ed\" data-element_type=\"widget\" data-e-type=\"widget\" data-widget_type=\"image-box.default\">\n\t\t\t\t<div class=\"elementor-widget-container\">\n\t\t\t\t\t<div class=\"elementor-image-box-wrapper\"><figure class=\"elementor-image-box-img\"><a href=\"\/de\/aesthetisch-plastische-chirurgie-ibiza\/koerper\/cruroplastik\/\" tabindex=\"-1\"><img decoding=\"async\" width=\"513\" height=\"342\" src=\"https:\/\/clinicavilaparc.es\/wp-content\/uploads\/2024\/07\/cruroplastia-ibiza-5.jpg\" class=\"attachment-full size-full wp-image-4749\" alt=\"\" srcset=\"https:\/\/clinicavilaparc.es\/wp-content\/uploads\/2024\/07\/cruroplastia-ibiza-5.jpg 513w, https:\/\/clinicavilaparc.es\/wp-content\/uploads\/2024\/07\/cruroplastia-ibiza-5-300x200.jpg 300w\" sizes=\"(max-width: 513px) 100vw, 513px\" \/><\/a><\/figure><div class=\"elementor-image-box-content\"><p class=\"elementor-image-box-title\"><a href=\"\/de\/aesthetisch-plastische-chirurgie-ibiza\/koerper\/cruroplastik\/\">Cruroplastik<\/a><\/p><\/div><\/div>\t\t\t\t<\/div>\n\t\t\t\t<\/div>\n\t\t\t\t<div class=\"elementor-element elementor-element-019e601 elementor-widget__width-initial elementor-widget-mobile__width-inherit elementor-position-top elementor-widget elementor-widget-image-box\" data-id=\"019e601\" data-element_type=\"widget\" data-e-type=\"widget\" data-widget_type=\"image-box.default\">\n\t\t\t\t<div class=\"elementor-widget-container\">\n\t\t\t\t\t<div class=\"elementor-image-box-wrapper\"><figure class=\"elementor-image-box-img\"><a href=\"\/de\/aesthetisch-plastische-chirurgie-ibiza\/koerper\/bodylifting\/\" tabindex=\"-1\"><img decoding=\"async\" width=\"513\" height=\"342\" src=\"https:\/\/clinicavilaparc.es\/wp-content\/uploads\/2024\/07\/bodylifting-ibiza-3.jpg\" class=\"attachment-full size-full wp-image-4695\" alt=\"\" srcset=\"https:\/\/clinicavilaparc.es\/wp-content\/uploads\/2024\/07\/bodylifting-ibiza-3.jpg 513w, https:\/\/clinicavilaparc.es\/wp-content\/uploads\/2024\/07\/bodylifting-ibiza-3-300x200.jpg 300w\" sizes=\"(max-width: 513px) 100vw, 513px\" \/><\/a><\/figure><div class=\"elementor-image-box-content\"><p class=\"elementor-image-box-title\"><a href=\"\/de\/aesthetisch-plastische-chirurgie-ibiza\/koerper\/bodylifting\/\">Bodylifting<\/a><\/p><\/div><\/div>\t\t\t\t<\/div>\n\t\t\t\t<\/div>\n\t\t\t\t<div class=\"elementor-element elementor-element-2a3be4d elementor-widget__width-initial elementor-widget-mobile__width-inherit elementor-position-top elementor-widget elementor-widget-image-box\" data-id=\"2a3be4d\" data-element_type=\"widget\" data-e-type=\"widget\" data-widget_type=\"image-box.default\">\n\t\t\t\t<div class=\"elementor-widget-container\">\n\t\t\t\t\t<div class=\"elementor-image-box-wrapper\"><figure class=\"elementor-image-box-img\"><a href=\"\/de\/aesthetisch-plastische-chirurgie-ibiza\/koerper\/fettabsaugung\/\" tabindex=\"-1\"><img loading=\"lazy\" decoding=\"async\" width=\"513\" height=\"342\" src=\"https:\/\/clinicavilaparc.es\/wp-content\/uploads\/2024\/07\/liposuccion-biza.jpg\" class=\"attachment-full size-full wp-image-4753\" alt=\"\" srcset=\"https:\/\/clinicavilaparc.es\/wp-content\/uploads\/2024\/07\/liposuccion-biza.jpg 513w, https:\/\/clinicavilaparc.es\/wp-content\/uploads\/2024\/07\/liposuccion-biza-300x200.jpg 300w\" sizes=\"(max-width: 513px) 100vw, 513px\" \/><\/a><\/figure><div class=\"elementor-image-box-content\"><p class=\"elementor-image-box-title\"><a href=\"\/de\/aesthetisch-plastische-chirurgie-ibiza\/koerper\/fettabsaugung\/\">Fettabsaugung<\/a><\/p><\/div><\/div>\t\t\t\t<\/div>\n\t\t\t\t<\/div>\n\t\t\t\t<div class=\"elementor-element elementor-element-b54d7b6 elementor-widget__width-initial elementor-widget-mobile__width-inherit elementor-position-top elementor-widget elementor-widget-image-box\" data-id=\"b54d7b6\" data-element_type=\"widget\" data-e-type=\"widget\" data-widget_type=\"image-box.default\">\n\t\t\t\t<div class=\"elementor-widget-container\">\n\t\t\t\t\t<div class=\"elementor-image-box-wrapper\"><figure class=\"elementor-image-box-img\"><a href=\"\/de\/aesthetisch-plastische-chirurgie-ibiza\/koerper\/abdominoplastik\/\" tabindex=\"-1\"><img loading=\"lazy\" decoding=\"async\" width=\"513\" height=\"342\" src=\"https:\/\/clinicavilaparc.es\/wp-content\/uploads\/2024\/07\/abdominoplastia-ibiza-3.jpg\" class=\"attachment-full size-full wp-image-4413\" alt=\"\" srcset=\"https:\/\/clinicavilaparc.es\/wp-content\/uploads\/2024\/07\/abdominoplastia-ibiza-3.jpg 513w, https:\/\/clinicavilaparc.es\/wp-content\/uploads\/2024\/07\/abdominoplastia-ibiza-3-300x200.jpg 300w\" sizes=\"(max-width: 513px) 100vw, 513px\" \/><\/a><\/figure><div class=\"elementor-image-box-content\"><p class=\"elementor-image-box-title\"><a href=\"\/de\/aesthetisch-plastische-chirurgie-ibiza\/koerper\/abdominoplastik\/\">Abdominoplastik <\/a><\/p><\/div><\/div>\t\t\t\t<\/div>\n\t\t\t\t<\/div>\n\t\t\t\t<div class=\"elementor-element elementor-element-ce07582 elementor-widget__width-initial elementor-widget-mobile__width-inherit elementor-position-top elementor-widget elementor-widget-image-box\" data-id=\"ce07582\" data-element_type=\"widget\" data-e-type=\"widget\" data-widget_type=\"image-box.default\">\n\t\t\t\t<div class=\"elementor-widget-container\">\n\t\t\t\t\t<div class=\"elementor-image-box-wrapper\"><figure class=\"elementor-image-box-img\"><a href=\"\/de\/aesthetisch-plastische-chirurgie-ibiza\/koerper\/brust\/\" tabindex=\"-1\"><img loading=\"lazy\" decoding=\"async\" width=\"513\" height=\"342\" src=\"https:\/\/clinicavilaparc.es\/wp-content\/uploads\/2024\/11\/cirugia-mamas-ibiza.jpg\" class=\"attachment-full size-full wp-image-7462\" alt=\"\" srcset=\"https:\/\/clinicavilaparc.es\/wp-content\/uploads\/2024\/11\/cirugia-mamas-ibiza.jpg 513w, https:\/\/clinicavilaparc.es\/wp-content\/uploads\/2024\/11\/cirugia-mamas-ibiza-300x200.jpg 300w\" sizes=\"(max-width: 513px) 100vw, 513px\" \/><\/a><\/figure><div class=\"elementor-image-box-content\"><p class=\"elementor-image-box-title\"><a href=\"\/de\/aesthetisch-plastische-chirurgie-ibiza\/koerper\/brust\/\">Brustchirurgie<\/a><\/p><\/div><\/div>\t\t\t\t<\/div>\n\t\t\t\t<\/div>\n\t\t\t\t<\/div>\n\t\t<div class=\"elementor-element elementor-element-fa5cdb6 contenido-oculto e-con-full e-flex e-con e-child\" data-id=\"fa5cdb6\" data-element_type=\"container\" data-e-type=\"container\" id=\"header-cirugia-cara-cuello\" data-settings=\"{&quot;background_background&quot;:&quot;classic&quot;}\">\n\t\t\t\t<div class=\"elementor-element elementor-element-cc62741 elementor-widget__width-initial elementor-widget-mobile__width-inherit elementor-position-top elementor-widget elementor-widget-image-box\" data-id=\"cc62741\" data-element_type=\"widget\" data-e-type=\"widget\" data-widget_type=\"image-box.default\">\n\t\t\t\t<div class=\"elementor-widget-container\">\n\t\t\t\t\t<div class=\"elementor-image-box-wrapper\"><figure class=\"elementor-image-box-img\"><a href=\"\/de\/aesthetisch-plastische-chirurgie-ibiza\/gesicht-hals\/hals-gesichtslifting\/\" tabindex=\"-1\"><img loading=\"lazy\" decoding=\"async\" width=\"513\" height=\"342\" src=\"https:\/\/clinicavilaparc.es\/wp-content\/uploads\/2024\/07\/lifting-cervicofacial-ibiza-3.jpg\" class=\"attachment-full size-full wp-image-4787\" alt=\"\" srcset=\"https:\/\/clinicavilaparc.es\/wp-content\/uploads\/2024\/07\/lifting-cervicofacial-ibiza-3.jpg 513w, https:\/\/clinicavilaparc.es\/wp-content\/uploads\/2024\/07\/lifting-cervicofacial-ibiza-3-300x200.jpg 300w\" sizes=\"(max-width: 513px) 100vw, 513px\" \/><\/a><\/figure><div class=\"elementor-image-box-content\"><p class=\"elementor-image-box-title\"><a href=\"\/de\/aesthetisch-plastische-chirurgie-ibiza\/gesicht-hals\/hals-gesichtslifting\/\">Kopf- Und Halslifting<\/a><\/p><\/div><\/div>\t\t\t\t<\/div>\n\t\t\t\t<\/div>\n\t\t\t\t<div class=\"elementor-element elementor-element-4fb544a elementor-widget__width-initial elementor-widget-mobile__width-inherit elementor-position-top elementor-widget elementor-widget-image-box\" data-id=\"4fb544a\" data-element_type=\"widget\" data-e-type=\"widget\" data-widget_type=\"image-box.default\">\n\t\t\t\t<div class=\"elementor-widget-container\">\n\t\t\t\t\t<div class=\"elementor-image-box-wrapper\"><figure class=\"elementor-image-box-img\"><a href=\"\/de\/aesthetisch-plastische-chirurgie-ibiza-gesicht-hals-blepharoplastik\/\" tabindex=\"-1\"><img loading=\"lazy\" decoding=\"async\" width=\"513\" height=\"342\" src=\"https:\/\/clinicavilaparc.es\/wp-content\/uploads\/2024\/07\/blefaroplastia-eliminacion-bolsas-ibiza.jpg\" class=\"attachment-full size-full wp-image-4664\" alt=\"\" srcset=\"https:\/\/clinicavilaparc.es\/wp-content\/uploads\/2024\/07\/blefaroplastia-eliminacion-bolsas-ibiza.jpg 513w, https:\/\/clinicavilaparc.es\/wp-content\/uploads\/2024\/07\/blefaroplastia-eliminacion-bolsas-ibiza-300x200.jpg 300w\" sizes=\"(max-width: 513px) 100vw, 513px\" \/><\/a><\/figure><div class=\"elementor-image-box-content\"><p class=\"elementor-image-box-title\"><a href=\"\/de\/aesthetisch-plastische-chirurgie-ibiza-gesicht-hals-blepharoplastik\/\">Blepharoplastik und Entfernung...<\/a><\/p><\/div><\/div>\t\t\t\t<\/div>\n\t\t\t\t<\/div>\n\t\t\t\t<div class=\"elementor-element elementor-element-4574985 elementor-widget__width-initial elementor-widget-mobile__width-inherit elementor-position-top elementor-widget elementor-widget-image-box\" data-id=\"4574985\" data-element_type=\"widget\" data-e-type=\"widget\" data-widget_type=\"image-box.default\">\n\t\t\t\t<div class=\"elementor-widget-container\">\n\t\t\t\t\t<div class=\"elementor-image-box-wrapper\"><figure class=\"elementor-image-box-img\"><a href=\"\/de\/aesthetisch-plastische-chirurgie-ibiza\/gesicht-hals\/otoplastik\/\" tabindex=\"-1\"><img loading=\"lazy\" decoding=\"async\" width=\"513\" height=\"342\" src=\"https:\/\/clinicavilaparc.es\/wp-content\/uploads\/2024\/07\/otoplastia-ibiza-3.jpg\" class=\"attachment-full size-full wp-image-4791\" alt=\"\" srcset=\"https:\/\/clinicavilaparc.es\/wp-content\/uploads\/2024\/07\/otoplastia-ibiza-3.jpg 513w, https:\/\/clinicavilaparc.es\/wp-content\/uploads\/2024\/07\/otoplastia-ibiza-3-300x200.jpg 300w\" sizes=\"(max-width: 513px) 100vw, 513px\" \/><\/a><\/figure><div class=\"elementor-image-box-content\"><p class=\"elementor-image-box-title\"><a href=\"\/de\/aesthetisch-plastische-chirurgie-ibiza\/gesicht-hals\/otoplastik\/\">Otoplastik<\/a><\/p><\/div><\/div>\t\t\t\t<\/div>\n\t\t\t\t<\/div>\n\t\t\t\t<div class=\"elementor-element elementor-element-ae1a185 elementor-widget__width-initial elementor-widget-mobile__width-inherit elementor-position-top elementor-widget elementor-widget-image-box\" data-id=\"ae1a185\" data-element_type=\"widget\" data-e-type=\"widget\" data-widget_type=\"image-box.default\">\n\t\t\t\t<div class=\"elementor-widget-container\">\n\t\t\t\t\t<div class=\"elementor-image-box-wrapper\"><figure class=\"elementor-image-box-img\"><a href=\"\/de\/aesthetisch-plastische-chirurgie-ibiza\/gesicht-hals\/mentoplastik\/\" tabindex=\"-1\"><img loading=\"lazy\" decoding=\"async\" width=\"513\" height=\"342\" src=\"https:\/\/clinicavilaparc.es\/wp-content\/uploads\/2024\/07\/mentoplastia-ibiza2.jpg\" class=\"attachment-full size-full wp-image-4795\" alt=\"\" srcset=\"https:\/\/clinicavilaparc.es\/wp-content\/uploads\/2024\/07\/mentoplastia-ibiza2.jpg 513w, https:\/\/clinicavilaparc.es\/wp-content\/uploads\/2024\/07\/mentoplastia-ibiza2-300x200.jpg 300w\" sizes=\"(max-width: 513px) 100vw, 513px\" \/><\/a><\/figure><div class=\"elementor-image-box-content\"><p class=\"elementor-image-box-title\"><a href=\"\/de\/aesthetisch-plastische-chirurgie-ibiza\/gesicht-hals\/mentoplastik\/\">Mentoplastik<\/a><\/p><\/div><\/div>\t\t\t\t<\/div>\n\t\t\t\t<\/div>\n\t\t\t\t<div class=\"elementor-element elementor-element-7de2f82 elementor-widget__width-initial elementor-widget-mobile__width-inherit elementor-position-top elementor-widget elementor-widget-image-box\" data-id=\"7de2f82\" data-element_type=\"widget\" data-e-type=\"widget\" data-widget_type=\"image-box.default\">\n\t\t\t\t<div class=\"elementor-widget-container\">\n\t\t\t\t\t<div class=\"elementor-image-box-wrapper\"><figure class=\"elementor-image-box-img\"><a href=\"\/de\/aesthetisch-plastische-chirurgie-ibiza\/gesicht-hals\/rhinoplastik\/\" tabindex=\"-1\"><img loading=\"lazy\" decoding=\"async\" width=\"513\" height=\"342\" src=\"https:\/\/clinicavilaparc.es\/wp-content\/uploads\/2024\/07\/rinoplastia-ibiza-3.jpg\" class=\"attachment-full size-full wp-image-4799\" alt=\"\" srcset=\"https:\/\/clinicavilaparc.es\/wp-content\/uploads\/2024\/07\/rinoplastia-ibiza-3.jpg 513w, https:\/\/clinicavilaparc.es\/wp-content\/uploads\/2024\/07\/rinoplastia-ibiza-3-300x200.jpg 300w\" sizes=\"(max-width: 513px) 100vw, 513px\" \/><\/a><\/figure><div class=\"elementor-image-box-content\"><p class=\"elementor-image-box-title\"><a href=\"\/de\/aesthetisch-plastische-chirurgie-ibiza\/gesicht-hals\/rhinoplastik\/\">Rhinoplastik<\/a><\/p><\/div><\/div>\t\t\t\t<\/div>\n\t\t\t\t<\/div>\n\t\t\t\t<\/div>\n\t\t<div class=\"elementor-element elementor-element-2844ab9 contenido-oculto e-con-full e-flex e-con e-child\" data-id=\"2844ab9\" data-element_type=\"container\" data-e-type=\"container\" id=\"header-cirugia-intima\" data-settings=\"{&quot;background_background&quot;:&quot;classic&quot;}\">\n\t\t\t\t<div class=\"elementor-element elementor-element-f53904e elementor-widget__width-initial elementor-widget-mobile__width-inherit elementor-position-top elementor-widget elementor-widget-image-box\" data-id=\"f53904e\" data-element_type=\"widget\" data-e-type=\"widget\" data-widget_type=\"image-box.default\">\n\t\t\t\t<div class=\"elementor-widget-container\">\n\t\t\t\t\t<div class=\"elementor-image-box-wrapper\"><figure class=\"elementor-image-box-img\"><a href=\"\/de\/cirugia-estetica-plastica-ibiza\/intima\/perineoplastia\/\" tabindex=\"-1\"><img loading=\"lazy\" decoding=\"async\" width=\"513\" height=\"342\" src=\"https:\/\/clinicavilaparc.es\/wp-content\/uploads\/2024\/07\/perineoplastia-ibiza-3.jpg\" class=\"attachment-full size-full wp-image-4865\" alt=\"\" srcset=\"https:\/\/clinicavilaparc.es\/wp-content\/uploads\/2024\/07\/perineoplastia-ibiza-3.jpg 513w, https:\/\/clinicavilaparc.es\/wp-content\/uploads\/2024\/07\/perineoplastia-ibiza-3-300x200.jpg 300w\" sizes=\"(max-width: 513px) 100vw, 513px\" \/><\/a><\/figure><div class=\"elementor-image-box-content\"><p class=\"elementor-image-box-title\"><a href=\"\/de\/cirugia-estetica-plastica-ibiza\/intima\/perineoplastia\/\">Perineoplastik<\/a><\/p><\/div><\/div>\t\t\t\t<\/div>\n\t\t\t\t<\/div>\n\t\t\t\t<div class=\"elementor-element elementor-element-cb644b4 elementor-widget__width-initial elementor-widget-mobile__width-inherit elementor-position-top elementor-widget elementor-widget-image-box\" data-id=\"cb644b4\" data-element_type=\"widget\" data-e-type=\"widget\" data-widget_type=\"image-box.default\">\n\t\t\t\t<div class=\"elementor-widget-container\">\n\t\t\t\t\t<div class=\"elementor-image-box-wrapper\"><figure class=\"elementor-image-box-img\"><a href=\"\/de\/plastisch-aesthetische-chirurgie-ibiza\/intim\/vaginalverjuengung\/\" tabindex=\"-1\"><img loading=\"lazy\" decoding=\"async\" width=\"513\" height=\"342\" src=\"https:\/\/clinicavilaparc.es\/wp-content\/uploads\/2024\/07\/rejuvenecimiento-vaginal-ibiza-3.jpg\" class=\"attachment-full size-full wp-image-4869\" alt=\"\" srcset=\"https:\/\/clinicavilaparc.es\/wp-content\/uploads\/2024\/07\/rejuvenecimiento-vaginal-ibiza-3.jpg 513w, https:\/\/clinicavilaparc.es\/wp-content\/uploads\/2024\/07\/rejuvenecimiento-vaginal-ibiza-3-300x200.jpg 300w\" sizes=\"(max-width: 513px) 100vw, 513px\" \/><\/a><\/figure><div class=\"elementor-image-box-content\"><p class=\"elementor-image-box-title\"><a href=\"\/de\/plastisch-aesthetische-chirurgie-ibiza\/intim\/vaginalverjuengung\/\">Vaginalverj\u00fcngung<\/a><\/p><\/div><\/div>\t\t\t\t<\/div>\n\t\t\t\t<\/div>\n\t\t\t\t<div class=\"elementor-element elementor-element-f75203b elementor-widget__width-initial elementor-widget-mobile__width-inherit elementor-position-top elementor-widget elementor-widget-image-box\" data-id=\"f75203b\" data-element_type=\"widget\" data-e-type=\"widget\" data-widget_type=\"image-box.default\">\n\t\t\t\t<div class=\"elementor-widget-container\">\n\t\t\t\t\t<div class=\"elementor-image-box-wrapper\"><figure class=\"elementor-image-box-img\"><a href=\"\/de\/plastisch-aesthetische-chirurgie-ibiza\/intim\/harninkontinenz\/\" tabindex=\"-1\"><img loading=\"lazy\" decoding=\"async\" width=\"513\" height=\"342\" src=\"https:\/\/clinicavilaparc.es\/wp-content\/uploads\/2024\/07\/incontinencia-urinaria-ibiza-3.jpg\" class=\"attachment-full size-full wp-image-4873\" alt=\"\" srcset=\"https:\/\/clinicavilaparc.es\/wp-content\/uploads\/2024\/07\/incontinencia-urinaria-ibiza-3.jpg 513w, https:\/\/clinicavilaparc.es\/wp-content\/uploads\/2024\/07\/incontinencia-urinaria-ibiza-3-300x200.jpg 300w\" sizes=\"(max-width: 513px) 100vw, 513px\" \/><\/a><\/figure><div class=\"elementor-image-box-content\"><p class=\"elementor-image-box-title\"><a href=\"\/de\/plastisch-aesthetische-chirurgie-ibiza\/intim\/harninkontinenz\/\">Harninkontinenz<\/a><\/p><\/div><\/div>\t\t\t\t<\/div>\n\t\t\t\t<\/div>\n\t\t\t\t<div class=\"elementor-element elementor-element-8b2b9e4 elementor-widget__width-initial elementor-widget-mobile__width-inherit elementor-position-top elementor-widget elementor-widget-image-box\" data-id=\"8b2b9e4\" data-element_type=\"widget\" data-e-type=\"widget\" data-widget_type=\"image-box.default\">\n\t\t\t\t<div class=\"elementor-widget-container\">\n\t\t\t\t\t<div class=\"elementor-image-box-wrapper\"><figure class=\"elementor-image-box-img\"><a href=\"\/de\/plastisch-aesthetische-chirurgie-ibiza\/intim\/hymenoplastik\/\" tabindex=\"-1\"><img loading=\"lazy\" decoding=\"async\" width=\"513\" height=\"342\" src=\"https:\/\/clinicavilaparc.es\/wp-content\/uploads\/2024\/11\/himenoplastia-ibiza-2.jpg\" class=\"attachment-full size-full wp-image-7466\" alt=\"\" srcset=\"https:\/\/clinicavilaparc.es\/wp-content\/uploads\/2024\/11\/himenoplastia-ibiza-2.jpg 513w, https:\/\/clinicavilaparc.es\/wp-content\/uploads\/2024\/11\/himenoplastia-ibiza-2-300x200.jpg 300w\" sizes=\"(max-width: 513px) 100vw, 513px\" \/><\/a><\/figure><div class=\"elementor-image-box-content\"><p class=\"elementor-image-box-title\"><a href=\"\/de\/plastisch-aesthetische-chirurgie-ibiza\/intim\/hymenoplastik\/\">Hymenoplastik<\/a><\/p><\/div><\/div>\t\t\t\t<\/div>\n\t\t\t\t<\/div>\n\t\t\t\t<\/div>\n\t\t\t\t<\/div>\n\t\t\t\t<\/div>\n\t\t\t\t<\/div>\n\t\t\t\t<\/div>\n\t\t\t\t\t\t<\/div>\n\t\t\t\t<\/div>\n\t\t\t\t<\/div>\n\t\t<div class=\"elementor-element elementor-element-711db74 e-flex e-con-boxed e-con e-parent\" data-id=\"711db74\" data-element_type=\"container\" data-e-type=\"container\" data-settings=\"{&quot;background_background&quot;:&quot;classic&quot;}\">\n\t\t\t\t\t<div class=\"e-con-inner\">\n\t\t<div class=\"elementor-element elementor-element-7a623ce0 e-con-full e-flex e-con e-child\" data-id=\"7a623ce0\" data-element_type=\"container\" data-e-type=\"container\">\n\t\t\t\t<div class=\"elementor-element elementor-element-2e77a964 elementor-widget elementor-widget-heading\" data-id=\"2e77a964\" data-element_type=\"widget\" data-e-type=\"widget\" data-widget_type=\"heading.default\">\n\t\t\t\t<div class=\"elementor-widget-container\">\n\t\t\t\t\t<h1 class=\"elementor-heading-title elementor-size-default\">GESICHTS- UND HALSCHIRURGIE<\/h1>\t\t\t\t<\/div>\n\t\t\t\t<\/div>\n\t\t\t\t<div class=\"elementor-element elementor-element-50b59813 elementor-widget-divider--view-line elementor-invisible elementor-widget elementor-widget-divider\" data-id=\"50b59813\" data-element_type=\"widget\" data-e-type=\"widget\" data-settings=\"{&quot;_animation&quot;:&quot;bounceInLeft&quot;}\" data-widget_type=\"divider.default\">\n\t\t\t\t<div class=\"elementor-widget-container\">\n\t\t\t\t\t\t\t<div class=\"elementor-divider\">\n\t\t\t<span class=\"elementor-divider-separator\">\n\t\t\t\t\t\t<\/span>\n\t\t<\/div>\n\t\t\t\t\t\t<\/div>\n\t\t\t\t<\/div>\n\t\t<div class=\"elementor-element elementor-element-46e18449 e-con-full e-flex e-con e-child\" data-id=\"46e18449\" data-element_type=\"container\" data-e-type=\"container\">\n\t\t<div class=\"elementor-element elementor-element-696d970f e-con-full e-flex e-con e-child\" data-id=\"696d970f\" data-element_type=\"container\" data-e-type=\"container\" data-settings=\"{&quot;background_background&quot;:&quot;gradient&quot;}\">\n\t\t\t\t<div class=\"elementor-element elementor-element-475847b elementor-widget elementor-widget-heading\" data-id=\"475847b\" data-element_type=\"widget\" data-e-type=\"widget\" data-widget_type=\"heading.default\">\n\t\t\t\t<div class=\"elementor-widget-container\">\n\t\t\t\t\t<h3 class=\"elementor-heading-title elementor-size-default\">Telefonnummer der Verabredung<\/h3>\t\t\t\t<\/div>\n\t\t\t\t<\/div>\n\t\t\t\t<div class=\"elementor-element elementor-element-3af90c04 elementor-position-inline-start elementor-view-stacked elementor-shape-circle elementor-mobile-position-block-start elementor-widget elementor-widget-icon-box\" data-id=\"3af90c04\" data-element_type=\"widget\" data-e-type=\"widget\" data-widget_type=\"icon-box.default\">\n\t\t\t\t<div class=\"elementor-widget-container\">\n\t\t\t\t\t\t\t<div class=\"elementor-icon-box-wrapper\">\n\n\t\t\t\t\t\t<div class=\"elementor-icon-box-icon\">\n\t\t\t\t<a href=\"tel:+34971302354\" class=\"elementor-icon\" tabindex=\"-1\" aria-label=\"971 30 23 54\">\n\t\t\t\t<i aria-hidden=\"true\" class=\"fas fa-phone\"><\/i>\t\t\t\t<\/a>\n\t\t\t<\/div>\n\t\t\t\n\t\t\t\t\t\t<div class=\"elementor-icon-box-content\">\n\n\t\t\t\t\t\t\t\t\t<h4 class=\"elementor-icon-box-title\">\n\t\t\t\t\t\t<a href=\"tel:+34971302354\" >\n\t\t\t\t\t\t\t971 30 23 54\t\t\t\t\t\t<\/a>\n\t\t\t\t\t<\/h4>\n\t\t\t\t\n\t\t\t\t\n\t\t\t<\/div>\n\t\t\t\n\t\t<\/div>\n\t\t\t\t\t\t<\/div>\n\t\t\t\t<\/div>\n\t\t\t\t<div class=\"elementor-element elementor-element-340ae74b elementor-align-center elementor-widget elementor-widget-button\" data-id=\"340ae74b\" data-element_type=\"widget\" data-e-type=\"widget\" data-widget_type=\"button.default\">\n\t\t\t\t<div class=\"elementor-widget-container\">\n\t\t\t\t\t\t\t\t\t<div class=\"elementor-button-wrapper\">\n\t\t\t\t\t<a class=\"elementor-button elementor-button-link elementor-size-sm\" href=\"https:\/\/portalpaciente.grupopoliclinica.es:4443\/\" target=\"_blank\" rel=\"noopener\">\n\t\t\t\t\t\t<span class=\"elementor-button-content-wrapper\">\n\t\t\t\t\t\t\t\t\t<span class=\"elementor-button-text\">Patientenportal<\/span>\n\t\t\t\t\t<\/span>\n\t\t\t\t\t<\/a>\n\t\t\t\t<\/div>\n\t\t\t\t\t\t\t\t<\/div>\n\t\t\t\t<\/div>\n\t\t\t\t<\/div>\n\t\t<div class=\"elementor-element elementor-element-1efb3e63 e-con-full e-flex e-con e-child\" data-id=\"1efb3e63\" data-element_type=\"container\" data-e-type=\"container\" data-settings=\"{&quot;background_background&quot;:&quot;classic&quot;}\">\n\t\t\t\t<div class=\"elementor-element elementor-element-60b5f4ee elementor-widget elementor-widget-heading\" data-id=\"60b5f4ee\" data-element_type=\"widget\" data-e-type=\"widget\" data-widget_type=\"heading.default\">\n\t\t\t\t<div class=\"elementor-widget-container\">\n\t\t\t\t\t<h2 class=\"elementor-heading-title elementor-size-default\">Vila Parc Schedule<\/h2>\t\t\t\t<\/div>\n\t\t\t\t<\/div>\n\t\t<div class=\"elementor-element elementor-element-bac5faf elementor-hidden-tablet e-con-full e-flex e-con e-child\" data-id=\"bac5faf\" data-element_type=\"container\" data-e-type=\"container\" data-settings=\"{&quot;background_background&quot;:&quot;classic&quot;}\">\n\t\t<div class=\"elementor-element elementor-element-78d7a420 e-con-full e-flex e-con e-child\" data-id=\"78d7a420\" data-element_type=\"container\" data-e-type=\"container\">\n\t\t\t\t<div class=\"elementor-element elementor-element-3526aa55 elementor-widget elementor-widget-text-editor\" data-id=\"3526aa55\" data-element_type=\"widget\" data-e-type=\"widget\" data-widget_type=\"text-editor.default\">\n\t\t\t\t<div class=\"elementor-widget-container\">\n\t\t\t\t\t\t\t\t\t<p>Montag bis Freitag<\/p>\n\t\t\t\t\t\t\t\t<\/div>\n\t\t\t\t<\/div>\n\t\t\t\t<div class=\"elementor-element elementor-element-6ab6a561 elementor-widget elementor-widget-text-editor\" data-id=\"6ab6a561\" data-element_type=\"widget\" data-e-type=\"widget\" data-widget_type=\"text-editor.default\">\n\t\t\t\t<div class=\"elementor-widget-container\">\n\t\t\t\t\t\t\t\t\t<p>Samstags<\/p>\n\t\t\t\t\t\t\t\t<\/div>\n\t\t\t\t<\/div>\n\t\t\t\t<div class=\"elementor-element elementor-element-1e542011 elementor-widget elementor-widget-text-editor\" data-id=\"1e542011\" data-element_type=\"widget\" data-e-type=\"widget\" data-widget_type=\"text-editor.default\">\n\t\t\t\t<div class=\"elementor-widget-container\">\n\t\t\t\t\t\t\t\t\t<p>Sonntags<\/p>\n\t\t\t\t\t\t\t\t<\/div>\n\t\t\t\t<\/div>\n\t\t\t\t<\/div>\n\t\t<div class=\"elementor-element elementor-element-1c5d333c e-con-full e-flex e-con e-child\" data-id=\"1c5d333c\" data-element_type=\"container\" data-e-type=\"container\">\n\t\t\t\t<div class=\"elementor-element elementor-element-1e40d4c4 elementor-widget elementor-widget-text-editor\" data-id=\"1e40d4c4\" data-element_type=\"widget\" data-e-type=\"widget\" data-widget_type=\"text-editor.default\">\n\t\t\t\t<div class=\"elementor-widget-container\">\n\t\t\t\t\t\t\t\t\t<p>8.00 \u2013 21.00<\/p>\n\t\t\t\t\t\t\t\t<\/div>\n\t\t\t\t<\/div>\n\t\t\t\t<div class=\"elementor-element elementor-element-12cc9715 elementor-widget elementor-widget-text-editor\" data-id=\"12cc9715\" data-element_type=\"widget\" data-e-type=\"widget\" data-widget_type=\"text-editor.default\">\n\t\t\t\t<div class=\"elementor-widget-container\">\n\t\t\t\t\t\t\t\t\t<p>Geschlossen<\/p>\n\t\t\t\t\t\t\t\t<\/div>\n\t\t\t\t<\/div>\n\t\t\t\t<div class=\"elementor-element elementor-element-49120fb6 elementor-widget elementor-widget-text-editor\" data-id=\"49120fb6\" data-element_type=\"widget\" data-e-type=\"widget\" data-widget_type=\"text-editor.default\">\n\t\t\t\t<div class=\"elementor-widget-container\">\n\t\t\t\t\t\t\t\t\t<p>Geschlossen<\/p>\n\t\t\t\t\t\t\t\t<\/div>\n\t\t\t\t<\/div>\n\t\t\t\t<\/div>\n\t\t\t\t<\/div>\n\t\t\t\t<\/div>\n\t\t<div class=\"elementor-element elementor-element-12f063b5 e-con-full e-flex e-con e-child\" data-id=\"12f063b5\" data-element_type=\"container\" data-e-type=\"container\" data-settings=\"{&quot;background_background&quot;:&quot;classic&quot;}\">\n\t\t\t\t<div class=\"elementor-element elementor-element-e2333ea elementor-widget elementor-widget-heading\" data-id=\"e2333ea\" data-element_type=\"widget\" data-e-type=\"widget\" data-widget_type=\"heading.default\">\n\t\t\t\t<div class=\"elementor-widget-container\">\n\t\t\t\t\t<h2 class=\"elementor-heading-title elementor-size-default\">\u00d6ffnungszeiten f\u00fcr Notf\u00e4lle<\/h2>\t\t\t\t<\/div>\n\t\t\t\t<\/div>\n\t\t<div class=\"elementor-element elementor-element-2bb70126 e-con-full e-flex e-con e-child\" data-id=\"2bb70126\" data-element_type=\"container\" data-e-type=\"container\" data-settings=\"{&quot;background_background&quot;:&quot;classic&quot;}\">\n\t\t<div class=\"elementor-element elementor-element-52706855 e-con-full e-flex e-con e-child\" data-id=\"52706855\" data-element_type=\"container\" data-e-type=\"container\">\n\t\t\t\t<div class=\"elementor-element elementor-element-7bcf199d elementor-widget elementor-widget-text-editor\" data-id=\"7bcf199d\" data-element_type=\"widget\" data-e-type=\"widget\" data-widget_type=\"text-editor.default\">\n\t\t\t\t<div class=\"elementor-widget-container\">\n\t\t\t\t\t\t\t\t\t<p>Montag bis Freitag<\/p>\n\t\t\t\t\t\t\t\t<\/div>\n\t\t\t\t<\/div>\n\t\t\t\t<div class=\"elementor-element elementor-element-30e638d1 elementor-widget elementor-widget-text-editor\" data-id=\"30e638d1\" data-element_type=\"widget\" data-e-type=\"widget\" data-widget_type=\"text-editor.default\">\n\t\t\t\t<div class=\"elementor-widget-container\">\n\t\t\t\t\t\t\t\t\t<p>Samstags<\/p>\n\t\t\t\t\t\t\t\t<\/div>\n\t\t\t\t<\/div>\n\t\t\t\t<div class=\"elementor-element elementor-element-5c093f5a elementor-widget elementor-widget-text-editor\" data-id=\"5c093f5a\" data-element_type=\"widget\" data-e-type=\"widget\" data-widget_type=\"text-editor.default\">\n\t\t\t\t<div class=\"elementor-widget-container\">\n\t\t\t\t\t\t\t\t\t<p>Sonntags<\/p>\n\t\t\t\t\t\t\t\t<\/div>\n\t\t\t\t<\/div>\n\t\t\t\t<div class=\"elementor-element elementor-element-4d7cc0fe elementor-widget elementor-widget-text-editor\" data-id=\"4d7cc0fe\" data-element_type=\"widget\" data-e-type=\"widget\" data-widget_type=\"text-editor.default\">\n\t\t\t\t<div class=\"elementor-widget-container\">\n\t\t\t\t\t\t\t\t\t<p>Feiertage<\/p>\n\t\t\t\t\t\t\t\t<\/div>\n\t\t\t\t<\/div>\n\t\t\t\t<\/div>\n\t\t<div class=\"elementor-element elementor-element-3fbeec0c e-con-full e-flex e-con e-child\" data-id=\"3fbeec0c\" data-element_type=\"container\" data-e-type=\"container\">\n\t\t\t\t<div class=\"elementor-element elementor-element-13e19bfe elementor-widget elementor-widget-text-editor\" data-id=\"13e19bfe\" data-element_type=\"widget\" data-e-type=\"widget\" data-widget_type=\"text-editor.default\">\n\t\t\t\t<div class=\"elementor-widget-container\">\n\t\t\t\t\t\t\t\t\t<p>9.00 \u2013 20.30<\/p>\n\t\t\t\t\t\t\t\t<\/div>\n\t\t\t\t<\/div>\n\t\t\t\t<div class=\"elementor-element elementor-element-6c02275b elementor-widget elementor-widget-text-editor\" data-id=\"6c02275b\" data-element_type=\"widget\" data-e-type=\"widget\" data-widget_type=\"text-editor.default\">\n\t\t\t\t<div class=\"elementor-widget-container\">\n\t\t\t\t\t\t\t\t\t<p>Geschlossen<\/p>\n\t\t\t\t\t\t\t\t<\/div>\n\t\t\t\t<\/div>\n\t\t\t\t<div class=\"elementor-element elementor-element-33907a3e elementor-widget elementor-widget-text-editor\" data-id=\"33907a3e\" data-element_type=\"widget\" data-e-type=\"widget\" data-widget_type=\"text-editor.default\">\n\t\t\t\t<div class=\"elementor-widget-container\">\n\t\t\t\t\t\t\t\t\t<p>Geschlossen<\/p>\n\t\t\t\t\t\t\t\t<\/div>\n\t\t\t\t<\/div>\n\t\t\t\t<div class=\"elementor-element elementor-element-62d0615f elementor-widget elementor-widget-text-editor\" data-id=\"62d0615f\" data-element_type=\"widget\" data-e-type=\"widget\" data-widget_type=\"text-editor.default\">\n\t\t\t\t<div class=\"elementor-widget-container\">\n\t\t\t\t\t\t\t\t\t<p>Geschlossen<\/p>\n\t\t\t\t\t\t\t\t<\/div>\n\t\t\t\t<\/div>\n\t\t\t\t<\/div>\n\t\t\t\t<\/div>\n\t\t\t\t<\/div>\n\t\t\t\t<\/div>\n\t\t\t\t<\/div>\n\t\t\t\t\t<\/div>\n\t\t\t\t<\/div>\n\t\t<div class=\"elementor-element elementor-element-c7723c3 e-flex e-con-boxed e-con e-parent\" data-id=\"c7723c3\" data-element_type=\"container\" data-e-type=\"container\" data-settings=\"{&quot;background_background&quot;:&quot;classic&quot;}\">\n\t\t\t\t\t<div class=\"e-con-inner\">\n\t\t<div class=\"elementor-element elementor-element-88f9e39 e-con-full e-flex e-con e-child\" data-id=\"88f9e39\" data-element_type=\"container\" data-e-type=\"container\">\n\t\t\t\t<div class=\"elementor-element elementor-element-adf561c elementor-widget elementor-widget-heading\" data-id=\"adf561c\" data-element_type=\"widget\" data-e-type=\"widget\" data-widget_type=\"heading.default\">\n\t\t\t\t<div class=\"elementor-widget-container\">\n\t\t\t\t\t<h2 class=\"elementor-heading-title elementor-size-default\">Verwandeln Sie Ihr Gesicht und Ihren Hals mit unserer hochmodernen Sch\u00f6nheitschirurgie<\/h2>\t\t\t\t<\/div>\n\t\t\t\t<\/div>\n\t\t\t\t<div class=\"elementor-element elementor-element-d74009e elementor-icon-list--layout-inline elementor-list-item-link-full_width elementor-widget elementor-widget-icon-list\" data-id=\"d74009e\" data-element_type=\"widget\" data-e-type=\"widget\" data-widget_type=\"icon-list.default\">\n\t\t\t\t<div class=\"elementor-widget-container\">\n\t\t\t\t\t\t\t<ul class=\"elementor-icon-list-items elementor-inline-items\">\n\t\t\t\t\t\t\t<li class=\"elementor-icon-list-item elementor-inline-item\">\n\t\t\t\t\t\t\t\t\t\t\t<a href=\"https:\/\/clinicavilaparc.es\/de\/\">\n\n\t\t\t\t\t\t\t\t\t\t\t<span class=\"elementor-icon-list-text\">Startseite<\/span>\n\t\t\t\t\t\t\t\t\t\t\t<\/a>\n\t\t\t\t\t\t\t\t\t<\/li>\n\t\t\t\t\t\t\t\t<li class=\"elementor-icon-list-item elementor-inline-item\">\n\t\t\t\t\t\t\t\t\t\t\t<a href=\"https:\/\/clinicavilaparc.es\/cirugia-estetica-plastica-ibiza\/\">\n\n\t\t\t\t\t\t\t\t\t\t\t\t<span class=\"elementor-icon-list-icon\">\n\t\t\t\t\t\t\t<i aria-hidden=\"true\" class=\"fas fa-chevron-right\"><\/i>\t\t\t\t\t\t<\/span>\n\t\t\t\t\t\t\t\t\t\t<span class=\"elementor-icon-list-text\">Kosmetische Chirurgie<\/span>\n\t\t\t\t\t\t\t\t\t\t\t<\/a>\n\t\t\t\t\t\t\t\t\t<\/li>\n\t\t\t\t\t\t\t\t<li class=\"elementor-icon-list-item elementor-inline-item\">\n\t\t\t\t\t\t\t\t\t\t\t<span class=\"elementor-icon-list-icon\">\n\t\t\t\t\t\t\t<i aria-hidden=\"true\" class=\"fas fa-chevron-right\"><\/i>\t\t\t\t\t\t<\/span>\n\t\t\t\t\t\t\t\t\t\t<span class=\"elementor-icon-list-text\">Gesicht und Hals<\/span>\n\t\t\t\t\t\t\t\t\t<\/li>\n\t\t\t\t\t\t<\/ul>\n\t\t\t\t\t\t<\/div>\n\t\t\t\t<\/div>\n\t\t\t\t<\/div>\n\t\t\t\t\t<\/div>\n\t\t\t\t<\/div>\n\t\t<div class=\"elementor-element elementor-element-8028cab e-flex e-con-boxed e-con e-parent\" data-id=\"8028cab\" data-element_type=\"container\" data-e-type=\"container\" data-settings=\"{&quot;background_background&quot;:&quot;classic&quot;}\">\n\t\t\t\t\t<div class=\"e-con-inner\">\n\t\t<div class=\"elementor-element elementor-element-59cfbe2 e-con-full e-flex e-con e-child\" data-id=\"59cfbe2\" data-element_type=\"container\" data-e-type=\"container\">\n\t\t\t\t<div class=\"elementor-element elementor-element-422eab3 elementor-widget elementor-widget-heading\" data-id=\"422eab3\" data-element_type=\"widget\" data-e-type=\"widget\" data-widget_type=\"heading.default\">\n\t\t\t\t<div class=\"elementor-widget-container\">\n\t\t\t\t\t<h2 class=\"elementor-heading-title elementor-size-default\">Gesicht und Hals<\/h2>\t\t\t\t<\/div>\n\t\t\t\t<\/div>\n\t\t<div class=\"elementor-element elementor-element-1ec0a20 e-con-full e-flex e-con e-child\" data-id=\"1ec0a20\" data-element_type=\"container\" data-e-type=\"container\">\n\t\t<div class=\"elementor-element elementor-element-ad42a9e e-con-full e-flex e-con e-child\" data-id=\"ad42a9e\" data-element_type=\"container\" data-e-type=\"container\">\n\t\t\t\t<div class=\"elementor-element elementor-element-6b7cb3b elementor-widget elementor-widget-image\" data-id=\"6b7cb3b\" data-element_type=\"widget\" data-e-type=\"widget\" data-widget_type=\"image.default\">\n\t\t\t\t<div class=\"elementor-widget-container\">\n\t\t\t\t\t\t\t\t\t\t\t\t\t\t\t<img loading=\"lazy\" decoding=\"async\" width=\"513\" height=\"342\" src=\"https:\/\/clinicavilaparc.es\/wp-content\/uploads\/2024\/07\/lifting-cervicofacial-ibiza-3.jpg\" class=\"attachment-large size-large wp-image-4790\" alt=\"\" srcset=\"https:\/\/clinicavilaparc.es\/wp-content\/uploads\/2024\/07\/lifting-cervicofacial-ibiza-3.jpg 513w, https:\/\/clinicavilaparc.es\/wp-content\/uploads\/2024\/07\/lifting-cervicofacial-ibiza-3-300x200.jpg 300w\" sizes=\"(max-width: 513px) 100vw, 513px\" \/>\t\t\t\t\t\t\t\t\t\t\t\t\t\t\t<\/div>\n\t\t\t\t<\/div>\n\t\t\t\t<\/div>\n\t\t<div class=\"elementor-element elementor-element-303355e e-con-full e-flex e-con e-child\" data-id=\"303355e\" data-element_type=\"container\" data-e-type=\"container\" data-settings=\"{&quot;background_background&quot;:&quot;classic&quot;}\">\n\t\t\t\t<div class=\"elementor-element elementor-element-bbbe11c elementor-widget elementor-widget-heading\" data-id=\"bbbe11c\" data-element_type=\"widget\" data-e-type=\"widget\" data-widget_type=\"heading.default\">\n\t\t\t\t<div class=\"elementor-widget-container\">\n\t\t\t\t\t<span class=\"elementor-heading-title elementor-size-default\">Zervikofaziales Lifting<\/span>\t\t\t\t<\/div>\n\t\t\t\t<\/div>\n\t\t\t\t<div class=\"elementor-element elementor-element-81d1041 elementor-widget-divider--view-line elementor-widget elementor-widget-divider\" data-id=\"81d1041\" data-element_type=\"widget\" data-e-type=\"widget\" data-widget_type=\"divider.default\">\n\t\t\t\t<div class=\"elementor-widget-container\">\n\t\t\t\t\t\t\t<div class=\"elementor-divider\">\n\t\t\t<span class=\"elementor-divider-separator\">\n\t\t\t\t\t\t<\/span>\n\t\t<\/div>\n\t\t\t\t\t\t<\/div>\n\t\t\t\t<\/div>\n\t\t\t\t<div class=\"elementor-element elementor-element-bc63470 elementor-widget elementor-widget-text-editor\" data-id=\"bc63470\" data-element_type=\"widget\" data-e-type=\"widget\" data-widget_type=\"text-editor.default\">\n\t\t\t\t<div class=\"elementor-widget-container\">\n\t\t\t\t\t\t\t\t\t<div class=\"elementor-element elementor-element-57d5221 elementor-widget elementor-widget-text-editor\" data-id=\"57d5221\" data-element_type=\"widget\" data-widget_type=\"text-editor.default\">\n<div class=\"elementor-widget-container\">\n<p>Verabschieden Sie sich mit unserem Kopf- und Halslifting vom Doppelkinn und den Falten. Es ist die ideale L\u00f6sung f\u00fcr ein j\u00fcngeres und vitaleres Erscheinungsbild. Erkunden Sie unseren Abschnitt \u00fcber Sch\u00f6nheit und finden Sie heraus, wie Sie mit dieser perfekten Option f\u00fcr ein frischeres und j\u00fcngeres Aussehen strahlen k\u00f6nnen.<\/p>\n<\/div>\n<\/div>\n<div class=\"elementor-element elementor-element-822d1a4 elementor-align-right elementor-widget__width-initial elementor-widget elementor-widget-button\" data-id=\"822d1a4\" data-element_type=\"widget\" data-widget_type=\"button.default\">\n<div class=\"elementor-widget-container\">\n<div class=\"elementor-button-wrapper\"><\/div>\n<\/div>\n<\/div>\n\t\t\t\t\t\t\t\t<\/div>\n\t\t\t\t<\/div>\n\t\t\t\t<div class=\"elementor-element elementor-element-672004b elementor-align-right elementor-widget elementor-widget-button\" data-id=\"672004b\" data-element_type=\"widget\" data-e-type=\"widget\" data-widget_type=\"button.default\">\n\t\t\t\t<div class=\"elementor-widget-container\">\n\t\t\t\t\t\t\t\t\t<div class=\"elementor-button-wrapper\">\n\t\t\t\t\t<a class=\"elementor-button elementor-button-link elementor-size-sm\" href=\"https:\/\/clinicavilaparc.es\/cirugia-estetica-plastica-ibiza\/cara-cuello\/lifting-cervicofacial\/\">\n\t\t\t\t\t\t<span class=\"elementor-button-content-wrapper\">\n\t\t\t\t\t\t\t\t\t<span class=\"elementor-button-text\">KOPF- UND HALSLIFTING<\/span>\n\t\t\t\t\t<\/span>\n\t\t\t\t\t<\/a>\n\t\t\t\t<\/div>\n\t\t\t\t\t\t\t\t<\/div>\n\t\t\t\t<\/div>\n\t\t\t\t<\/div>\n\t\t\t\t<\/div>\n\t\t<div class=\"elementor-element elementor-element-f645f85 e-con-full e-flex e-con e-child\" data-id=\"f645f85\" data-element_type=\"container\" data-e-type=\"container\">\n\t\t<div class=\"elementor-element elementor-element-a8d01c7 e-con-full e-flex e-con e-child\" data-id=\"a8d01c7\" data-element_type=\"container\" data-e-type=\"container\" data-settings=\"{&quot;background_background&quot;:&quot;classic&quot;}\">\n\t\t\t\t<div class=\"elementor-element elementor-element-2fa0e4e elementor-widget elementor-widget-heading\" data-id=\"2fa0e4e\" data-element_type=\"widget\" data-e-type=\"widget\" data-widget_type=\"heading.default\">\n\t\t\t\t<div class=\"elementor-widget-container\">\n\t\t\t\t\t<span class=\"elementor-heading-title elementor-size-default\">BLEPHAROPLASTIK UND TR\u00c4NENSACKELIMINIERUNG<\/span>\t\t\t\t<\/div>\n\t\t\t\t<\/div>\n\t\t\t\t<div class=\"elementor-element elementor-element-d2f2a8a elementor-widget-divider--view-line elementor-widget elementor-widget-divider\" data-id=\"d2f2a8a\" data-element_type=\"widget\" data-e-type=\"widget\" data-widget_type=\"divider.default\">\n\t\t\t\t<div class=\"elementor-widget-container\">\n\t\t\t\t\t\t\t<div class=\"elementor-divider\">\n\t\t\t<span class=\"elementor-divider-separator\">\n\t\t\t\t\t\t<\/span>\n\t\t<\/div>\n\t\t\t\t\t\t<\/div>\n\t\t\t\t<\/div>\n\t\t\t\t<div class=\"elementor-element elementor-element-95c66ed elementor-widget elementor-widget-text-editor\" data-id=\"95c66ed\" data-element_type=\"widget\" data-e-type=\"widget\" data-widget_type=\"text-editor.default\">\n\t\t\t\t<div class=\"elementor-widget-container\">\n\t\t\t\t\t\t\t\t\t<div class=\"elementor-element elementor-element-0fe4853 elementor-widget elementor-widget-text-editor\" data-id=\"0fe4853\" data-element_type=\"widget\" data-widget_type=\"text-editor.default\">\n<div class=\"elementor-widget-container\">\n<p>Erhalten Sie mit unserer Blepharoplastik einen spektakul\u00e4ren Blick und verabschieden Sie sich von den S\u00e4cken unter Ihren Augen. Die Ergebnisse werden Sie \u00fcberraschen, wenn Sie unseren Sch\u00f6nheitsabschnitt besuchen. Lassen Sie Ihre Augen f\u00fcr Sie sprechen!<\/p>\n<\/div>\n<\/div>\n<div class=\"elementor-element elementor-element-10914a3 elementor-align-right elementor-widget__width-initial elementor-widget elementor-widget-button\" data-id=\"10914a3\" data-element_type=\"widget\" data-widget_type=\"button.default\">\n<div class=\"elementor-widget-container\">\n<div class=\"elementor-button-wrapper\"><\/div>\n<\/div>\n<\/div>\n\t\t\t\t\t\t\t\t<\/div>\n\t\t\t\t<\/div>\n\t\t\t\t<div class=\"elementor-element elementor-element-2b6496d elementor-align-right elementor-widget elementor-widget-button\" data-id=\"2b6496d\" data-element_type=\"widget\" data-e-type=\"widget\" data-widget_type=\"button.default\">\n\t\t\t\t<div class=\"elementor-widget-container\">\n\t\t\t\t\t\t\t\t\t<div class=\"elementor-button-wrapper\">\n\t\t\t\t\t<a class=\"elementor-button elementor-button-link elementor-size-sm\" href=\"https:\/\/clinicavilaparc.es\/de\/?page_id=7660\">\n\t\t\t\t\t\t<span class=\"elementor-button-content-wrapper\">\n\t\t\t\t\t\t\t\t\t<span class=\"elementor-button-text\">BLEPHAROPLASTIK UND TR\u00c4NENSACKELIMINIERUNG<\/span>\n\t\t\t\t\t<\/span>\n\t\t\t\t\t<\/a>\n\t\t\t\t<\/div>\n\t\t\t\t\t\t\t\t<\/div>\n\t\t\t\t<\/div>\n\t\t\t\t<\/div>\n\t\t<div class=\"elementor-element elementor-element-b6458e1 e-con-full e-flex e-con e-child\" data-id=\"b6458e1\" data-element_type=\"container\" data-e-type=\"container\">\n\t\t\t\t<div class=\"elementor-element elementor-element-e3aba0f elementor-widget elementor-widget-image\" data-id=\"e3aba0f\" data-element_type=\"widget\" data-e-type=\"widget\" data-widget_type=\"image.default\">\n\t\t\t\t<div class=\"elementor-widget-container\">\n\t\t\t\t\t\t\t\t\t\t\t\t\t\t\t<img loading=\"lazy\" decoding=\"async\" width=\"513\" height=\"342\" src=\"https:\/\/clinicavilaparc.es\/wp-content\/uploads\/2024\/07\/blefaroplastia-eliminacion-bolsas-ibiza.jpg\" class=\"attachment-large size-large wp-image-4667\" alt=\"\" srcset=\"https:\/\/clinicavilaparc.es\/wp-content\/uploads\/2024\/07\/blefaroplastia-eliminacion-bolsas-ibiza.jpg 513w, https:\/\/clinicavilaparc.es\/wp-content\/uploads\/2024\/07\/blefaroplastia-eliminacion-bolsas-ibiza-300x200.jpg 300w\" sizes=\"(max-width: 513px) 100vw, 513px\" \/>\t\t\t\t\t\t\t\t\t\t\t\t\t\t\t<\/div>\n\t\t\t\t<\/div>\n\t\t\t\t<\/div>\n\t\t\t\t<\/div>\n\t\t<div class=\"elementor-element elementor-element-c888e73 e-con-full e-flex e-con e-child\" data-id=\"c888e73\" data-element_type=\"container\" data-e-type=\"container\">\n\t\t<div class=\"elementor-element elementor-element-289dc20 e-con-full e-flex e-con e-child\" data-id=\"289dc20\" data-element_type=\"container\" data-e-type=\"container\">\n\t\t\t\t<div class=\"elementor-element elementor-element-4435514 elementor-widget elementor-widget-image\" data-id=\"4435514\" data-element_type=\"widget\" data-e-type=\"widget\" data-widget_type=\"image.default\">\n\t\t\t\t<div class=\"elementor-widget-container\">\n\t\t\t\t\t\t\t\t\t\t\t\t\t\t\t<img loading=\"lazy\" decoding=\"async\" width=\"513\" height=\"342\" src=\"https:\/\/clinicavilaparc.es\/wp-content\/uploads\/2024\/07\/otoplastia-ibiza-3.jpg\" class=\"attachment-large size-large wp-image-4794\" alt=\"\" srcset=\"https:\/\/clinicavilaparc.es\/wp-content\/uploads\/2024\/07\/otoplastia-ibiza-3.jpg 513w, https:\/\/clinicavilaparc.es\/wp-content\/uploads\/2024\/07\/otoplastia-ibiza-3-300x200.jpg 300w\" sizes=\"(max-width: 513px) 100vw, 513px\" \/>\t\t\t\t\t\t\t\t\t\t\t\t\t\t\t<\/div>\n\t\t\t\t<\/div>\n\t\t\t\t<\/div>\n\t\t<div class=\"elementor-element elementor-element-ba6b59a e-con-full e-flex e-con e-child\" data-id=\"ba6b59a\" data-element_type=\"container\" data-e-type=\"container\" data-settings=\"{&quot;background_background&quot;:&quot;classic&quot;}\">\n\t\t\t\t<div class=\"elementor-element elementor-element-7323dd1 elementor-widget elementor-widget-heading\" data-id=\"7323dd1\" data-element_type=\"widget\" data-e-type=\"widget\" data-widget_type=\"heading.default\">\n\t\t\t\t<div class=\"elementor-widget-container\">\n\t\t\t\t\t<span class=\"elementor-heading-title elementor-size-default\">OTOPLASTIK<\/span>\t\t\t\t<\/div>\n\t\t\t\t<\/div>\n\t\t\t\t<div class=\"elementor-element elementor-element-cb328e0 elementor-widget-divider--view-line elementor-widget elementor-widget-divider\" data-id=\"cb328e0\" data-element_type=\"widget\" data-e-type=\"widget\" data-widget_type=\"divider.default\">\n\t\t\t\t<div class=\"elementor-widget-container\">\n\t\t\t\t\t\t\t<div class=\"elementor-divider\">\n\t\t\t<span class=\"elementor-divider-separator\">\n\t\t\t\t\t\t<\/span>\n\t\t<\/div>\n\t\t\t\t\t\t<\/div>\n\t\t\t\t<\/div>\n\t\t\t\t<div class=\"elementor-element elementor-element-383d930 elementor-widget elementor-widget-text-editor\" data-id=\"383d930\" data-element_type=\"widget\" data-e-type=\"widget\" data-widget_type=\"text-editor.default\">\n\t\t\t\t<div class=\"elementor-widget-container\">\n\t\t\t\t\t\t\t\t\t<div class=\"elementor-element elementor-element-3c49acf elementor-widget elementor-widget-text-editor\" data-id=\"3c49acf\" data-element_type=\"widget\" data-widget_type=\"text-editor.default\">\n<div class=\"elementor-widget-container\">\n<p>Ver\u00e4ndern Sie Ihr Aussehen in kurzer Zeit mit unserer Otoplastik. Verabschieden Sie sich von Segelohren und zeigen Sie sich in voller Sch\u00f6nheit, wie Sie es verdienen. Besuchen Sie unseren inneren Abschnitt f\u00fcr weitere Informationen \u00fcber dieses Verfahren. Z\u00f6gern Sie nicht l\u00e4nger, um Ihr besten \u201eIch\u201c zu pr\u00e4sentieren!<\/p>\n<\/div>\n<\/div>\n<div class=\"elementor-element elementor-element-1db2649 elementor-align-right elementor-widget__width-initial elementor-widget elementor-widget-button\" data-id=\"1db2649\" data-element_type=\"widget\" data-widget_type=\"button.default\">\n<div class=\"elementor-widget-container\">\n<div class=\"elementor-button-wrapper\"><\/div>\n<\/div>\n<\/div>\n\t\t\t\t\t\t\t\t<\/div>\n\t\t\t\t<\/div>\n\t\t\t\t<div class=\"elementor-element elementor-element-300cc78 elementor-align-right elementor-widget elementor-widget-button\" data-id=\"300cc78\" data-element_type=\"widget\" data-e-type=\"widget\" data-widget_type=\"button.default\">\n\t\t\t\t<div class=\"elementor-widget-container\">\n\t\t\t\t\t\t\t\t\t<div class=\"elementor-button-wrapper\">\n\t\t\t\t\t<a class=\"elementor-button elementor-button-link elementor-size-sm\" href=\"https:\/\/clinicavilaparc.es\/cirugia-estetica-plastica-ibiza\/cara-cuello\/otoplastia\/\">\n\t\t\t\t\t\t<span class=\"elementor-button-content-wrapper\">\n\t\t\t\t\t\t\t\t\t<span class=\"elementor-button-text\">OTOPLASTIK<\/span>\n\t\t\t\t\t<\/span>\n\t\t\t\t\t<\/a>\n\t\t\t\t<\/div>\n\t\t\t\t\t\t\t\t<\/div>\n\t\t\t\t<\/div>\n\t\t\t\t<\/div>\n\t\t\t\t<\/div>\n\t\t<div class=\"elementor-element elementor-element-f00e53f e-con-full e-flex e-con e-child\" data-id=\"f00e53f\" data-element_type=\"container\" data-e-type=\"container\">\n\t\t<div class=\"elementor-element elementor-element-8e550c9 e-con-full e-flex e-con e-child\" data-id=\"8e550c9\" data-element_type=\"container\" data-e-type=\"container\" data-settings=\"{&quot;background_background&quot;:&quot;classic&quot;}\">\n\t\t\t\t<div class=\"elementor-element elementor-element-02e962f elementor-widget elementor-widget-heading\" data-id=\"02e962f\" data-element_type=\"widget\" data-e-type=\"widget\" data-widget_type=\"heading.default\">\n\t\t\t\t<div class=\"elementor-widget-container\">\n\t\t\t\t\t<span class=\"elementor-heading-title elementor-size-default\">MENTOPLASTIK<\/span>\t\t\t\t<\/div>\n\t\t\t\t<\/div>\n\t\t\t\t<div class=\"elementor-element elementor-element-f43170f elementor-widget-divider--view-line elementor-widget elementor-widget-divider\" data-id=\"f43170f\" data-element_type=\"widget\" data-e-type=\"widget\" data-widget_type=\"divider.default\">\n\t\t\t\t<div class=\"elementor-widget-container\">\n\t\t\t\t\t\t\t<div class=\"elementor-divider\">\n\t\t\t<span class=\"elementor-divider-separator\">\n\t\t\t\t\t\t<\/span>\n\t\t<\/div>\n\t\t\t\t\t\t<\/div>\n\t\t\t\t<\/div>\n\t\t\t\t<div class=\"elementor-element elementor-element-55558b4 elementor-widget elementor-widget-text-editor\" data-id=\"55558b4\" data-element_type=\"widget\" data-e-type=\"widget\" data-widget_type=\"text-editor.default\">\n\t\t\t\t<div class=\"elementor-widget-container\">\n\t\t\t\t\t\t\t\t\t<div class=\"elementor-element elementor-element-2a5a632 elementor-widget elementor-widget-text-editor\" data-id=\"2a5a632\" data-element_type=\"widget\" data-widget_type=\"text-editor.default\">\n<div class=\"elementor-widget-container\">\n<p>Ver\u00e4ndern Sie Ihr Kinn mit unsrer Mentoplastiktechnik! Erhalten Sie einen besser definierten Kiefer und ein harmonischeres Gesicht. Besuchen Sie unseren Abschnitt \u00fcber Mentoplastik und finden Sie heraus, wie wir Ihnen dabei helfen, Ihr Aussehen und Ihr Selbstwertgef\u00fchl zu verbessern.<\/p>\n<\/div>\n<\/div>\n<div class=\"elementor-element elementor-element-744ba43 elementor-align-right elementor-widget__width-initial elementor-widget elementor-widget-button\" data-id=\"744ba43\" data-element_type=\"widget\" data-widget_type=\"button.default\">\n<div class=\"elementor-widget-container\">\n<div class=\"elementor-button-wrapper\"><\/div>\n<\/div>\n<\/div>\n\t\t\t\t\t\t\t\t<\/div>\n\t\t\t\t<\/div>\n\t\t\t\t<div class=\"elementor-element elementor-element-d7b764e elementor-align-right elementor-widget elementor-widget-button\" data-id=\"d7b764e\" data-element_type=\"widget\" data-e-type=\"widget\" data-widget_type=\"button.default\">\n\t\t\t\t<div class=\"elementor-widget-container\">\n\t\t\t\t\t\t\t\t\t<div class=\"elementor-button-wrapper\">\n\t\t\t\t\t<a class=\"elementor-button elementor-button-link elementor-size-sm\" href=\"https:\/\/clinicavilaparc.es\/cirugia-estetica-plastica-ibiza\/cara-cuello\/mentoplastia\/\">\n\t\t\t\t\t\t<span class=\"elementor-button-content-wrapper\">\n\t\t\t\t\t\t\t\t\t<span class=\"elementor-button-text\">MENTOPLASTIK<\/span>\n\t\t\t\t\t<\/span>\n\t\t\t\t\t<\/a>\n\t\t\t\t<\/div>\n\t\t\t\t\t\t\t\t<\/div>\n\t\t\t\t<\/div>\n\t\t\t\t<\/div>\n\t\t<div class=\"elementor-element elementor-element-8a98d41 e-con-full e-flex e-con e-child\" data-id=\"8a98d41\" data-element_type=\"container\" data-e-type=\"container\">\n\t\t\t\t<div class=\"elementor-element elementor-element-be58a3c elementor-widget elementor-widget-image\" data-id=\"be58a3c\" data-element_type=\"widget\" data-e-type=\"widget\" data-widget_type=\"image.default\">\n\t\t\t\t<div class=\"elementor-widget-container\">\n\t\t\t\t\t\t\t\t\t\t\t\t\t\t\t<img loading=\"lazy\" decoding=\"async\" width=\"513\" height=\"342\" src=\"https:\/\/clinicavilaparc.es\/wp-content\/uploads\/2024\/07\/mentoplastia-ibiza2.jpg\" class=\"attachment-large size-large wp-image-4798\" alt=\"\" srcset=\"https:\/\/clinicavilaparc.es\/wp-content\/uploads\/2024\/07\/mentoplastia-ibiza2.jpg 513w, https:\/\/clinicavilaparc.es\/wp-content\/uploads\/2024\/07\/mentoplastia-ibiza2-300x200.jpg 300w\" sizes=\"(max-width: 513px) 100vw, 513px\" \/>\t\t\t\t\t\t\t\t\t\t\t\t\t\t\t<\/div>\n\t\t\t\t<\/div>\n\t\t\t\t<\/div>\n\t\t\t\t<\/div>\n\t\t<div class=\"elementor-element elementor-element-4b2dd8f e-con-full e-flex e-con e-child\" data-id=\"4b2dd8f\" data-element_type=\"container\" data-e-type=\"container\">\n\t\t<div class=\"elementor-element elementor-element-e9b8963 e-con-full e-flex e-con e-child\" data-id=\"e9b8963\" data-element_type=\"container\" data-e-type=\"container\">\n\t\t\t\t<div class=\"elementor-element elementor-element-a929421 elementor-widget elementor-widget-image\" data-id=\"a929421\" data-element_type=\"widget\" data-e-type=\"widget\" data-widget_type=\"image.default\">\n\t\t\t\t<div class=\"elementor-widget-container\">\n\t\t\t\t\t\t\t\t\t\t\t\t\t\t\t<img loading=\"lazy\" decoding=\"async\" width=\"513\" height=\"342\" src=\"https:\/\/clinicavilaparc.es\/wp-content\/uploads\/2024\/07\/rinoplastia-ibiza-3.jpg\" class=\"attachment-large size-large wp-image-4802\" alt=\"\" srcset=\"https:\/\/clinicavilaparc.es\/wp-content\/uploads\/2024\/07\/rinoplastia-ibiza-3.jpg 513w, https:\/\/clinicavilaparc.es\/wp-content\/uploads\/2024\/07\/rinoplastia-ibiza-3-300x200.jpg 300w\" sizes=\"(max-width: 513px) 100vw, 513px\" \/>\t\t\t\t\t\t\t\t\t\t\t\t\t\t\t<\/div>\n\t\t\t\t<\/div>\n\t\t\t\t<\/div>\n\t\t<div class=\"elementor-element elementor-element-c92d851 e-con-full e-flex e-con e-child\" data-id=\"c92d851\" data-element_type=\"container\" data-e-type=\"container\" data-settings=\"{&quot;background_background&quot;:&quot;classic&quot;}\">\n\t\t\t\t<div class=\"elementor-element elementor-element-5246666 elementor-widget elementor-widget-heading\" data-id=\"5246666\" data-element_type=\"widget\" data-e-type=\"widget\" data-widget_type=\"heading.default\">\n\t\t\t\t<div class=\"elementor-widget-container\">\n\t\t\t\t\t<span class=\"elementor-heading-title elementor-size-default\">RHINOPLASTIK<\/span>\t\t\t\t<\/div>\n\t\t\t\t<\/div>\n\t\t\t\t<div class=\"elementor-element elementor-element-46d777b elementor-widget-divider--view-line elementor-widget elementor-widget-divider\" data-id=\"46d777b\" data-element_type=\"widget\" data-e-type=\"widget\" data-widget_type=\"divider.default\">\n\t\t\t\t<div class=\"elementor-widget-container\">\n\t\t\t\t\t\t\t<div class=\"elementor-divider\">\n\t\t\t<span class=\"elementor-divider-separator\">\n\t\t\t\t\t\t<\/span>\n\t\t<\/div>\n\t\t\t\t\t\t<\/div>\n\t\t\t\t<\/div>\n\t\t\t\t<div class=\"elementor-element elementor-element-6a6e9cf elementor-widget elementor-widget-text-editor\" data-id=\"6a6e9cf\" data-element_type=\"widget\" data-e-type=\"widget\" data-widget_type=\"text-editor.default\">\n\t\t\t\t<div class=\"elementor-widget-container\">\n\t\t\t\t\t\t\t\t\t<div class=\"elementor-element elementor-element-fd7c9b7 elementor-widget elementor-widget-text-editor\" data-id=\"fd7c9b7\" data-element_type=\"widget\" data-widget_type=\"text-editor.default\">\n<div class=\"elementor-widget-container\">\n<p>Sie sind mit der Form Ihrer Nase unzufrieden? Machen Sie sich keine Sorgen! In unserer Sch\u00f6nheitsklinik bieten wir Ihnen die perfekte L\u00f6sung: eine Rhinoplastik.. Durchsuchen Sie unsere Informationen, um mehr \u00fcber das Verfahren zu erfahren und erhalten Sie die Nase, die Sie schon immer haben wollten. Warten Sie nicht mit einem Besuch bei uns!<\/p>\n<\/div>\n<\/div>\n<div class=\"elementor-element elementor-element-739c290 elementor-align-right elementor-widget__width-initial elementor-widget elementor-widget-button\" data-id=\"739c290\" data-element_type=\"widget\" data-widget_type=\"button.default\">\n<div class=\"elementor-widget-container\">\n<div class=\"elementor-button-wrapper\"><\/div>\n<\/div>\n<\/div>\n\t\t\t\t\t\t\t\t<\/div>\n\t\t\t\t<\/div>\n\t\t\t\t<div class=\"elementor-element elementor-element-741830b elementor-align-right elementor-widget elementor-widget-button\" data-id=\"741830b\" data-element_type=\"widget\" data-e-type=\"widget\" data-widget_type=\"button.default\">\n\t\t\t\t<div class=\"elementor-widget-container\">\n\t\t\t\t\t\t\t\t\t<div class=\"elementor-button-wrapper\">\n\t\t\t\t\t<a class=\"elementor-button elementor-button-link elementor-size-sm\" href=\"https:\/\/clinicavilaparc.es\/cirugia-estetica-plastica-ibiza\/cara-cuello\/rinoplastia\/\">\n\t\t\t\t\t\t<span class=\"elementor-button-content-wrapper\">\n\t\t\t\t\t\t\t\t\t<span class=\"elementor-button-text\">RHINOPLASTIK<\/span>\n\t\t\t\t\t<\/span>\n\t\t\t\t\t<\/a>\n\t\t\t\t<\/div>\n\t\t\t\t\t\t\t\t<\/div>\n\t\t\t\t<\/div>\n\t\t\t\t<\/div>\n\t\t\t\t<\/div>\n\t\t\t\t<\/div>\n\t\t\t\t\t<\/div>\n\t\t\t\t<\/div>\n\t\t<div class=\"elementor-element elementor-element-983f750 e-flex e-con-boxed e-con e-parent\" data-id=\"983f750\" data-element_type=\"container\" data-e-type=\"container\">\n\t\t\t\t\t<div class=\"e-con-inner\">\n\t\t<div class=\"elementor-element elementor-element-9be4a4e e-con-full e-flex e-con e-child\" data-id=\"9be4a4e\" data-element_type=\"container\" data-e-type=\"container\">\n\t\t\t\t<div class=\"elementor-element elementor-element-d94a4fb elementor-widget elementor-widget-heading\" data-id=\"d94a4fb\" data-element_type=\"widget\" data-e-type=\"widget\" data-widget_type=\"heading.default\">\n\t\t\t\t<div class=\"elementor-widget-container\">\n\t\t\t\t\t<h2 class=\"elementor-heading-title elementor-size-default\">VERJ\u00dcNGEN SIE IHRE SCH\u00d6NHEIT UND HEBEN SIE SIE MIT Cl\u00ednica Vila Parc, DER KLINIK F\u00dcR HALS UND GESICHT AUF IBIZA, HERVOR!<\/h2>\t\t\t\t<\/div>\n\t\t\t\t<\/div>\n\t\t\t\t<div class=\"elementor-element elementor-element-ab3505d elementor-widget elementor-widget-text-editor\" data-id=\"ab3505d\" data-element_type=\"widget\" data-e-type=\"widget\" data-widget_type=\"text-editor.default\">\n\t\t\t\t<div class=\"elementor-widget-container\">\n\t\t\t\t\t\t\t\t\t<p>Bei Clinica Vila Parc wissen wir, dass Ihr Gesicht Ihre Visitenkarte ist. Sie suchen eine Methode, wie Sie die l\u00e4stigen Falten loswerden oder die Form Ihrer Nase verbessern? Suchen Sie nicht l\u00e4nger, denn unsere Experten in plastischer Chirurgie helfen Ihnen, wie nie zuvor auf dem wundersch\u00f6nen Ibiza zu gl\u00e4nzen!<\/p>\n<p>Im Herzen Ibizas hat Clinica Vila Parc einen soliden Ruf als f\u00fchrende Klinik f\u00fcr Hals- und Gesichtschirurgie. Unser Fokus geht \u00fcber eine einfache Verbesserung Ihres Aussehens hinaus. Wir wollen, dass Sie sich selbstbewusst und strahlend in jedem Aspekt Ihres Lebens f\u00fchlen.<\/p>\n<p>Unser hochqualifiziertes Chirurgenteam, die auch Anh\u00e4nger der Sch\u00f6nheit sind, wenden modernste Techniken f\u00fcr nat\u00fcrliche und harmonische Ergebnisse an. . Egal, ob Sie die Effekte der Zeit mit einem Gesichtslifting bek\u00e4mpfen oder mit einer Rhinoplastik Ihre einzigartigen Gesichtsz\u00fcge betonen wollen, unser individueller Fokus garantiert Ihnen, dass Ihre Notwendigkeiten und W\u00fcnsche im Mittelpunkt jeder Behandlung stehen.<\/p>\n<p>Bei Clinica Vila Parcverstehen wir, dass jeder Mensch einzigartig und auf eigene Weise sch\u00f6n ist. Daher untersuchen unsere plastischen Chirurgen sorgf\u00e4ltig Ihr Gesicht und besprechen mit Ihnen die am besten geeigneten Optionen, um Ihre nat\u00fcrliche Sch\u00f6nheit hervorzuheben. Unser Ziel ist es, Ergebnisse zu erzielen, mit denen Sie sich wie eine bessere Version von sich selbst f\u00fchlen.<\/p>\n<p>Wenn Sie sich f\u00fcr Clinica Vila Parc entscheiden, w\u00e4hlen Sie nicht nur eine Klinik f\u00fcr eine Operation des Gesichts und Halses, sondern Sie w\u00e4hlen auch eine unvergessliche Erfahrung. Wir bieten Ihnen eine herzliche und freundliche Umgebung, in der Sie sich vom ersten Moment an wie zu Hause f\u00fchlen werden. Au\u00dferdem beantwortet unser Kundenservice Ihre Fragen gerne und gibt Ihnen jederzeit die Hilfe, die Sie ben\u00f6tigen.<\/p>\n<p>Warten Sie nicht l\u00e4nger auf das Aussehen, das Sie schon immer haben wollten! Setzen Sie sich noch heute mit uns in Verbindung und vereinbaren Sie einen Termin bei Clinica Vila Parc. Finden Sie heraus, warum wir die erste Wahl f\u00fcr eine Gesichts- und Halsoperation auf Ibiza sind. Bereiten Sie sich darauf vor, zu gl\u00e4nzen und alle mit Ihrem neuen, strahlenden Aussehenden zu fesseln.<\/p>\n\t\t\t\t\t\t\t\t<\/div>\n\t\t\t\t<\/div>\n\t\t\t\t<\/div>\n\t\t\t\t\t<\/div>\n\t\t\t\t<\/div>\n\t\t<div class=\"elementor-element elementor-element-b631e2a e-flex e-con-boxed e-con e-parent\" data-id=\"b631e2a\" data-element_type=\"container\" data-e-type=\"container\">\n\t\t\t\t\t<div class=\"e-con-inner\">\n\t\t<div class=\"elementor-element elementor-element-b56d780 e-con-full e-flex e-con e-child\" data-id=\"b56d780\" data-element_type=\"container\" data-e-type=\"container\">\n\t\t\t\t<div class=\"elementor-element elementor-element-8ebf5d1 elementor-widget elementor-widget-heading\" data-id=\"8ebf5d1\" data-element_type=\"widget\" data-e-type=\"widget\" data-widget_type=\"heading.default\">\n\t\t\t\t<div class=\"elementor-widget-container\">\n\t\t\t\t\t<h2 class=\"elementor-heading-title elementor-size-default\">Das k\u00f6nnte Sie auch interessieren<\/h2>\t\t\t\t<\/div>\n\t\t\t\t<\/div>\n\t\t<div class=\"elementor-element elementor-element-f809ff8 e-con-full e-flex e-con e-child\" data-id=\"f809ff8\" data-element_type=\"container\" data-e-type=\"container\">\n\t\t<div class=\"elementor-element elementor-element-e701d92 e-con-full e-flex e-con e-child\" data-id=\"e701d92\" data-element_type=\"container\" data-e-type=\"container\">\n\t\t\t\t<div class=\"elementor-element elementor-element-e05013f elementor-widget elementor-widget-heading\" data-id=\"e05013f\" data-element_type=\"widget\" data-e-type=\"widget\" data-widget_type=\"heading.default\">\n\t\t\t\t<div class=\"elementor-widget-container\">\n\t\t\t\t\t<h3 class=\"elementor-heading-title elementor-size-default\">Verkehrseinheit<\/h3>\t\t\t\t<\/div>\n\t\t\t\t<\/div>\n\t\t\t\t<div class=\"elementor-element elementor-element-2511e24 elementor-widget elementor-widget-text-editor\" data-id=\"2511e24\" data-element_type=\"widget\" data-e-type=\"widget\" data-widget_type=\"text-editor.default\">\n\t\t\t\t<div class=\"elementor-widget-container\">\n\t\t\t\t\t\t\t\t\t<p>Die Verkehrseinheit verf\u00fcgt \u00fcber ein hochqualifiziertes Team, das verkehrsbedingte Verletzungen behandelt.<\/p>\n\t\t\t\t\t\t\t\t<\/div>\n\t\t\t\t<\/div>\n\t\t\t\t<div class=\"elementor-element elementor-element-e864fa5 elementor-align-justify elementor-widget elementor-widget-button\" data-id=\"e864fa5\" data-element_type=\"widget\" data-e-type=\"widget\" data-widget_type=\"button.default\">\n\t\t\t\t<div class=\"elementor-widget-container\">\n\t\t\t\t\t\t\t\t\t<div class=\"elementor-button-wrapper\">\n\t\t\t\t\t<a class=\"elementor-button elementor-button-link elementor-size-sm\" href=\"\/de\/verkehrsunfall-verkehr-einheit-ibiza\/\">\n\t\t\t\t\t\t<span class=\"elementor-button-content-wrapper\">\n\t\t\t\t\t\t\t\t\t<span class=\"elementor-button-text\">Weitere Informationen zur Kategorie<\/span>\n\t\t\t\t\t<\/span>\n\t\t\t\t\t<\/a>\n\t\t\t\t<\/div>\n\t\t\t\t\t\t\t\t<\/div>\n\t\t\t\t<\/div>\n\t\t\t\t<\/div>\n\t\t<div class=\"elementor-element elementor-element-ca55840 e-con-full e-flex e-con e-child\" data-id=\"ca55840\" data-element_type=\"container\" data-e-type=\"container\">\n\t\t\t\t<div class=\"elementor-element elementor-element-f41393a elementor-widget elementor-widget-heading\" data-id=\"f41393a\" data-element_type=\"widget\" data-e-type=\"widget\" data-widget_type=\"heading.default\">\n\t\t\t\t<div class=\"elementor-widget-container\">\n\t\t\t\t\t<h3 class=\"elementor-heading-title elementor-size-default\">Allgemeinmedizin<\/h3>\t\t\t\t<\/div>\n\t\t\t\t<\/div>\n\t\t\t\t<div class=\"elementor-element elementor-element-fb36538 elementor-widget elementor-widget-text-editor\" data-id=\"fb36538\" data-element_type=\"widget\" data-e-type=\"widget\" data-widget_type=\"text-editor.default\">\n\t\t\t\t<div class=\"elementor-widget-container\">\n\t\t\t\t\t\t\t\t\t<p>Das Fachgebiet der Allgemeinmedizin ist auf die allgemeine Diagnostik und Behandlung spezialisiert.<\/p>\n\t\t\t\t\t\t\t\t<\/div>\n\t\t\t\t<\/div>\n\t\t\t\t<div class=\"elementor-element elementor-element-51e988b elementor-align-justify elementor-widget elementor-widget-button\" data-id=\"51e988b\" data-element_type=\"widget\" data-e-type=\"widget\" data-widget_type=\"button.default\">\n\t\t\t\t<div class=\"elementor-widget-container\">\n\t\t\t\t\t\t\t\t\t<div class=\"elementor-button-wrapper\">\n\t\t\t\t\t<a class=\"elementor-button elementor-button-link elementor-size-sm\" href=\"\/de\/medizin-allgemein-ibiza\/\">\n\t\t\t\t\t\t<span class=\"elementor-button-content-wrapper\">\n\t\t\t\t\t\t\t\t\t<span class=\"elementor-button-text\">Weitere Informationen zur Kategorie<\/span>\n\t\t\t\t\t<\/span>\n\t\t\t\t\t<\/a>\n\t\t\t\t<\/div>\n\t\t\t\t\t\t\t\t<\/div>\n\t\t\t\t<\/div>\n\t\t\t\t<\/div>\n\t\t<div class=\"elementor-element elementor-element-9f32f86 e-con-full e-flex e-con e-child\" data-id=\"9f32f86\" data-element_type=\"container\" data-e-type=\"container\">\n\t\t\t\t<div class=\"elementor-element elementor-element-8ec2568 elementor-widget elementor-widget-heading\" data-id=\"8ec2568\" data-element_type=\"widget\" data-e-type=\"widget\" data-widget_type=\"heading.default\">\n\t\t\t\t<div class=\"elementor-widget-container\">\n\t\t\t\t\t<h3 class=\"elementor-heading-title elementor-size-default\">Neurochirurgie<\/h3>\t\t\t\t<\/div>\n\t\t\t\t<\/div>\n\t\t\t\t<div class=\"elementor-element elementor-element-fd1e17d elementor-widget elementor-widget-text-editor\" data-id=\"fd1e17d\" data-element_type=\"widget\" data-e-type=\"widget\" data-widget_type=\"text-editor.default\">\n\t\t\t\t<div class=\"elementor-widget-container\">\n\t\t\t\t\t\t\t\t\t<p>Behandlung von neurologischen Problemen, einschlie\u00dflich Kopfschmerzen, Krankheiten und Konsultationen.<\/p>\n\t\t\t\t\t\t\t\t<\/div>\n\t\t\t\t<\/div>\n\t\t\t\t<div class=\"elementor-element elementor-element-227f28a elementor-align-justify elementor-widget elementor-widget-button\" data-id=\"227f28a\" data-element_type=\"widget\" data-e-type=\"widget\" data-widget_type=\"button.default\">\n\t\t\t\t<div class=\"elementor-widget-container\">\n\t\t\t\t\t\t\t\t\t<div class=\"elementor-button-wrapper\">\n\t\t\t\t\t<a class=\"elementor-button elementor-button-link elementor-size-sm\" href=\"\/de\/neurochirurgie-ibiza\/\">\n\t\t\t\t\t\t<span class=\"elementor-button-content-wrapper\">\n\t\t\t\t\t\t\t\t\t<span class=\"elementor-button-text\">Weitere Informationen zur Kategorie<\/span>\n\t\t\t\t\t<\/span>\n\t\t\t\t\t<\/a>\n\t\t\t\t<\/div>\n\t\t\t\t\t\t\t\t<\/div>\n\t\t\t\t<\/div>\n\t\t\t\t<\/div>\n\t\t<div class=\"elementor-element elementor-element-808c24b e-con-full e-flex e-con e-child\" data-id=\"808c24b\" data-element_type=\"container\" data-e-type=\"container\">\n\t\t\t\t<div class=\"elementor-element elementor-element-c2e86cc elementor-widget elementor-widget-heading\" data-id=\"c2e86cc\" data-element_type=\"widget\" data-e-type=\"widget\" data-widget_type=\"heading.default\">\n\t\t\t\t<div class=\"elementor-widget-container\">\n\t\t\t\t\t<h3 class=\"elementor-heading-title elementor-size-default\">Gyn\u00e4kologie<\/h3>\t\t\t\t<\/div>\n\t\t\t\t<\/div>\n\t\t\t\t<div class=\"elementor-element elementor-element-60bb7e4 elementor-widget elementor-widget-text-editor\" data-id=\"60bb7e4\" data-element_type=\"widget\" data-e-type=\"widget\" data-widget_type=\"text-editor.default\">\n\t\t\t\t<div class=\"elementor-widget-container\">\n\t\t\t\t\t\t\t\t\t<p>Konsultationsdienste, einschlie\u00dflich regelm\u00e4\u00dfiger gyn\u00e4kologischer Untersuchungen, Behandlung von Fortpflanzungsproblemen usw.<\/p>\n\t\t\t\t\t\t\t\t<\/div>\n\t\t\t\t<\/div>\n\t\t\t\t<div class=\"elementor-element elementor-element-421fe7c elementor-align-justify elementor-widget elementor-widget-button\" data-id=\"421fe7c\" data-element_type=\"widget\" data-e-type=\"widget\" data-widget_type=\"button.default\">\n\t\t\t\t<div class=\"elementor-widget-container\">\n\t\t\t\t\t\t\t\t\t<div class=\"elementor-button-wrapper\">\n\t\t\t\t\t<a class=\"elementor-button elementor-button-link elementor-size-sm\" href=\"https:\/\/clinicavilaparc.es\/de\/gynakologie-ibiza\/\">\n\t\t\t\t\t\t<span class=\"elementor-button-content-wrapper\">\n\t\t\t\t\t\t\t\t\t<span class=\"elementor-button-text\">Weitere Informationen zur Kategorie<\/span>\n\t\t\t\t\t<\/span>\n\t\t\t\t\t<\/a>\n\t\t\t\t<\/div>\n\t\t\t\t\t\t\t\t<\/div>\n\t\t\t\t<\/div>\n\t\t\t\t<\/div>\n\t\t\t\t<\/div>\n\t\t\t\t<\/div>\n\t\t\t\t\t<\/div>\n\t\t\t\t<\/div>\n\t\t\t\t<\/div>\n\t\t","protected":false},"excerpt":{"rendered":"<p>Telefonnummer der Verabredung 971 30 23 54 Patientenportal Vila Parc Schedule Montag bis Freitag Samstags Sonntags 8.00 \u2013 21.00 Geschlossen Geschlossen \u00d6ffnungszeiten f\u00fcr Notf\u00e4lle Montag bis Freitag Samstags Sonntags Feiertage 9.00 \u2013 20.30 Geschlossen Geschlossen Geschlossen Verwandeln Sie Ihr Gesicht und Ihren Hals mit unserer hochmodernen Sch\u00f6nheitschirurgie Startseite Kosmetische Chirurgie Gesicht und Hals Gesicht und [&hellip;]<\/p>\n","protected":false},"author":3,"featured_media":4377,"parent":0,"menu_order":0,"comment_status":"closed","ping_status":"closed","template":"","meta":{"site-sidebar-layout":"default","site-content-layout":"","ast-site-content-layout":"default","site-content-style":"default","site-sidebar-style":"default","ast-global-header-display":"","ast-banner-title-visibility":"","ast-main-header-display":"","ast-hfb-above-header-display":"","ast-hfb-below-header-display":"","ast-hfb-mobile-header-display":"","site-post-title":"","ast-breadcrumbs-content":"","ast-featured-img":"","footer-sml-layout":"","ast-disable-related-posts":"","theme-transparent-header-meta":"","adv-header-id-meta":"","stick-header-meta":"","header-above-stick-meta":"","header-main-stick-meta":"","header-below-stick-meta":"","astra-migrate-meta-layouts":"default","ast-page-background-enabled":"default","ast-page-background-meta":{"desktop":{"background-color":"var(--ast-global-color-4)","background-image":"","background-repeat":"repeat","background-position":"center center","background-size":"auto","background-attachment":"scroll","background-type":"","background-media":"","overlay-type":"","overlay-color":"","overlay-opacity":"","overlay-gradient":""},"tablet":{"background-color":"","background-image":"","background-repeat":"repeat","background-position":"center center","background-size":"auto","background-attachment":"scroll","background-type":"","background-media":"","overlay-type":"","overlay-color":"","overlay-opacity":"","overlay-gradient":""},"mobile":{"background-color":"","background-image":"","background-repeat":"repeat","background-position":"center center","background-size":"auto","background-attachment":"scroll","background-type":"","background-media":"","overlay-type":"","overlay-color":"","overlay-opacity":"","overlay-gradient":""}},"ast-content-background-meta":{"desktop":{"background-color":"var(--ast-global-color-5)","background-image":"","background-repeat":"repeat","background-position":"center center","background-size":"auto","background-attachment":"scroll","background-type":"","background-media":"","overlay-type":"","overlay-color":"","overlay-opacity":"","overlay-gradient":""},"tablet":{"background-color":"var(--ast-global-color-5)","background-image":"","background-repeat":"repeat","background-position":"center center","background-size":"auto","background-attachment":"scroll","background-type":"","background-media":"","overlay-type":"","overlay-color":"","overlay-opacity":"","overlay-gradient":""},"mobile":{"background-color":"var(--ast-global-color-5)","background-image":"","background-repeat":"repeat","background-position":"center center","background-size":"auto","background-attachment":"scroll","background-type":"","background-media":"","overlay-type":"","overlay-color":"","overlay-opacity":"","overlay-gradient":""}},"footnotes":""},"class_list":["post-7840","page","type-page","status-publish","has-post-thumbnail","hentry"],"_links":{"self":[{"href":"https:\/\/clinicavilaparc.es\/de\/wp-json\/wp\/v2\/pages\/7840","targetHints":{"allow":["GET"]}}],"collection":[{"href":"https:\/\/clinicavilaparc.es\/de\/wp-json\/wp\/v2\/pages"}],"about":[{"href":"https:\/\/clinicavilaparc.es\/de\/wp-json\/wp\/v2\/types\/page"}],"author":[{"embeddable":true,"href":"https:\/\/clinicavilaparc.es\/de\/wp-json\/wp\/v2\/users\/3"}],"replies":[{"embeddable":true,"href":"https:\/\/clinicavilaparc.es\/de\/wp-json\/wp\/v2\/comments?post=7840"}],"version-history":[{"count":0,"href":"https:\/\/clinicavilaparc.es\/de\/wp-json\/wp\/v2\/pages\/7840\/revisions"}],"wp:featuredmedia":[{"embeddable":true,"href":"https:\/\/clinicavilaparc.es\/de\/wp-json\/wp\/v2\/media\/4377"}],"wp:attachment":[{"href":"https:\/\/clinicavilaparc.es\/de\/wp-json\/wp\/v2\/media?parent=7840"}],"curies":[{"name":"wp","href":"https:\/\/api.w.org\/{rel}","templated":true}]}}